{"id":3317,"date":"2022-12-19T11:10:43","date_gmt":"2022-12-19T10:10:43","guid":{"rendered":"https:\/\/www.canoe-ardeche.com\/tarifs\/"},"modified":"2025-12-11T10:27:23","modified_gmt":"2025-12-11T09:27:23","slug":"preise","status":"publish","type":"page","link":"https:\/\/www.canoe-ardeche.com\/de\/preise\/","title":{"rendered":"Preise"},"content":{"rendered":"<div class=\"fusion-fullwidth fullwidth-box fusion-builder-row-1 fusion-flex-container has-pattern-background has-mask-background nonhundred-percent-fullwidth non-hundred-percent-height-scrolling\" style=\"--awb-border-radius-top-left:0px;--awb-border-radius-top-right:0px;--awb-border-radius-bottom-right:0px;--awb-border-radius-bottom-left:0px;--awb-padding-top:50px;--awb-padding-bottom:80px;\" ><div class=\"fusion-builder-row fusion-row fusion-flex-align-items-flex-start fusion-flex-justify-content-center\" style=\"max-width:1456px;margin-left: calc(-4% \/ 2 );margin-right: calc(-4% \/ 2 );\"><div class=\"fusion-layout-column fusion_builder_column fusion-builder-column-0 fusion_builder_column_1_1 1_1 fusion-flex-column\" style=\"--awb-bg-size:cover;--awb-width-large:100%;--awb-spacing-right-large:1.92%;--awb-spacing-left-large:1.92%;--awb-width-medium:100%;--awb-order-medium:0;--awb-spacing-right-medium:1.92%;--awb-spacing-left-medium:1.92%;--awb-width-small:100%;--awb-order-small:0;--awb-spacing-right-small:1.92%;--awb-spacing-left-small:1.92%;\"><div class=\"fusion-column-wrapper fusion-column-has-shadow fusion-flex-justify-content-flex-start fusion-content-layout-column\"><div class=\"fusion-title title fusion-title-1 fusion-sep-none fusion-title-center fusion-title-text fusion-title-size-one\" style=\"--awb-margin-bottom:15px;\"><h1 class=\"title-heading-center\" style=\"margin:0;\">Preise f\u00fcr Kanu-\/Kajakfahrten<\/h1><\/div><div class=\"fusion-title title fusion-title-2 fusion-sep-none fusion-title-center fusion-title-text fusion-title-size-two h2-stitle\"><h2 class=\"title-heading-center\" style=\"margin:0;text-transform:var(--awb-typography5-text-transform);\">Kanu\/Kajak in den Gorges de l\u2019Ard\u00e8che<\/h2><\/div><\/div><\/div><div class=\"fusion-layout-column fusion_builder_column fusion-builder-column-1 fusion_builder_column_1_1 1_1 fusion-flex-column\" style=\"--awb-bg-size:cover;--awb-width-large:100%;--awb-spacing-right-large:1.92%;--awb-spacing-left-large:1.92%;--awb-width-medium:100%;--awb-order-medium:0;--awb-spacing-right-medium:1.92%;--awb-spacing-left-medium:1.92%;--awb-width-small:100%;--awb-order-small:0;--awb-spacing-right-small:1.92%;--awb-spacing-left-small:1.92%;\"><div class=\"fusion-column-wrapper fusion-column-has-shadow fusion-flex-justify-content-flex-start fusion-content-layout-column\"><div class=\"fusion-title title fusion-title-3 fusion-sep-none fusion-title-text fusion-title-size-three\"><h3 class=\"title-heading-left\" style=\"margin:0;\"><p style=\"text-align: center;\">Profitieren Sie von unseren Sonderpreisen, indem Sie Ihre Reise auf unserer Website buchen.<\/p><\/h3><\/div><div class=\"fusion-text fusion-text-1\"><p style=\"text-align: center;\">Les tarifs comprennent la location du mat\u00e9riel (cano\u00eb\/kayak, container, pagaies, gilet de sauvetage, combinaison n\u00e9opr\u00e8ne selon la saison), les navettes aller\/retour et une explication de votre descente avant votre d\u00e9part.<\/p>\n<\/div><div class=\"fusion-text fusion-text-2 bloc-infos\"><p><i class=\"fa-exclamation-triangle fas\" data-name=\"exclamation-triangle\" aria-hidden=\"true\"><\/i><br \/>\n<strong>Bedingungen f\u00fcr die Ard\u00e8che-Abfahrt auf freier Strecke:<\/strong><\/p>\n<ul>\n<li>Mindestens 7 Jahre alt sein<\/li>\n<li>Mindestens 25 Meter schwimmen k\u00f6nnen (allein) und untertauchen k\u00f6nnen (vor allem keine Angst vor Wasser haben)<\/li>\n<li>F\u00fcr Familien mit Kindern unter 7 Jahren bieten wir eine gef\u00fchrte Abfahrt mit einem staatlich gepr\u00fcften Skilehrer an.<br \/>\nWeitere Informationen finden Sie auf <a href=\"\/les-descentes-en-canoe\/mini-descente-accompagnee-7km\/\">dieser Seite<\/a>.<\/li>\n<\/ul>\n<\/div><div class=\"fusion-text fusion-text-3\"><p style=\"text-align: center;\">Buchen Sie Ihre Reise ganz entspannt \u2013 die Stornierung ist unter bestimmten Bedingungen kostenlos!<br \/>\nUnsere Stornierungsbedingungen finden Sie in den <a href=\"\/conditions-generales-de-location\/\">Allgemeinen Gesch\u00e4ftsbedingungen<\/a>.<\/p>\n<p style=\"text-align: center;\"><strong>Bereiten Sie Ihre Kanu-\/Kajaktour im Voraus vor! <a href=\"\/infos-pratiques\/\">Klicken Sie hier f\u00fcr alle praktischen Informationen<\/a>.<\/strong><\/p>\n<\/div><\/div><\/div><div class=\"fusion-layout-column fusion_builder_column fusion-builder-column-2 fusion_builder_column_1_4 1_4 fusion-flex-column bloc-infos2\" style=\"--awb-padding-bottom:0px;--awb-bg-size:cover;--awb-width-large:25%;--awb-spacing-right-large:7.68%;--awb-spacing-left-large:7.68%;--awb-width-medium:100%;--awb-order-medium:0;--awb-spacing-right-medium:1.92%;--awb-spacing-left-medium:1.92%;--awb-width-small:100%;--awb-order-small:0;--awb-spacing-right-small:1.92%;--awb-spacing-left-small:1.92%;\"><div class=\"fusion-column-wrapper fusion-column-has-shadow fusion-flex-justify-content-flex-start fusion-content-layout-column\"><i class=\"picto-marker\"><\/i><div class=\"fusion-text fusion-text-4 txt-match\"><p style=\"text-align: center;\"><strong>Auskunft per Telefon<\/strong><br \/>\n<a href=\"+33475371779\">0033 4 75 37 17 79<\/a><\/p>\n<\/div><\/div><\/div><div class=\"fusion-layout-column fusion_builder_column fusion-builder-column-3 fusion_builder_column_1_4 1_4 fusion-flex-column bloc-infos2\" style=\"--awb-padding-bottom:0px;--awb-bg-size:cover;--awb-width-large:25%;--awb-spacing-right-large:7.68%;--awb-spacing-left-large:7.68%;--awb-width-medium:100%;--awb-order-medium:0;--awb-spacing-right-medium:1.92%;--awb-spacing-left-medium:1.92%;--awb-width-small:100%;--awb-order-small:0;--awb-spacing-right-small:1.92%;--awb-spacing-left-small:1.92%;\"><div class=\"fusion-column-wrapper fusion-column-has-shadow fusion-flex-justify-content-flex-start fusion-content-layout-column\"><i class=\"picto-enveloppe\"><\/i><div class=\"fusion-text fusion-text-5 txt-match\"><p style=\"text-align: center;\"><strong>Informationen per E-Mail<\/strong><br \/>\n<a href=\"\/contact\/\">contact@canoe-ardeche.com<\/a><\/p>\n<\/div><\/div><\/div><div class=\"fusion-layout-column fusion_builder_column fusion-builder-column-4 fusion_builder_column_1_4 1_4 fusion-flex-column bloc-infos2\" style=\"--awb-padding-bottom:0px;--awb-bg-size:cover;--awb-width-large:25%;--awb-spacing-right-large:7.68%;--awb-spacing-left-large:7.68%;--awb-width-medium:100%;--awb-order-medium:0;--awb-spacing-right-medium:1.92%;--awb-spacing-left-medium:1.92%;--awb-width-small:100%;--awb-order-small:0;--awb-spacing-right-small:1.92%;--awb-spacing-left-small:1.92%;\"><div class=\"fusion-column-wrapper fusion-column-has-shadow fusion-flex-justify-content-flex-start fusion-content-layout-column\"><i class=\"picto-reseaux\"><\/i><div class=\"fusion-text fusion-text-6 txt-match\"><p style=\"text-align: center;\"><strong>Informationen zu WhatsApp<\/strong><\/p>\n<\/div><\/div><\/div><div class=\"fusion-layout-column fusion_builder_column fusion-builder-column-5 fusion_builder_column_2_3 2_3 fusion-flex-column\" style=\"--awb-bg-size:cover;--awb-width-large:66.666666666667%;--awb-spacing-right-large:2.88%;--awb-spacing-left-large:2.88%;--awb-width-medium:100%;--awb-order-medium:0;--awb-spacing-right-medium:1.92%;--awb-spacing-left-medium:1.92%;--awb-width-small:100%;--awb-order-small:0;--awb-spacing-right-small:1.92%;--awb-spacing-left-small:1.92%;\"><div class=\"fusion-column-wrapper fusion-column-has-shadow fusion-flex-justify-content-flex-start fusion-content-layout-column\"><div class=\"fusion-text fusion-text-7 bloc-infos\"><p><i class=\"fa-exclamation-triangle fas\" data-name=\"exclamation-triangle\" aria-hidden=\"true\"><\/i><br \/>\nF\u00fcr Abstiege \u00fcber 2 Tage m\u00fcssen Sie Ihr \u201eBiwak\u201c-Ticket reservieren. Bitte konsultieren Sie die Seite der gew\u00fcnschten Abfahrt.<\/p>\n<\/div><\/div><\/div><div class=\"fusion-layout-column fusion_builder_column fusion-builder-column-6 fusion_builder_column_1_1 1_1 fusion-flex-column\" style=\"--awb-bg-size:cover;--awb-width-large:100%;--awb-spacing-right-large:1.92%;--awb-spacing-left-large:1.92%;--awb-width-medium:100%;--awb-order-medium:0;--awb-spacing-right-medium:1.92%;--awb-spacing-left-medium:1.92%;--awb-width-small:100%;--awb-order-small:0;--awb-spacing-right-small:1.92%;--awb-spacing-left-small:1.92%;\"><div class=\"fusion-column-wrapper fusion-column-has-shadow fusion-flex-justify-content-flex-start fusion-content-layout-column\"><div class=\"fusion-title title fusion-title-4 fusion-sep-none fusion-title-text fusion-title-size-three\"><h3 class=\"title-heading-left\" style=\"margin:0;text-transform:var(--awb-typography5-text-transform);\">Preise f\u00fcr Abfahrten 2026<\/h3><\/div><\/div><\/div><div class=\"fusion-layout-column fusion_builder_column fusion-builder-column-7 fusion_builder_column_1_2 1_2 fusion-flex-column\" style=\"--awb-bg-size:cover;--awb-width-large:50%;--awb-spacing-right-large:3.84%;--awb-spacing-left-large:3.84%;--awb-width-medium:100%;--awb-order-medium:0;--awb-spacing-right-medium:1.92%;--awb-spacing-left-medium:1.92%;--awb-width-small:100%;--awb-order-small:0;--awb-spacing-right-small:1.92%;--awb-spacing-left-small:1.92%;\"><div class=\"fusion-column-wrapper fusion-column-has-shadow fusion-flex-justify-content-flex-start fusion-content-layout-column\">\n<div class=\"table-2\">\n<table class=\"tarif-descente\">\n<thead>\n<tr>\n<th colspan=\"4\"><span class=\"tarif-title-descente\">L\u2019Estivale<\/span> 1\/2 Tag \u2013 5 km<\/th>\n<\/tr>\n<\/thead>\n<tbody>\n<tr>\n<td><\/td>\n<td class=\"tarifs-internet\">Internet<\/td>\n<td>Au\u00dferhalb der Saison<\/td>\n<td>Jahreszeit<\/td>\n<\/tr>\n<tr>\n<td>1 bis 9 Erwachsene<\/td>\n<td class=\"tarifs-internet\">25 \u20ac<\/td>\n<td>27 \u20ac<\/td>\n<td>29 \u20ac<\/td>\n<\/tr>\n<tr>\n<td>10 bis 19 Erwachsene<\/td>\n<td class=\"tarifs-internet\">23 \u20ac<\/td>\n<td>25 \u20ac<\/td>\n<td>27 \u20ac<\/td>\n<\/tr>\n<tr>\n<td>+ 20 Erwachsene<\/td>\n<td class=\"tarifs-internet\">21 \u20ac<\/td>\n<td>23 \u20ac<\/td>\n<td>25 \u20ac<\/td>\n<\/tr>\n<tr>\n<td>Kinder im Alter von 7 bis 12 Jahren<br \/>\nZweiter Platz<\/td>\n<td class=\"tarifs-internet\">19 \u20ac<\/td>\n<td>19 \u20ac<\/td>\n<td>19 \u20ac<\/td>\n<\/tr>\n<tr>\n<td>Kinder im Alter von 7 bis 12 Jahren<br \/>\nDritter Platz<\/td>\n<td class=\"tarifs-internet\">19 \u20ac<\/td>\n<td>19 \u20ac<\/td>\n<td>19 \u20ac<\/td>\n<\/tr>\n<\/tbody>\n<\/table>\n<\/div>\n\n<\/div><\/div><div class=\"fusion-layout-column fusion_builder_column fusion-builder-column-8 fusion_builder_column_1_2 1_2 fusion-flex-column\" style=\"--awb-bg-size:cover;--awb-width-large:50%;--awb-spacing-right-large:3.84%;--awb-spacing-left-large:3.84%;--awb-width-medium:100%;--awb-order-medium:0;--awb-spacing-right-medium:1.92%;--awb-spacing-left-medium:1.92%;--awb-width-small:100%;--awb-order-small:0;--awb-spacing-right-small:1.92%;--awb-spacing-left-small:1.92%;\"><div class=\"fusion-column-wrapper fusion-column-has-shadow fusion-flex-justify-content-flex-start fusion-content-layout-column\">\n<div class=\"table-2\">\n<table class=\"tarif-descente\">\n<thead>\n<tr>\n<th colspan=\"4\"><span class=\"tarif-title-descente\">Mini Abfahrt<\/span>1\/2 Tag \u2013 7 km<\/th>\n<\/tr>\n<\/thead>\n<tbody>\n<tr>\n<td><\/td>\n<td class=\"tarifs-internet\">Internet<\/td>\n<td>Au\u00dferhalb der Saison<\/td>\n<td>Jahreszeit<\/td>\n<\/tr>\n<tr>\n<td>1 bis 9 Erwachsene<\/td>\n<td class=\"tarifs-internet\">27 \u20ac<\/td>\n<td>29 \u20ac<\/td>\n<td>31 \u20ac<\/td>\n<\/tr>\n<tr>\n<td>10 bis 19 Erwachsene<\/td>\n<td class=\"tarifs-internet\">25 \u20ac<\/td>\n<td>27 \u20ac<\/td>\n<td>29 \u20ac<\/td>\n<\/tr>\n<tr>\n<td>+ 20 Erwachsene<\/td>\n<td class=\"tarifs-internet\">23 \u20ac<\/td>\n<td>25 \u20ac<\/td>\n<td>27 \u20ac<\/td>\n<\/tr>\n<tr>\n<td>Kinder im Alter von 7 bis 12 Jahren<br \/>\nZweiter Platz<\/td>\n<td class=\"tarifs-internet\">20 \u20ac<\/td>\n<td>20 \u20ac<\/td>\n<td>20 \u20ac<\/td>\n<\/tr>\n<tr>\n<td>Kinder im Alter von 7 bis 12 Jahren<br \/>\nDritter Platz<\/td>\n<td class=\"tarifs-internet\">20 \u20ac<\/td>\n<td>20 \u20ac<\/td>\n<td>20 \u20ac<\/td>\n<\/tr>\n<tr class=\"tarifsdescenteaccompagnee\">\n<td>Gef\u00fchrter Abstieg<br \/>\nErwachsenentarif<\/td>\n<td class=\"tarifs-internet\">&#8211;<\/td>\n<td colspan=\"2\">42 \u20ac<\/td>\n<\/tr>\n<tr class=\"tarifsdescenteaccompagnee\">\n<td>Gef\u00fchrter Abstieg<br \/>\nKinderpreis<\/td>\n<td class=\"tarifs-internet\">&#8211;<\/td>\n<td colspan=\"2\">34 \u20ac<\/td>\n<\/tr>\n<\/tbody>\n<\/table>\n<\/div>\n\n<\/div><\/div><div class=\"fusion-layout-column fusion_builder_column fusion-builder-column-9 fusion_builder_column_1_2 1_2 fusion-flex-column\" style=\"--awb-bg-size:cover;--awb-width-large:50%;--awb-spacing-right-large:3.84%;--awb-spacing-left-large:3.84%;--awb-width-medium:100%;--awb-order-medium:0;--awb-spacing-right-medium:1.92%;--awb-spacing-left-medium:1.92%;--awb-width-small:100%;--awb-order-small:0;--awb-spacing-right-small:1.92%;--awb-spacing-left-small:1.92%;\"><div class=\"fusion-column-wrapper fusion-column-has-shadow fusion-flex-justify-content-flex-start fusion-content-layout-column\">\n<div class=\"table-2\">\n<table class=\"tarif-descente\">\n<thead>\n<tr>\n<th colspan=\"4\"><span class=\"tarif-title-descente\">Maxi des Minis<\/span>1\/2 Tag \/ 1 Tag \u2013 12 km<\/th>\n<\/tr>\n<\/thead>\n<tbody>\n<tr>\n<td><\/td>\n<td class=\"tarifs-internet\">Internet<\/td>\n<td>Au\u00dferhalb der Saison<\/td>\n<td>Jahreszeit<\/td>\n<\/tr>\n<tr>\n<td>1 bis 9 Erwachsene<\/td>\n<td class=\"tarifs-internet\">35 \u20ac<\/td>\n<td>37 \u20ac<\/td>\n<td>38 \u20ac<\/td>\n<\/tr>\n<tr>\n<td>10 bis 19 Erwachsene<\/td>\n<td class=\"tarifs-internet\">32 \u20ac<\/td>\n<td>34 \u20ac<\/td>\n<td>36 \u20ac<\/td>\n<\/tr>\n<tr>\n<td>+ 20 Erwachsene<\/td>\n<td class=\"tarifs-internet\">29 \u20ac<\/td>\n<td>32 \u20ac<\/td>\n<td>34 \u20ac<\/td>\n<\/tr>\n<tr>\n<td>Kinder im Alter von 7 bis 12 Jahren<br \/>\nZweiter Platz<\/td>\n<td class=\"tarifs-internet\">22 \u20ac<\/td>\n<td>22 \u20ac<\/td>\n<td>22 \u20ac<\/td>\n<\/tr>\n<tr>\n<td>Kinder im Alter von 7 bis 12 Jahren<br \/>\nDritter Platz<\/td>\n<td class=\"tarifs-internet\">22 \u20ac<\/td>\n<td>22 \u20ac<\/td>\n<td>22 \u20ac<\/td>\n<\/tr>\n<\/tbody>\n<\/table>\n<\/div>\n\n<\/div><\/div><div class=\"fusion-layout-column fusion_builder_column fusion-builder-column-10 fusion_builder_column_1_2 1_2 fusion-flex-column\" style=\"--awb-bg-size:cover;--awb-width-large:50%;--awb-spacing-right-large:3.84%;--awb-spacing-left-large:3.84%;--awb-width-medium:100%;--awb-order-medium:0;--awb-spacing-right-medium:1.92%;--awb-spacing-left-medium:1.92%;--awb-width-small:100%;--awb-order-small:0;--awb-spacing-right-small:1.92%;--awb-spacing-left-small:1.92%;\"><div class=\"fusion-column-wrapper fusion-column-has-shadow fusion-flex-justify-content-flex-start fusion-content-layout-column\">\n<div class=\"table-2\">\n<table class=\"tarif-descente\">\n<thead>\n<tr>\n<th colspan=\"4\"><span class=\"tarif-title-descente\">Gorges de l&#8217;Ard\u00e8che<\/span>1 Tag \u2013 24 km<\/th>\n<\/tr>\n<\/thead>\n<tbody>\n<tr>\n<td><\/td>\n<td class=\"tarifs-internet\">Internet<\/td>\n<td>Au\u00dferhalb der Saison<\/td>\n<td>Jahreszeit<\/td>\n<\/tr>\n<tr>\n<td>1 bis 9 Erwachsene<\/td>\n<td class=\"tarifs-internet\">38 \u20ac<\/td>\n<td>40 \u20ac<\/td>\n<td>42 \u20ac<\/td>\n<\/tr>\n<tr>\n<td>10 bis 19 Erwachsene<\/td>\n<td class=\"tarifs-internet\">35 \u20ac<\/td>\n<td>37 \u20ac<\/td>\n<td>40 \u20ac<\/td>\n<\/tr>\n<tr>\n<td>+ 20 Erwachsene<\/td>\n<td class=\"tarifs-internet\">32 \u20ac<\/td>\n<td>35 \u20ac<\/td>\n<td>38 \u20ac<\/td>\n<\/tr>\n<tr>\n<td>Kinder im Alter von 7 bis 12 Jahren<br \/>\nZweiter Platz<\/td>\n<td class=\"tarifs-internet\">25 \u20ac<\/td>\n<td>25 \u20ac<\/td>\n<td>25 \u20ac<\/td>\n<\/tr>\n<tr>\n<td>Kinder im Alter von 7 bis 12 Jahren<br \/>\nDritter Platz<\/td>\n<td class=\"tarifs-internet\">25 \u20ac<\/td>\n<td>25 \u20ac<\/td>\n<td>25 \u20ac<\/td>\n<\/tr>\n<\/tbody>\n<\/table>\n<\/div>\n\n<\/div><\/div><div class=\"fusion-layout-column fusion_builder_column fusion-builder-column-11 fusion_builder_column_1_2 1_2 fusion-flex-column\" style=\"--awb-bg-size:cover;--awb-width-large:50%;--awb-spacing-right-large:3.84%;--awb-spacing-left-large:3.84%;--awb-width-medium:100%;--awb-order-medium:0;--awb-spacing-right-medium:1.92%;--awb-spacing-left-medium:1.92%;--awb-width-small:100%;--awb-order-small:0;--awb-spacing-right-small:1.92%;--awb-spacing-left-small:1.92%;\"><div class=\"fusion-column-wrapper fusion-column-has-shadow fusion-flex-justify-content-flex-start fusion-content-layout-column\">\n<div class=\"table-2\">\n<table class=\"tarif-descente\">\n<thead>\n<tr>\n<th colspan=\"4\"><span class=\"tarif-title-descente\">Gorges de l&#8217;Ard\u00e8che<\/span>1 Tag \u2013 31 km<\/th>\n<\/tr>\n<\/thead>\n<tbody>\n<tr>\n<td><\/td>\n<td class=\"tarifs-internet\">Internet<\/td>\n<td>Au\u00dferhalb der Saison<\/td>\n<td>Jahreszeit<\/td>\n<\/tr>\n<tr>\n<td>1 bis 9 Erwachsene<\/td>\n<td class=\"tarifs-internet\">38 \u20ac<\/td>\n<td>40 \u20ac<\/td>\n<td>42 \u20ac<\/td>\n<\/tr>\n<tr>\n<td>10 bis 19 Erwachsene<\/td>\n<td class=\"tarifs-internet\">35 \u20ac<\/td>\n<td>37 \u20ac<\/td>\n<td>40 \u20ac<\/td>\n<\/tr>\n<tr>\n<td>+ 20 Erwachsene<\/td>\n<td class=\"tarifs-internet\">32 \u20ac<\/td>\n<td>35 \u20ac<\/td>\n<td>38 \u20ac<\/td>\n<\/tr>\n<tr>\n<td>Kinder im Alter von 7 bis 12 Jahren<br \/>\nZweiter Platz<\/td>\n<td class=\"tarifs-internet\">25 \u20ac<\/td>\n<td>25 \u20ac<\/td>\n<td>25 \u20ac<\/td>\n<\/tr>\n<tr>\n<td>Kinder im Alter von 7 bis 12 Jahren<br \/>\nDritter Platz<\/td>\n<td class=\"tarifs-internet\">25 \u20ac<\/td>\n<td>25 \u20ac<\/td>\n<td>25 \u20ac<\/td>\n<\/tr>\n<\/tbody>\n<\/table>\n<\/div>\n\n<\/div><\/div><div class=\"fusion-layout-column fusion_builder_column fusion-builder-column-12 fusion_builder_column_1_2 1_2 fusion-flex-column\" style=\"--awb-bg-size:cover;--awb-width-large:50%;--awb-spacing-right-large:3.84%;--awb-spacing-left-large:3.84%;--awb-width-medium:100%;--awb-order-medium:0;--awb-spacing-right-medium:1.92%;--awb-spacing-left-medium:1.92%;--awb-width-small:100%;--awb-order-small:0;--awb-spacing-right-small:1.92%;--awb-spacing-left-small:1.92%;\"><div class=\"fusion-column-wrapper fusion-column-has-shadow fusion-flex-justify-content-flex-start fusion-content-layout-column\">\n<div class=\"table-2\">\n<table class=\"tarif-descente\">\n<thead>\n<tr>\n<th colspan=\"4\"><span class=\"tarif-title-descente\">Abstieg in 2 Tagen <\/span>2 Tage \u2013 31 km<\/th>\n<\/tr>\n<\/thead>\n<tbody>\n<tr>\n<td><\/td>\n<td class=\"tarifs-internet\">Internet<\/td>\n<td>Au\u00dferhalb der Saison<\/td>\n<td>Jahreszeit<\/td>\n<\/tr>\n<tr>\n<td>1 bis 9 Erwachsene<\/td>\n<td class=\"tarifs-internet\">64 \u20ac<\/td>\n<td>66 \u20ac<\/td>\n<td>68 \u20ac<\/td>\n<\/tr>\n<tr>\n<td>10 bis 19 Erwachsene<\/td>\n<td class=\"tarifs-internet\">61 \u20ac<\/td>\n<td>63 \u20ac<\/td>\n<td>65 \u20ac<\/td>\n<\/tr>\n<tr>\n<td>+ 20 Erwachsene<\/td>\n<td class=\"tarifs-internet\">58 \u20ac<\/td>\n<td>61 \u20ac<\/td>\n<td>63 \u20ac<\/td>\n<\/tr>\n<tr>\n<td>Kinder im Alter von 7 bis 12 Jahren<br \/>\nZweiter Platz<\/td>\n<td class=\"tarifs-internet\">44 \u20ac<\/td>\n<td>44 \u20ac<\/td>\n<td>44 \u20ac<\/td>\n<\/tr>\n<tr>\n<td>Kinder im Alter von 7 bis 12 Jahren<br \/>\nDritter Platz<\/td>\n<td class=\"tarifs-internet\">44 \u20ac<\/td>\n<td>44 \u20ac<\/td>\n<td>44 \u20ac<\/td>\n<\/tr>\n<\/tbody>\n<\/table>\n<\/div>\n\n<\/div><\/div><div class=\"fusion-layout-column fusion_builder_column fusion-builder-column-13 fusion_builder_column_1_2 1_2 fusion-flex-column\" style=\"--awb-bg-size:cover;--awb-width-large:50%;--awb-spacing-right-large:3.84%;--awb-spacing-left-large:3.84%;--awb-width-medium:100%;--awb-order-medium:0;--awb-spacing-right-medium:1.92%;--awb-spacing-left-medium:1.92%;--awb-width-small:100%;--awb-order-small:0;--awb-spacing-right-small:1.92%;--awb-spacing-left-small:1.92%;\"><div class=\"fusion-column-wrapper fusion-column-has-shadow fusion-flex-justify-content-flex-start fusion-content-layout-column\">\n<div class=\"table-2\">\n<table class=\"tarif-descente\">\n<thead>\n<tr>\n<th colspan=\"4\"><span class=\"tarif-title-descente\">L&#8217;Aventure<\/span>2 Tage \u2013 36 km<\/th>\n<\/tr>\n<\/thead>\n<tbody>\n<tr>\n<td><\/td>\n<td class=\"tarifs-internet\">Internet<\/td>\n<td>Au\u00dferhalb der Saison<\/td>\n<td>Jahreszeit<\/td>\n<\/tr>\n<tr>\n<td>1 bis 9 Erwachsene<\/td>\n<td class=\"tarifs-internet\">66 \u20ac<\/td>\n<td>69 \u20ac<\/td>\n<td>71 \u20ac<\/td>\n<\/tr>\n<tr>\n<td>10 bis 19 Erwachsene<\/td>\n<td class=\"tarifs-internet\">63 \u20ac<\/td>\n<td>66 \u20ac<\/td>\n<td>68 \u20ac<\/td>\n<\/tr>\n<tr>\n<td>+ 20 Erwachsene<\/td>\n<td class=\"tarifs-internet\">60 \u20ac<\/td>\n<td>62 \u20ac<\/td>\n<td>64 \u20ac<\/td>\n<\/tr>\n<tr>\n<td>Kinder im Alter von 7 bis 12 Jahren<br \/>\nZweiter Platz<\/td>\n<td class=\"tarifs-internet\">44 \u20ac<\/td>\n<td>44 \u20ac<\/td>\n<td>44 \u20ac<\/td>\n<\/tr>\n<tr>\n<td>Kinder im Alter von 7 bis 12 Jahren<br \/>\nDritter Platz<\/td>\n<td class=\"tarifs-internet\">44 \u20ac<\/td>\n<td>44 \u20ac<\/td>\n<td>44 \u20ac<\/td>\n<\/tr>\n<\/tbody>\n<\/table>\n<\/div>\n\n<\/div><\/div><div class=\"fusion-layout-column fusion_builder_column fusion-builder-column-14 fusion_builder_column_1_2 1_2 fusion-flex-column\" style=\"--awb-bg-size:cover;--awb-width-large:50%;--awb-spacing-right-large:3.84%;--awb-spacing-left-large:3.84%;--awb-width-medium:100%;--awb-order-medium:0;--awb-spacing-right-medium:1.92%;--awb-spacing-left-medium:1.92%;--awb-width-small:100%;--awb-order-small:0;--awb-spacing-right-small:1.92%;--awb-spacing-left-small:1.92%;\"><div class=\"fusion-column-wrapper fusion-column-has-shadow fusion-flex-justify-content-flex-start fusion-content-layout-column\">\n<div class=\"table-2\">\n<table class=\"tarif-descente\">\n<thead>\n<tr>\n<th colspan=\"4\"><span class=\"tarif-title-descente\">Pack Eau Vive 1<\/span>2 Tage \u2013 7 + 24 km<\/th>\n<\/tr>\n<\/thead>\n<tbody>\n<tr>\n<td><\/td>\n<td class=\"tarifs-internet\">Internet<\/td>\n<td>Au\u00dferhalb der Saison<\/td>\n<td>Jahreszeit<\/td>\n<\/tr>\n<tr>\n<td>1 bis 9 Erwachsene<\/td>\n<td class=\"tarifs-internet\">64 \u20ac<\/td>\n<td>66 \u20ac<\/td>\n<td>68 \u20ac<\/td>\n<\/tr>\n<tr>\n<td>10 bis 19 Erwachsene<\/td>\n<td class=\"tarifs-internet\">61 \u20ac<\/td>\n<td>63 \u20ac<\/td>\n<td>65 \u20ac<\/td>\n<\/tr>\n<tr>\n<td>+ 20 Erwachsene<\/td>\n<td class=\"tarifs-internet\">58 \u20ac<\/td>\n<td>59 \u20ac<\/td>\n<td>62 \u20ac<\/td>\n<\/tr>\n<tr>\n<td>Kinder im Alter von 7 bis 12 Jahren<br \/>\nZweiter Platz<\/td>\n<td class=\"tarifs-internet\">44 \u20ac<\/td>\n<td>44 \u20ac<\/td>\n<td>44 \u20ac<\/td>\n<\/tr>\n<tr>\n<td>Kinder im Alter von 7 bis 12 Jahren<br \/>\nDritter Platz<\/td>\n<td class=\"tarifs-internet\">44 \u20ac<\/td>\n<td>44 \u20ac<\/td>\n<td>44 \u20ac<\/td>\n<\/tr>\n<\/tbody>\n<\/table>\n<\/div>\n\n<\/div><\/div><div class=\"fusion-layout-column fusion_builder_column fusion-builder-column-15 fusion_builder_column_1_2 1_2 fusion-flex-column\" style=\"--awb-bg-size:cover;--awb-width-large:50%;--awb-spacing-right-large:3.84%;--awb-spacing-left-large:3.84%;--awb-width-medium:100%;--awb-order-medium:0;--awb-spacing-right-medium:1.92%;--awb-spacing-left-medium:1.92%;--awb-width-small:100%;--awb-order-small:0;--awb-spacing-right-small:1.92%;--awb-spacing-left-small:1.92%;\"><div class=\"fusion-column-wrapper fusion-column-has-shadow fusion-flex-justify-content-flex-start fusion-content-layout-column\">\n<div class=\"table-2\">\n<table class=\"tarif-descente\">\n<thead>\n<tr>\n<th colspan=\"4\"><span class=\"tarif-title-descente\">Pack Eau Vive <\/span>2 Tage \u2013 12 + 24 km<\/th>\n<\/tr>\n<\/thead>\n<tbody>\n<tr>\n<td><\/td>\n<td class=\"tarifs-internet\">Internet<\/td>\n<td>Au\u00dferhalb der Saison<\/td>\n<td>Jahreszeit<\/td>\n<\/tr>\n<tr>\n<td>1 bis 9 Erwachsene<\/td>\n<td class=\"tarifs-internet\">69 \u20ac<\/td>\n<td>71 \u20ac<\/td>\n<td>74 \u20ac<\/td>\n<\/tr>\n<tr>\n<td>10 bis 19 Erwachsene<\/td>\n<td class=\"tarifs-internet\">66 \u20ac<\/td>\n<td>67 \u20ac<\/td>\n<td>70 \u20ac<\/td>\n<\/tr>\n<tr>\n<td>+ 20 Erwachsene<\/td>\n<td class=\"tarifs-internet\">63 \u20ac<\/td>\n<td>64 \u20ac<\/td>\n<td>67 \u20ac<\/td>\n<\/tr>\n<tr>\n<td>Kinder im Alter von 7 bis 12 Jahren<br \/>\nZweiter Platz<\/td>\n<td class=\"tarifs-internet\">44 \u20ac<\/td>\n<td>44 \u20ac<\/td>\n<td>44 \u20ac<\/td>\n<\/tr>\n<tr>\n<td>Kinder im Alter von 7 bis 12 Jahren<br \/>\nDritter Platz<\/td>\n<td class=\"tarifs-internet\">44 \u20ac<\/td>\n<td>44 \u20ac<\/td>\n<td>44 \u20ac<\/td>\n<\/tr>\n<\/tbody>\n<\/table>\n<\/div>\n\n<\/div><\/div><div class=\"fusion-layout-column fusion_builder_column fusion-builder-column-16 fusion_builder_column_1_1 1_1 fusion-flex-column\" style=\"--awb-bg-size:cover;--awb-width-large:100%;--awb-spacing-right-large:1.92%;--awb-spacing-left-large:1.92%;--awb-width-medium:100%;--awb-order-medium:0;--awb-spacing-right-medium:1.92%;--awb-spacing-left-medium:1.92%;--awb-width-small:100%;--awb-order-small:0;--awb-spacing-right-small:1.92%;--awb-spacing-left-small:1.92%;\"><div class=\"fusion-column-wrapper fusion-column-has-shadow fusion-flex-justify-content-flex-start fusion-content-layout-column\"><div style=\"text-align:center;\"><a class=\"fusion-button button-flat fusion-button-default-size button-default fusion-button-default button-1 fusion-button-default-span fusion-button-default-type\" target=\"_self\" href=\"\/reservation-en-ligne\/\"><span class=\"fusion-button-text\">Klicken Sie hier, um Ihren Abstieg zu buchen<\/span><\/a><\/div><\/div><\/div><\/div><\/div>\n","protected":false},"excerpt":{"rendered":"","protected":false},"author":1,"featured_media":0,"parent":0,"menu_order":0,"comment_status":"closed","ping_status":"closed","template":"100-width.php","meta":{"footnotes":""},"class_list":["post-3317","page","type-page","status-publish","hentry"],"_links":{"self":[{"href":"https:\/\/www.canoe-ardeche.com\/de\/wp-json\/wp\/v2\/pages\/3317","targetHints":{"allow":["GET"]}}],"collection":[{"href":"https:\/\/www.canoe-ardeche.com\/de\/wp-json\/wp\/v2\/pages"}],"about":[{"href":"https:\/\/www.canoe-ardeche.com\/de\/wp-json\/wp\/v2\/types\/page"}],"author":[{"embeddable":true,"href":"https:\/\/www.canoe-ardeche.com\/de\/wp-json\/wp\/v2\/users\/1"}],"replies":[{"embeddable":true,"href":"https:\/\/www.canoe-ardeche.com\/de\/wp-json\/wp\/v2\/comments?post=3317"}],"version-history":[{"count":8,"href":"https:\/\/www.canoe-ardeche.com\/de\/wp-json\/wp\/v2\/pages\/3317\/revisions"}],"predecessor-version":[{"id":4590,"href":"https:\/\/www.canoe-ardeche.com\/de\/wp-json\/wp\/v2\/pages\/3317\/revisions\/4590"}],"wp:attachment":[{"href":"https:\/\/www.canoe-ardeche.com\/de\/wp-json\/wp\/v2\/media?parent=3317"}],"curies":[{"name":"wp","href":"https:\/\/api.w.org\/{rel}","templated":true}]}}