{"id":3323,"date":"2022-12-19T11:09:32","date_gmt":"2022-12-19T10:09:32","guid":{"rendered":"https:\/\/www.canoe-ardeche.com\/questions-frequentes-faq\/"},"modified":"2025-01-30T10:38:54","modified_gmt":"2025-01-30T09:38:54","slug":"haeufig-gestellte-fragen-faq","status":"publish","type":"page","link":"https:\/\/www.canoe-ardeche.com\/de\/praktische-information\/haeufig-gestellte-fragen-faq\/","title":{"rendered":"H\u00e4ufig gestellte Fragen \u2013 FAQ"},"content":{"rendered":"<div class=\"fusion-fullwidth fullwidth-box fusion-builder-row-1 fusion-flex-container has-pattern-background has-mask-background nonhundred-percent-fullwidth non-hundred-percent-height-scrolling\" style=\"--awb-border-radius-top-left:0px;--awb-border-radius-top-right:0px;--awb-border-radius-bottom-right:0px;--awb-border-radius-bottom-left:0px;--awb-padding-top:50px;--awb-padding-bottom:50px;\" ><div class=\"fusion-builder-row fusion-row fusion-flex-align-items-flex-start\" style=\"max-width:1456px;margin-left: calc(-4% \/ 2 );margin-right: calc(-4% \/ 2 );\"><div class=\"fusion-layout-column fusion_builder_column fusion-builder-column-0 fusion_builder_column_1_1 1_1 fusion-flex-column\" style=\"--awb-bg-size:cover;--awb-width-large:100%;--awb-spacing-right-large:1.92%;--awb-spacing-left-large:1.92%;--awb-width-medium:100%;--awb-order-medium:0;--awb-spacing-right-medium:1.92%;--awb-spacing-left-medium:1.92%;--awb-width-small:100%;--awb-order-small:0;--awb-spacing-right-small:1.92%;--awb-spacing-left-small:1.92%;\"><div class=\"fusion-column-wrapper fusion-column-has-shadow fusion-flex-justify-content-flex-start fusion-content-layout-column\"><div class=\"fusion-title title fusion-title-1 fusion-sep-none fusion-title-center fusion-title-text fusion-title-size-one\" style=\"--awb-margin-bottom:0px;\"><h1 class=\"title-heading-center\" style=\"margin:0;\">H\u00e4ufig gestellte Fragen<\/h1><\/div><div class=\"fusion-title title fusion-title-2 fusion-sep-none fusion-title-center fusion-title-text fusion-title-size-two h2-stitle\"><h2 class=\"title-heading-center\" style=\"margin:0;\">Auf dieser Seite finden Sie die Antwort auf alle Ihre Fragen<\/h2><\/div><\/div><\/div><div class=\"fusion-layout-column fusion_builder_column fusion-builder-column-1 fusion_builder_column_1_1 1_1 fusion-flex-column\" style=\"--awb-bg-size:cover;--awb-width-large:100%;--awb-spacing-right-large:1.92%;--awb-spacing-left-large:1.92%;--awb-width-medium:100%;--awb-order-medium:0;--awb-spacing-right-medium:1.92%;--awb-spacing-left-medium:1.92%;--awb-width-small:100%;--awb-order-small:0;--awb-spacing-right-small:1.92%;--awb-spacing-left-small:1.92%;\"><div class=\"fusion-column-wrapper fusion-column-has-shadow fusion-flex-justify-content-flex-start fusion-content-layout-column\"><div class=\"fusion-title title fusion-title-3 sep-underline sep-dashed fusion-title-text fusion-title-size-three\"><h3 class=\"title-heading-left\" style=\"margin:0;\">Die Abfahrten<\/h3><\/div><div class=\"accordian fusion-accordian\" style=\"--awb-border-size:1px;--awb-icon-size:16px;--awb-content-font-size:var(--awb-typography4-font-size);--awb-icon-alignment:left;--awb-hover-color:var(--awb-color2);--awb-border-color:var(--awb-color3);--awb-background-color:var(--awb-color1);--awb-divider-color:var(--awb-color3);--awb-divider-hover-color:var(--awb-color3);--awb-icon-color:var(--awb-color1);--awb-title-color:var(--awb-custom12);--awb-content-color:var(--awb-custom10);--awb-icon-box-color:var(--awb-custom12);--awb-toggle-hover-accent-color:var(--awb-custom10);--awb-title-font-family:&quot;Poppins&quot;;--awb-title-font-weight:regular;--awb-title-font-style:normal;--awb-title-font-size:16px;--awb-title-line-height:1.5;--awb-content-font-family:&quot;Poppins&quot;;--awb-content-font-style:normal;--awb-content-font-weight:regular;\"><div class=\"panel-group fusion-toggle-icon-boxed\" id=\"accordion-3323-1\"><div class=\"fusion-panel panel-default panel-c9e8df7ad9cd44462 fusion-toggle-no-divider fusion-toggle-boxed-mode\" style=\"--awb-title-color:var(--awb-color8);\"><div class=\"panel-heading\"><h4 class=\"panel-title toggle\" id=\"toggle_c9e8df7ad9cd44462\"><a aria-expanded=\"false\" aria-controls=\"c9e8df7ad9cd44462\" role=\"button\" data-toggle=\"collapse\" data-parent=\"#accordion-3323-1\" data-target=\"#c9e8df7ad9cd44462\" href=\"#c9e8df7ad9cd44462\"><span class=\"fusion-toggle-icon-wrapper\" aria-hidden=\"true\"><i class=\"fa-fusion-box active-icon awb-icon-minus\" aria-hidden=\"true\"><\/i><i class=\"fa-fusion-box inactive-icon awb-icon-plus\" aria-hidden=\"true\"><\/i><\/span><span class=\"fusion-toggle-heading\">Was sind die Bedingungen f\u00fcr die Ard\u00e8che-Abfahrt?<\/span><\/a><\/h4><\/div><div id=\"c9e8df7ad9cd44462\" class=\"panel-collapse collapse \" araia-labelledby=\"toggle_c9e8df7ad9cd44462\"><div class=\"panel-body toggle-content fusion-clearfix\">\n<p>Mindestens 7 Jahre alt sein und mindestens 25 Meter schwimmen und untertauchen k\u00f6nnen.<\/p>\n<\/div><\/div><\/div><div class=\"fusion-panel panel-default panel-0eebcff3f8211363a fusion-toggle-no-divider fusion-toggle-boxed-mode\" style=\"--awb-title-color:var(--awb-color8);\"><div class=\"panel-heading\"><h4 class=\"panel-title toggle\" id=\"toggle_0eebcff3f8211363a\"><a aria-expanded=\"false\" aria-controls=\"0eebcff3f8211363a\" role=\"button\" data-toggle=\"collapse\" data-parent=\"#accordion-3323-1\" data-target=\"#0eebcff3f8211363a\" href=\"#0eebcff3f8211363a\"><span class=\"fusion-toggle-icon-wrapper\" aria-hidden=\"true\"><i class=\"fa-fusion-box active-icon awb-icon-minus\" aria-hidden=\"true\"><\/i><i class=\"fa-fusion-box inactive-icon awb-icon-plus\" aria-hidden=\"true\"><\/i><\/span><span class=\"fusion-toggle-heading\">Welche Distanzen k\u00f6nnen wir zur\u00fccklegen?<\/span><\/a><\/h4><\/div><div id=\"0eebcff3f8211363a\" class=\"panel-collapse collapse \" araia-labelledby=\"toggle_0eebcff3f8211363a\"><div class=\"panel-body toggle-content fusion-clearfix\"><a href=\"\/les-descentes-en-canoe\/lestivale-5-km\/\">5 km \u2013 ca. 1 Stunde und 15 Minuten Paddelzeit<\/a><br \/>\n<a href=\"\/les-descentes-en-canoe\/mini-descente-7-km\/\">7 km \u2013 ca. 1 Stunde und 15 Minuten Paddelzeit<\/a><br \/>\n<a href=\"\/les-descentes-en-canoe\/maxi-des-minis-12km\/\">12 km \u2013 ca. 2h30 \/ 3h00 Paddelzeit<\/a><br \/>\n<a href=\"\/les-descentes-en-canoe\/les-gorges-de-lardeche-24km\/\">24 km \u2013 ca. 4:30 \/ 5:00 Uhr Paddelzeit<\/a><br \/>\n<a href=\"\/les-descentes-en-canoe\/descente-en-2-jours-31km-avec-bivouac\/\">31 km \u2013 ca. 5h30 \/ 6h30 Paddelzeit \u00fcber 1 Tag oder 2 Tage mit Biwak<\/a><br \/>\n<a href=\"\/les-descentes-en-canoe\/laventure-36-km-bivouac\/\">36 km \u2013 ca. 7:00 \/ 8:00 Uhr Paddelzeit \u00fcber 2 Tage mit Biwak<\/a><br \/>\n<a href=\"\/les-descentes-en-canoe\/pack-eau-vive-7-24km\/\">7 + 24 km \u2013 1h00 \/ 1h30 + 4h30 \/ 5h00 Paddelzeit (Pack Eau Vive 1) ohne Biwak<\/a><br \/>\n<a href=\"\/les-descentes-en-canoe\/pack-eau-vive-2-12-24km\/\">12 + 24 km \u2013 2h30 \/ 3h00 + 4h30 \/ 5h00 Paddelzeit (Pack Eau Vive 2) ohne Biwak<\/a><\/div><\/div><\/div><div class=\"fusion-panel panel-default panel-9386b1ad8a6f0e207 fusion-toggle-no-divider fusion-toggle-boxed-mode\" style=\"--awb-title-color:var(--awb-color8);\"><div class=\"panel-heading\"><h4 class=\"panel-title toggle\" id=\"toggle_9386b1ad8a6f0e207\"><a aria-expanded=\"false\" aria-controls=\"9386b1ad8a6f0e207\" role=\"button\" data-toggle=\"collapse\" data-parent=\"#accordion-3323-1\" data-target=\"#9386b1ad8a6f0e207\" href=\"#9386b1ad8a6f0e207\"><span class=\"fusion-toggle-icon-wrapper\" aria-hidden=\"true\"><i class=\"fa-fusion-box active-icon awb-icon-minus\" aria-hidden=\"true\"><\/i><i class=\"fa-fusion-box inactive-icon awb-icon-plus\" aria-hidden=\"true\"><\/i><\/span><span class=\"fusion-toggle-heading\"> Was sind die unvergesslichen Momente jedes Abstiegs?<\/span><\/a><\/h4><\/div><div id=\"9386b1ad8a6f0e207\" class=\"panel-collapse collapse \" araia-labelledby=\"toggle_9386b1ad8a6f0e207\"><div class=\"panel-body toggle-content fusion-clearfix\">\n<p>M\u00f6chten Sie auf die Rutschen gehen? W\u00e4hlen Sie die Abfahrt von 5 km, 12 km oder 36 km in 2 Tagen<br \/>\nM\u00f6chten Sie unter dem Pont d\u2019Arc hindurchgehen? W\u00e4hlen Sie die 7 km, 12 km oder 31 km lange Abfahrt<br \/>\nM\u00f6chten Sie ins Naturschutzgebiet gehen? W\u00e4hlen Sie die 24 km oder 31 km lange Abfahrt<br \/>\nM\u00f6chten Sie alles sehen? W\u00e4hlen Sie die 36 km lange Abfahrt in 2 Tagen (mit Biwak)<\/p>\n<p><strong>Weitere Einzelheiten zu den denkw\u00fcrdigen Passagen finden Sie weiter unten:<\/strong><\/p>\n<ul>\n<li>L\u2019Estivale: 5 km \u2013 1\/2 Tag (Rutschen)<\/li>\n<li>Mini-Abfahrt: 7 km \u2013 1\/2 Tag (Charlemagne Rapid, Pont d\u2019Arc)<\/li>\n<li>Maxi des Minis: 12 km \u2013 1\/2 Tag \/ 1 Tag (Rutschen, Stromschnellen Charlemagne, Pont d\u2019Arc)<\/li>\n<li>Die Gorges de l\u2019Ard\u00e8che 1: 24 km \u2013 1 Tag (Naturschutzgebiet Gorges de l\u2019Ard\u00e8che)<\/li>\n<li>Die Gorges de l\u2019Ard\u00e8che 2: 31 km \u2013 1 Tag (Charlemagne-Stromschnelle, Pont d\u2019Arc, Naturschutzgebiet Gorges de l\u2019Ard\u00e8che)<\/li>\n<li>Abstieg in 2 Tagen: 31 km \u2013 2 Tage mit Biwak (Charlemagne-Stromschnelle, Pont d\u2019Arc, Naturschutzgebiet Gorges de l\u2019Ard\u00e8che)<\/li>\n<li>Abenteuer in 2 Tagen: 36 km \u2013 2 Tage mit Biwak (Rutschen, Charlemagne-Stromschnellen, Pont d\u2019Arc, Naturschutzgebiet Gorges de l\u2019Ard\u00e8che)<\/li>\n<li>Pack Eau Vive 1: 7 + 24 km \u2013 2 Tage ohne Biwak (Charlemagne-Stromschnelle, Pont d\u2019Arc, Naturschutzgebiet Gorges de l\u2019Ard\u00e8che)<\/li>\n<li>Pack Eau Vive 2: 12 + 24 km \u2013 2 Tage ohne Biwak (Rutschen, Stromschnellen Charlemagne, Pont d\u2019Arc, Naturschutzgebiet Gorges de l\u2019Ard\u00e8che).<\/li>\n<\/ul>\n<\/div><\/div><\/div><\/div><\/div><div class=\"fusion-title title fusion-title-4 sep-underline sep-dashed fusion-title-text fusion-title-size-three\"><h3 class=\"title-heading-left\" style=\"margin:0;\">Buchen Sie Ihren Abstieg<\/h3><\/div><div class=\"accordian fusion-accordian\" style=\"--awb-border-size:1px;--awb-icon-size:16px;--awb-content-font-size:var(--awb-typography4-font-size);--awb-icon-alignment:left;--awb-hover-color:var(--awb-color2);--awb-border-color:var(--awb-color3);--awb-background-color:var(--awb-color1);--awb-divider-color:var(--awb-color3);--awb-divider-hover-color:var(--awb-color3);--awb-icon-color:var(--awb-color1);--awb-title-color:var(--awb-custom12);--awb-content-color:var(--awb-custom10);--awb-icon-box-color:var(--awb-custom12);--awb-toggle-hover-accent-color:var(--awb-custom10);--awb-title-font-family:&quot;Poppins&quot;;--awb-title-font-weight:regular;--awb-title-font-style:normal;--awb-title-font-size:16px;--awb-title-line-height:1.5;--awb-content-font-family:&quot;Poppins&quot;;--awb-content-font-style:normal;--awb-content-font-weight:regular;\"><div class=\"panel-group fusion-toggle-icon-boxed\" id=\"accordion-3323-2\"><div class=\"fusion-panel panel-default panel-3e876abfb630bd2dd fusion-toggle-no-divider fusion-toggle-boxed-mode\" style=\"--awb-title-color:var(--awb-color8);\"><div class=\"panel-heading\"><h4 class=\"panel-title toggle\" id=\"toggle_3e876abfb630bd2dd\"><a aria-expanded=\"false\" aria-controls=\"3e876abfb630bd2dd\" role=\"button\" data-toggle=\"collapse\" data-parent=\"#accordion-3323-2\" data-target=\"#3e876abfb630bd2dd\" href=\"#3e876abfb630bd2dd\"><span class=\"fusion-toggle-icon-wrapper\" aria-hidden=\"true\"><i class=\"fa-fusion-box active-icon awb-icon-minus\" aria-hidden=\"true\"><\/i><i class=\"fa-fusion-box inactive-icon awb-icon-plus\" aria-hidden=\"true\"><\/i><\/span><span class=\"fusion-toggle-heading\"> M\u00fcssen Sie reservieren? Oder k\u00f6nnen wir direkt vor Ort vorbeikommen?<\/span><\/a><\/h4><\/div><div id=\"3e876abfb630bd2dd\" class=\"panel-collapse collapse \" araia-labelledby=\"toggle_3e876abfb630bd2dd\"><div class=\"panel-body toggle-content fusion-clearfix\">\n<p>Es ist am besten, im Voraus zu reservieren, insbesondere zu Sto\u00dfzeiten (Himmelfahrt, Pfingsten, Ard\u00e8che-Aluna-Festival und Juli\/August).<br \/>\nWenn Sie au\u00dferdem im Voraus auf unserer Website buchen, profitieren Sie von unseren Sonderkonditionen und sparen Zeit vor der Abreise am Tag Ihrer Abfahrt (kein Abschluss des Mietvertrags erforderlich).<br \/>\nEs ist auch m\u00f6glich, ohne Reservierung vor Ort zu sein, es wird der \u201eCounter\u201c-Tarif angewendet und an Sto\u00dftagen besteht die Gefahr, dass Ihnen die Abreise verweigert wird.<\/p>\n<\/div><\/div><\/div><div class=\"fusion-panel panel-default panel-b136865f803ba12fd fusion-toggle-no-divider fusion-toggle-boxed-mode\" style=\"--awb-title-color:var(--awb-color8);\"><div class=\"panel-heading\"><h4 class=\"panel-title toggle\" id=\"toggle_b136865f803ba12fd\"><a aria-expanded=\"false\" aria-controls=\"b136865f803ba12fd\" role=\"button\" data-toggle=\"collapse\" data-parent=\"#accordion-3323-2\" data-target=\"#b136865f803ba12fd\" href=\"#b136865f803ba12fd\"><span class=\"fusion-toggle-icon-wrapper\" aria-hidden=\"true\"><i class=\"fa-fusion-box active-icon awb-icon-minus\" aria-hidden=\"true\"><\/i><i class=\"fa-fusion-box inactive-icon awb-icon-plus\" aria-hidden=\"true\"><\/i><\/span><span class=\"fusion-toggle-heading\">Wie kann ich reservieren?<\/span><\/a><\/h4><\/div><div id=\"b136865f803ba12fd\" class=\"panel-collapse collapse \" araia-labelledby=\"toggle_b136865f803ba12fd\"><div class=\"panel-body toggle-content fusion-clearfix\">\n<p>Wir empfehlen Ihnen, <a href=\"https:\/\/www.canoe-ardeche.com\/de\/online-buchung\/\">online zu buchen<\/a>, um von unseren Sonderkonditionen zu profitieren.<br \/>\nSie k\u00f6nnen auch telefonisch unter <a href=\"tel:+33475371779\">0033 4 75 37 17 79<\/a> oder per E-Mail contact@canoe-ardeche.com buchen oder direkt zu einer unserer St\u00fctzpunkte kommen.<\/p>\n<\/div><\/div><\/div><div class=\"fusion-panel panel-default panel-0da7f0de06322c32e fusion-toggle-no-divider fusion-toggle-boxed-mode\" style=\"--awb-title-color:var(--awb-color8);\"><div class=\"panel-heading\"><h4 class=\"panel-title toggle\" id=\"toggle_0da7f0de06322c32e\"><a aria-expanded=\"false\" aria-controls=\"0da7f0de06322c32e\" role=\"button\" data-toggle=\"collapse\" data-parent=\"#accordion-3323-2\" data-target=\"#0da7f0de06322c32e\" href=\"#0da7f0de06322c32e\"><span class=\"fusion-toggle-icon-wrapper\" aria-hidden=\"true\"><i class=\"fa-fusion-box active-icon awb-icon-minus\" aria-hidden=\"true\"><\/i><i class=\"fa-fusion-box inactive-icon awb-icon-plus\" aria-hidden=\"true\"><\/i><\/span><span class=\"fusion-toggle-heading\">Welche Zahlungsarten werden akzeptiert?<\/span><\/a><\/h4><\/div><div id=\"0da7f0de06322c32e\" class=\"panel-collapse collapse \" araia-labelledby=\"toggle_0da7f0de06322c32e\"><div class=\"panel-body toggle-content fusion-clearfix\">An unseren 2 Abfahrtsbasen akzeptieren wir folgende Zahlungsarten:<\/p>\n<ul>\n<li>Ch\u00e8que (FR)<\/li>\n<li>Ch\u00e8que Vacances ANCV (FR)<\/li>\n<li>Bankkarte<\/li>\n<li>Spezies<\/li>\n<\/ul>\n<p>F\u00fcr Online-Reservierungen akzeptieren wir ausschlie\u00dflich die Zahlung per Karte. Wenn Sie vor Ort in bar, per Scheck oder Ch\u00e8que Vacances (FR) bezahlen m\u00f6chten, senden Sie uns bitte Ihre Reservierung per E-Mail an contact@canoe-ardeche.com oder kontaktieren Sie uns telefonisch unter <a href=\"tel:+33475371779\">0033 4 75 37 17 79<\/a>.<\/div><\/div><\/div><div class=\"fusion-panel panel-default panel-753672a51c305bcee fusion-toggle-no-divider fusion-toggle-boxed-mode\" style=\"--awb-title-color:var(--awb-color8);\"><div class=\"panel-heading\"><h4 class=\"panel-title toggle\" id=\"toggle_753672a51c305bcee\"><a aria-expanded=\"false\" aria-controls=\"753672a51c305bcee\" role=\"button\" data-toggle=\"collapse\" data-parent=\"#accordion-3323-2\" data-target=\"#753672a51c305bcee\" href=\"#753672a51c305bcee\"><span class=\"fusion-toggle-icon-wrapper\" aria-hidden=\"true\"><i class=\"fa-fusion-box active-icon awb-icon-minus\" aria-hidden=\"true\"><\/i><i class=\"fa-fusion-box inactive-icon awb-icon-plus\" aria-hidden=\"true\"><\/i><\/span><span class=\"fusion-toggle-heading\">Wir haben eine SMARTBOX, WONDERBOX, DAKOTABOX\u2026 Wie k\u00f6nnen wir reservieren?<\/span><\/a><\/h4><\/div><div id=\"753672a51c305bcee\" class=\"panel-collapse collapse \" araia-labelledby=\"toggle_753672a51c305bcee\"><div class=\"panel-body toggle-content fusion-clearfix\">Um mit einer Geschenkbox zu reservieren, bitten wir Sie, uns Ihre Reservierung per E-Mail an contact@canoe-ardeche.com zu senden. Vermerken Sie in der E-Mail das gew\u00fcnschte Datum Ihrer Abfahrt und f\u00fcgen Sie ein Foto oder einen Scan Ihres Coupons (mit Barcode) bei. Nach Erhalt Ihrer E-Mail validieren wir Ihren Geschenkgutschein und best\u00e4tigen Ihre Reservierung per E-Mail.<\/div><\/div><\/div><div class=\"fusion-panel panel-default panel-024190f9dff675f28 fusion-toggle-no-divider fusion-toggle-boxed-mode\" style=\"--awb-title-color:var(--awb-color8);\"><div class=\"panel-heading\"><h4 class=\"panel-title toggle\" id=\"toggle_024190f9dff675f28\"><a aria-expanded=\"false\" aria-controls=\"024190f9dff675f28\" role=\"button\" data-toggle=\"collapse\" data-parent=\"#accordion-3323-2\" data-target=\"#024190f9dff675f28\" href=\"#024190f9dff675f28\"><span class=\"fusion-toggle-icon-wrapper\" aria-hidden=\"true\"><i class=\"fa-fusion-box active-icon awb-icon-minus\" aria-hidden=\"true\"><\/i><i class=\"fa-fusion-box inactive-icon awb-icon-plus\" aria-hidden=\"true\"><\/i><\/span><span class=\"fusion-toggle-heading\">Wir haben einen Kredit- oder Geschenkgutschein f\u00fcr die Base Nautique du Pont d\u2019Arc. Wie kann ich reservieren?<\/span><\/a><\/h4><\/div><div id=\"024190f9dff675f28\" class=\"panel-collapse collapse \" araia-labelledby=\"toggle_024190f9dff675f28\"><div class=\"panel-body toggle-content fusion-clearfix\">Um mit einem Guthaben oder Geschenkgutschein zu buchen, kontaktieren Sie uns bitte telefonisch unter <a href=\"tel:+33475371779\">0033 4 75 37 17 79<\/a> oder per E-Mail contact@canoe-ardeche.com<\/div><\/div><\/div><div class=\"fusion-panel panel-default panel-753185503e77347ea fusion-toggle-no-divider fusion-toggle-boxed-mode\" style=\"--awb-title-color:var(--awb-color8);\"><div class=\"panel-heading\"><h4 class=\"panel-title toggle\" id=\"toggle_753185503e77347ea\"><a aria-expanded=\"false\" aria-controls=\"753185503e77347ea\" role=\"button\" data-toggle=\"collapse\" data-parent=\"#accordion-3323-2\" data-target=\"#753185503e77347ea\" href=\"#753185503e77347ea\"><span class=\"fusion-toggle-icon-wrapper\" aria-hidden=\"true\"><i class=\"fa-fusion-box active-icon awb-icon-minus\" aria-hidden=\"true\"><\/i><i class=\"fa-fusion-box inactive-icon awb-icon-plus\" aria-hidden=\"true\"><\/i><\/span><span class=\"fusion-toggle-heading\">Wir sind eine Gruppe. Gibt es spezielle Gruppentarife?<\/span><\/a><\/h4><\/div><div id=\"753185503e77347ea\" class=\"panel-collapse collapse \" araia-labelledby=\"toggle_753185503e77347ea\"><div class=\"panel-body toggle-content fusion-clearfix\">\n<p>Ab 10 Personen gelten erm\u00e4\u00dfigte Tarife. Der Rabatt wird automatisch abgezogen, wenn Sie online buchen.<br \/>\nUnsere Gruppenpreise finden Sie auf der Seite <a href=\"\/tarifs\/\">Preise<\/a>. F\u00fcr ein ma\u00dfgeschneidertes Angebot z\u00f6gern Sie nicht, uns telefonisch oder per E-Mail zu kontaktieren.<\/p>\n<\/div><\/div><\/div><div class=\"fusion-panel panel-default panel-4db626cb737223420 fusion-toggle-no-divider fusion-toggle-boxed-mode\" style=\"--awb-title-color:var(--awb-color8);\"><div class=\"panel-heading\"><h4 class=\"panel-title toggle\" id=\"toggle_4db626cb737223420\"><a aria-expanded=\"false\" aria-controls=\"4db626cb737223420\" role=\"button\" data-toggle=\"collapse\" data-parent=\"#accordion-3323-2\" data-target=\"#4db626cb737223420\" href=\"#4db626cb737223420\"><span class=\"fusion-toggle-icon-wrapper\" aria-hidden=\"true\"><i class=\"fa-fusion-box active-icon awb-icon-minus\" aria-hidden=\"true\"><\/i><i class=\"fa-fusion-box inactive-icon awb-icon-plus\" aria-hidden=\"true\"><\/i><\/span><span class=\"fusion-toggle-heading\">Wir w\u00fcrden den Abstieg gerne mit einem Kind unter 7 Jahren machen, ist das m\u00f6glich?<\/span><\/a><\/h4><\/div><div id=\"4db626cb737223420\" class=\"panel-collapse collapse \" araia-labelledby=\"toggle_4db626cb737223420\"><div class=\"panel-body toggle-content fusion-clearfix\">\n<p>Eine kostenlose Kursabfahrt ist mit einem Kind unter 7 Jahren nicht m\u00f6glich, es handelt sich dabei um eine sehr strenge Regelung.<br \/>\nWenn Sie die Abfahrt mit Kindern unter 7 Jahren machen m\u00f6chten, k\u00f6nnen wir Ihnen eine Abfahrt mit einem staatlich gepr\u00fcften Lehrer anbieten. F\u00fcr weitere Informationen kontaktieren Sie uns bitte unter <a href=\"tel:+33475371779\">0033 4 75 37 17 79<\/a>, per WhatsApp-Nachricht unter 0033 7 82 72 72 03 oder per E-Mail contact@canoe-ardeche.com oder konsultieren Sie <a href=\"\/les-descentes-en-canoe\/mini-descente-accompagnee-7km\/\">diese Seite<\/a>.<\/p>\n<\/div><\/div><\/div><\/div><\/div><div class=\"fusion-title title fusion-title-5 sep-underline sep-dashed fusion-title-text fusion-title-size-three\"><h3 class=\"title-heading-left\" style=\"margin:0;\">Um eine Reservierung zu stornieren<\/h3><\/div><div class=\"accordian fusion-accordian\" style=\"--awb-border-size:1px;--awb-icon-size:16px;--awb-content-font-size:var(--awb-typography4-font-size);--awb-icon-alignment:left;--awb-hover-color:var(--awb-color2);--awb-border-color:var(--awb-color3);--awb-background-color:var(--awb-color1);--awb-divider-color:var(--awb-color3);--awb-divider-hover-color:var(--awb-color3);--awb-icon-color:var(--awb-color1);--awb-title-color:var(--awb-custom12);--awb-content-color:var(--awb-custom10);--awb-icon-box-color:var(--awb-custom12);--awb-toggle-hover-accent-color:var(--awb-custom10);--awb-title-font-family:&quot;Poppins&quot;;--awb-title-font-weight:regular;--awb-title-font-style:normal;--awb-title-font-size:16px;--awb-title-line-height:1.5;--awb-content-font-family:&quot;Poppins&quot;;--awb-content-font-style:normal;--awb-content-font-weight:regular;\"><div class=\"panel-group fusion-toggle-icon-boxed\" id=\"accordion-3323-3\"><div class=\"fusion-panel panel-default panel-c793f95d073699750 fusion-toggle-no-divider fusion-toggle-boxed-mode\" style=\"--awb-title-color:var(--awb-color8);\"><div class=\"panel-heading\"><h4 class=\"panel-title toggle\" id=\"toggle_c793f95d073699750\"><a aria-expanded=\"false\" aria-controls=\"c793f95d073699750\" role=\"button\" data-toggle=\"collapse\" data-parent=\"#accordion-3323-3\" data-target=\"#c793f95d073699750\" href=\"#c793f95d073699750\"><span class=\"fusion-toggle-icon-wrapper\" aria-hidden=\"true\"><i class=\"fa-fusion-box active-icon awb-icon-minus\" aria-hidden=\"true\"><\/i><i class=\"fa-fusion-box inactive-icon awb-icon-plus\" aria-hidden=\"true\"><\/i><\/span><span class=\"fusion-toggle-heading\">K\u00f6nnen wir unsere Reservierung stornieren?<\/span><\/a><\/h4><\/div><div id=\"c793f95d073699750\" class=\"panel-collapse collapse \" araia-labelledby=\"toggle_c793f95d073699750\"><div class=\"panel-body toggle-content fusion-clearfix\">\n<p>Um eine Reservierung zu stornieren, bitten wir Sie, uns contact@canoe-ardeche.com vor dem geplanten Datum der Dienstleistung telefonisch oder per E-Mail zu kontaktieren.<\/p>\n<p>In den folgenden F\u00e4llen wird eine vollst\u00e4ndige R\u00fcckerstattung gew\u00e4hrt:<br \/>\n&#8211; H\u00f6here Gewalt: Tod, Krankenhausaufenthalt, Krankheit, Unfall usw. (gegen Vorlage eines Nachweises)<br \/>\n&#8211; Fahrverbot auf der Ard\u00e8che: wegen ung\u00fcnstigen Wetters (orange oder rote Wachsamkeit, die von M\u00e9t\u00e9o France angek\u00fcndigt wurde) oder einer \u00dcberschwemmung der Ard\u00e8che (gem\u00e4\u00df den geltenden Schifffahrtsbeschr\u00e4nkungen)<br \/>\n&#8211; Regierungsentscheidungen aufgrund einer Pandemie<br \/>\n&#8211; Wenn die Entscheidung, die Abfahrt abzubrechen, von uns kommt.<br \/>\nDie R\u00fcckerstattung erfolgt per Bank\u00fcberweisung innerhalb von 21 Tagen nach Erhalt der Bankverbindung des Kunden.<\/p>\n<p>Ohne Nachweis oder triftigen Grund erfolgt keine R\u00fcckerstattung.<br \/>\nEs werden keine R\u00fcckerstattungen nach \u00c4nderungen in letzter Minute (Anzahl der Personen, Buchungsfehler usw.) vorgenommen.<br \/>\nEs erfolgt keine R\u00fcckerstattung, wenn das geplante Datum der Dienstleistung \u00fcberschritten ist.<br \/>\nIn diesen F\u00e4llen k\u00f6nnen wir das Datum der Dienstleistung verschieben oder eine Gutschrift ausstellen, die 2 Jahre g\u00fcltig ist.<br \/>\nBei Nichteinhaltung der beiden zwingenden Bedingungen, die in unseren allgemeinen Mietbedingungen genannt sind, erfolgt keine R\u00fcckerstattung: mindestens 7 Jahre alt sein und mindestens 25 Meter schwimmen k\u00f6nnen<\/p>\n<p>Wenn die Wettervorhersage &#8222;ung\u00fcnstig&#8220; (Regen, Wind usw.), aber nicht gef\u00e4hrlich (schwere Gewitter, orangefarbene oder rote Wachsamkeit usw.) ist, werden die Abfahrten beibehalten. Es werden keine R\u00fcckerstattungen gew\u00e4hrt.<br \/>\nWenn der Kunde dennoch seinen Abstieg stornieren m\u00f6chte, bieten wir 2 M\u00f6glichkeiten an:<br \/>\n&#8211; Wir k\u00f6nnen eine Gutschrift mit einer G\u00fcltigkeit von 2 Jahren \u00fcber den Betrag der gebuchten Leistung ausstellen<br \/>\noder<br \/>\n&#8211; Wir k\u00f6nnen den Termin der Dienstleistung verschieben<\/p>\n<\/div><\/div><\/div><\/div><\/div><div class=\"fusion-title title fusion-title-6 sep-underline sep-dashed fusion-title-text fusion-title-size-three\"><h3 class=\"title-heading-left\" style=\"margin:0;\">Praktische Information<\/h3><\/div><div class=\"accordian fusion-accordian\" style=\"--awb-border-size:1px;--awb-icon-size:16px;--awb-content-font-size:var(--awb-typography4-font-size);--awb-icon-alignment:left;--awb-hover-color:var(--awb-color2);--awb-border-color:var(--awb-color3);--awb-background-color:var(--awb-color1);--awb-divider-color:var(--awb-color3);--awb-divider-hover-color:var(--awb-color3);--awb-icon-color:var(--awb-color1);--awb-title-color:var(--awb-custom12);--awb-content-color:var(--awb-custom10);--awb-icon-box-color:var(--awb-custom12);--awb-toggle-hover-accent-color:var(--awb-custom10);--awb-title-font-family:&quot;Poppins&quot;;--awb-title-font-weight:regular;--awb-title-font-style:normal;--awb-title-font-size:16px;--awb-title-line-height:1.5;--awb-content-font-family:&quot;Poppins&quot;;--awb-content-font-style:normal;--awb-content-font-weight:regular;\"><div class=\"panel-group fusion-toggle-icon-boxed\" id=\"accordion-3323-4\"><div class=\"fusion-panel panel-default panel-2a9f81011da586386 fusion-toggle-no-divider fusion-toggle-boxed-mode\" style=\"--awb-title-color:var(--awb-color8);\"><div class=\"panel-heading\"><h4 class=\"panel-title toggle\" id=\"toggle_2a9f81011da586386\"><a aria-expanded=\"false\" aria-controls=\"2a9f81011da586386\" role=\"button\" data-toggle=\"collapse\" data-parent=\"#accordion-3323-4\" data-target=\"#2a9f81011da586386\" href=\"#2a9f81011da586386\"><span class=\"fusion-toggle-icon-wrapper\" aria-hidden=\"true\"><i class=\"fa-fusion-box active-icon awb-icon-minus\" aria-hidden=\"true\"><\/i><i class=\"fa-fusion-box inactive-icon awb-icon-plus\" aria-hidden=\"true\"><\/i><\/span><span class=\"fusion-toggle-heading\">Wo ist der Ausgangspunkt meines Abstiegs?<\/span><\/a><\/h4><\/div><div id=\"2a9f81011da586386\" class=\"panel-collapse collapse \" araia-labelledby=\"toggle_2a9f81011da586386\"><div class=\"panel-body toggle-content fusion-clearfix\">\n<p>Um den Ausgangspunkt Ihrer Abfahrt zu erfahren, konsultieren Sie bitte die jeweilige Abfahrtsseite. Bitte beachten Sie, dass der Startpunkt je nach Saison unterschiedlich sein kann.<br \/>\nWir haben 2 verschiedene Ausgangspunkte. Einen Anfahrtsplan f\u00fcr jeden Startpunkt finden Sie auf unserer <a href=\"\/acces\/\">Anfahrtsseite<\/a>.<\/p>\n<p><strong>Basis Nr. 1<\/strong>: Beginn der Abfahrt von 7 km, 24 km und 31 km (in 1 oder 2 Tagen)<br \/>\n<strong>Basis Nr. 2<\/strong> (ge\u00f6ffnet vom 07.05.24 bis 14.09.24): Beginn der Abfahrt von 5 km, 12 km und 36 km in 2 Tagen<\/p>\n<p>Wenn die Basis Nr. 2 geschlossen ist, erfolgen Abfahrten f\u00fcr Abfahrten von 5 km, 12 km und 36 km in 2 Tagen von unserer Basis Nr. 1 aus. Ein Shuttle bringt Sie zum Ausgangspunkt. Weitere Details auf der Seite \u201e<a href=\"\/acces\/\">Zugriff<\/a>\u201c.<\/p>\n<\/div><\/div><\/div><div class=\"fusion-panel panel-default panel-f5f2f7de91ea96e39 fusion-toggle-no-divider fusion-toggle-boxed-mode\" style=\"--awb-title-color:var(--awb-color8);\"><div class=\"panel-heading\"><h4 class=\"panel-title toggle\" id=\"toggle_f5f2f7de91ea96e39\"><a aria-expanded=\"false\" aria-controls=\"f5f2f7de91ea96e39\" role=\"button\" data-toggle=\"collapse\" data-parent=\"#accordion-3323-4\" data-target=\"#f5f2f7de91ea96e39\" href=\"#f5f2f7de91ea96e39\"><span class=\"fusion-toggle-icon-wrapper\" aria-hidden=\"true\"><i class=\"fa-fusion-box active-icon awb-icon-minus\" aria-hidden=\"true\"><\/i><i class=\"fa-fusion-box inactive-icon awb-icon-plus\" aria-hidden=\"true\"><\/i><\/span><span class=\"fusion-toggle-heading\">Wir sind Anf\u00e4nger, wir sind noch nie Kanu gefahren, k\u00f6nnen wir trotzdem die Ard\u00e8che hinunterfahren?<\/span><\/a><\/h4><\/div><div id=\"f5f2f7de91ea96e39\" class=\"panel-collapse collapse \" araia-labelledby=\"toggle_f5f2f7de91ea96e39\"><div class=\"panel-body toggle-content fusion-clearfix\">\n<p>Der Abstieg der Ard\u00e8che ist eine Aktivit\u00e4t, die f\u00fcr alle zug\u00e4nglich ist (Kinder ab 7 Jahren). Vor der Abfahrt wird Ihnen der Abstieg und die Richtung des Bootes erkl\u00e4rt. Die Ard\u00e8che ist ein Fluss ohne allzu gro\u00dfe Schwierigkeiten, auch die technischeren Passagen werden Ihnen vor der Abfahrt erkl\u00e4rt. Sie m\u00fcssen mindestens 25 Meter schwimmen k\u00f6nnen und in der Lage sein, unterzutauchen. Das Mindestalter f\u00fcr den Abstieg betr\u00e4gt 7 Jahre. F\u00fcr eine Abfahrt mit Kindern unter 7 Jahren konsultieren Sie bitte <a href=\"\/les-descentes-en-canoe\/mini-descente-accompagnee-7km\/\">diese Seite<\/a>.<\/p>\n<\/div><\/div><\/div><div class=\"fusion-panel panel-default panel-e8c7b5c598ec13526 fusion-toggle-no-divider fusion-toggle-boxed-mode\" style=\"--awb-title-color:var(--awb-color8);\"><div class=\"panel-heading\"><h4 class=\"panel-title toggle\" id=\"toggle_e8c7b5c598ec13526\"><a aria-expanded=\"false\" aria-controls=\"e8c7b5c598ec13526\" role=\"button\" data-toggle=\"collapse\" data-parent=\"#accordion-3323-4\" data-target=\"#e8c7b5c598ec13526\" href=\"#e8c7b5c598ec13526\"><span class=\"fusion-toggle-icon-wrapper\" aria-hidden=\"true\"><i class=\"fa-fusion-box active-icon awb-icon-minus\" aria-hidden=\"true\"><\/i><i class=\"fa-fusion-box inactive-icon awb-icon-plus\" aria-hidden=\"true\"><\/i><\/span><span class=\"fusion-toggle-heading\">Was sollten wir f\u00fcr unseren Abstieg mitbringen?<\/span><\/a><\/h4><\/div><div id=\"e8c7b5c598ec13526\" class=\"panel-collapse collapse \" araia-labelledby=\"toggle_e8c7b5c598ec13526\"><div class=\"panel-body toggle-content fusion-clearfix\">\n<ul>\n<li>Schuhe, die gut zu Ihren F\u00fc\u00dfen passen (Sandalen, Wasserschuhe, Turnschuhe usw.).<\/li>\n<li>Ein Picknick und mindestens 1,5 Liter Wasser pro Person<\/li>\n<li>Sonnencreme, M\u00fctze, T-Shirt\u2026<\/li>\n<li>Eine Plastiktasche zum Verstauen von Telefon, Kamera, Papieren usw.<\/li>\n<li>Schn\u00fcre zur Befestigung Ihrer (Sonnen-)Brille<\/li>\n<li>Wechselkleidung f\u00fcr nach dem Abstieg<\/li>\n<li>Handtuch\u2026<\/li>\n<\/ul>\n<\/div><\/div><\/div><div class=\"fusion-panel panel-default panel-34cd922678adfa396 fusion-toggle-no-divider fusion-toggle-boxed-mode\" style=\"--awb-title-color:var(--awb-color8);\"><div class=\"panel-heading\"><h4 class=\"panel-title toggle\" id=\"toggle_34cd922678adfa396\"><a aria-expanded=\"false\" aria-controls=\"34cd922678adfa396\" role=\"button\" data-toggle=\"collapse\" data-parent=\"#accordion-3323-4\" data-target=\"#34cd922678adfa396\" href=\"#34cd922678adfa396\"><span class=\"fusion-toggle-icon-wrapper\" aria-hidden=\"true\"><i class=\"fa-fusion-box active-icon awb-icon-minus\" aria-hidden=\"true\"><\/i><i class=\"fa-fusion-box inactive-icon awb-icon-plus\" aria-hidden=\"true\"><\/i><\/span><span class=\"fusion-toggle-heading\">Welche Ausr\u00fcstung leihen Sie uns?<\/span><\/a><\/h4><\/div><div id=\"34cd922678adfa396\" class=\"panel-collapse collapse \" araia-labelledby=\"toggle_34cd922678adfa396\"><div class=\"panel-body toggle-content fusion-clearfix\">\n<ul>\n<li>Doppelpaddel und Sit-on-Top-Kanu\/Kajak<\/li>\n<li>Schwimmweste, w\u00e4hrend des gesamten Abstiegs obligatorisch<\/li>\n<li>Beh\u00e4lter zur Aufbewahrung Ihrer Sachen (wir \u00fcbernehmen keine Garantie f\u00fcr die Wasserdichtigkeit unserer Beh\u00e4lter, es h\u00e4ngt davon ab, wie der Benutzer sie verschlie\u00dft).<\/li>\n<\/ul>\n<\/div><\/div><\/div><div class=\"fusion-panel panel-default panel-208983af00501e531 fusion-toggle-no-divider fusion-toggle-boxed-mode\" style=\"--awb-title-color:var(--awb-color8);\"><div class=\"panel-heading\"><h4 class=\"panel-title toggle\" id=\"toggle_208983af00501e531\"><a aria-expanded=\"false\" aria-controls=\"208983af00501e531\" role=\"button\" data-toggle=\"collapse\" data-parent=\"#accordion-3323-4\" data-target=\"#208983af00501e531\" href=\"#208983af00501e531\"><span class=\"fusion-toggle-icon-wrapper\" aria-hidden=\"true\"><i class=\"fa-fusion-box active-icon awb-icon-minus\" aria-hidden=\"true\"><\/i><i class=\"fa-fusion-box inactive-icon awb-icon-plus\" aria-hidden=\"true\"><\/i><\/span><span class=\"fusion-toggle-heading\">Sollten wir einen Helm tragen?<\/span><\/a><\/h4><\/div><div id=\"208983af00501e531\" class=\"panel-collapse collapse \" araia-labelledby=\"toggle_208983af00501e531\"><div class=\"panel-body toggle-content fusion-clearfix\">In der Ard\u00e8che besteht keine Helmpflicht. Auf einfache Anfrage k\u00f6nnen wir Ihnen diese weiterhin zur Verf\u00fcgung stellen.<\/div><\/div><\/div><div class=\"fusion-panel panel-default panel-d36e8fe3b7803f8f6 fusion-toggle-no-divider fusion-toggle-boxed-mode\" style=\"--awb-title-color:var(--awb-color8);\"><div class=\"panel-heading\"><h4 class=\"panel-title toggle\" id=\"toggle_d36e8fe3b7803f8f6\"><a aria-expanded=\"false\" aria-controls=\"d36e8fe3b7803f8f6\" role=\"button\" data-toggle=\"collapse\" data-parent=\"#accordion-3323-4\" data-target=\"#d36e8fe3b7803f8f6\" href=\"#d36e8fe3b7803f8f6\"><span class=\"fusion-toggle-icon-wrapper\" aria-hidden=\"true\"><i class=\"fa-fusion-box active-icon awb-icon-minus\" aria-hidden=\"true\"><\/i><i class=\"fa-fusion-box inactive-icon awb-icon-plus\" aria-hidden=\"true\"><\/i><\/span><span class=\"fusion-toggle-heading\">K\u00f6nnen Sie uns die Route erkl\u00e4ren, bevor wir losfahren? Woher wissen Sie, wo Sie anhalten m\u00fcssen?<\/span><\/a><\/h4><\/div><div id=\"d36e8fe3b7803f8f6\" class=\"panel-collapse collapse \" araia-labelledby=\"toggle_d36e8fe3b7803f8f6\"><div class=\"panel-body toggle-content fusion-clearfix\">Vor Ihrer Abreise erkl\u00e4ren wir Ihnen den geplanten Abstieg und die technischen Passagen. Wir zeigen Ihnen auch die Ankunft Ihrer Abfahrt und erkl\u00e4ren Ihnen die R\u00fcckfahrt mit dem Bus. Wenn Sie nach diesem Briefing Fragen haben oder Ihnen etwas nicht klar ist, z\u00f6gern Sie nicht, uns dies mitzuteilen.<\/div><\/div><\/div><div class=\"fusion-panel panel-default panel-c5781285284947068 fusion-toggle-no-divider fusion-toggle-boxed-mode\" style=\"--awb-title-color:var(--awb-color8);\"><div class=\"panel-heading\"><h4 class=\"panel-title toggle\" id=\"toggle_c5781285284947068\"><a aria-expanded=\"false\" aria-controls=\"c5781285284947068\" role=\"button\" data-toggle=\"collapse\" data-parent=\"#accordion-3323-4\" data-target=\"#c5781285284947068\" href=\"#c5781285284947068\"><span class=\"fusion-toggle-icon-wrapper\" aria-hidden=\"true\"><i class=\"fa-fusion-box active-icon awb-icon-minus\" aria-hidden=\"true\"><\/i><i class=\"fa-fusion-box inactive-icon awb-icon-plus\" aria-hidden=\"true\"><\/i><\/span><span class=\"fusion-toggle-heading\">Wir wollen den Abstieg in 2 Tagen schaffen, wie buche ich das Biwak?<\/span><\/a><\/h4><\/div><div id=\"c5781285284947068\" class=\"panel-collapse collapse \" araia-labelledby=\"toggle_c5781285284947068\"><div class=\"panel-body toggle-content fusion-clearfix\">\n<p>F\u00fcr den Abstieg in 2 Tagen m\u00fcssen Sie Ihre \u201eBiwak\u201c-Tickets reservieren. Bitte konsultieren Sie die Seite des gew\u00fcnschten Abstiegs oder <a href=\"\/les-descentes-en-canoe\/descente-en-2-jours-31km-avec-bivouac\/\">diese Seite<\/a>, um Ihre Pl\u00e4tze zu reservieren!<\/p>\n<\/div><\/div><\/div><div class=\"fusion-panel panel-default panel-6ceb600172cc95afe fusion-toggle-no-divider fusion-toggle-boxed-mode\" style=\"--awb-title-color:var(--awb-color8);\"><div class=\"panel-heading\"><h4 class=\"panel-title toggle\" id=\"toggle_6ceb600172cc95afe\"><a aria-expanded=\"false\" aria-controls=\"6ceb600172cc95afe\" role=\"button\" data-toggle=\"collapse\" data-parent=\"#accordion-3323-4\" data-target=\"#6ceb600172cc95afe\" href=\"#6ceb600172cc95afe\"><span class=\"fusion-toggle-icon-wrapper\" aria-hidden=\"true\"><i class=\"fa-fusion-box active-icon awb-icon-minus\" aria-hidden=\"true\"><\/i><i class=\"fa-fusion-box inactive-icon awb-icon-plus\" aria-hidden=\"true\"><\/i><\/span><span class=\"fusion-toggle-heading\">Wir machen den Abstieg in 2 Tagen, wie sollen wir unser Zelt auf das Boot bringen? Gibt es Platz f\u00fcr all unsere Sachen?<\/span><\/a><\/h4><\/div><div id=\"6ceb600172cc95afe\" class=\"panel-collapse collapse \" araia-labelledby=\"toggle_6ceb600172cc95afe\"><div class=\"panel-body toggle-content fusion-clearfix\">Zelte passen nicht in unsere Container. Wir empfehlen Ihnen, es in einen gro\u00dfen M\u00fcllsack zu stecken und an Ihrem Boot zu befestigen (Seil bereitstellen).<br \/>\nF\u00fcr die Aufbewahrung Ihrer Sachen f\u00fcr die 2 Tage steht pro Person ein 55-Liter-Beh\u00e4lter zur Verf\u00fcgung. Bitte beachten Sie: Wenn Sie ein Kind auf dem dritten Platz haben, haben Sie nur Platz f\u00fcr einen Beh\u00e4lter auf dem Kanu.<\/div><\/div><\/div><div class=\"fusion-panel panel-default panel-a04bbdb41ce5f89f2 fusion-toggle-no-divider fusion-toggle-boxed-mode\" style=\"--awb-title-color:var(--awb-color8);\"><div class=\"panel-heading\"><h4 class=\"panel-title toggle\" id=\"toggle_a04bbdb41ce5f89f2\"><a aria-expanded=\"false\" aria-controls=\"a04bbdb41ce5f89f2\" role=\"button\" data-toggle=\"collapse\" data-parent=\"#accordion-3323-4\" data-target=\"#a04bbdb41ce5f89f2\" href=\"#a04bbdb41ce5f89f2\"><span class=\"fusion-toggle-icon-wrapper\" aria-hidden=\"true\"><i class=\"fa-fusion-box active-icon awb-icon-minus\" aria-hidden=\"true\"><\/i><i class=\"fa-fusion-box inactive-icon awb-icon-plus\" aria-hidden=\"true\"><\/i><\/span><span class=\"fusion-toggle-heading\">Wir machen einen Abstieg in 2 Tagen, was gibt es an den Biwakpl\u00e4tzen?<\/span><\/a><\/h4><\/div><div id=\"a04bbdb41ce5f89f2\" class=\"panel-collapse collapse \" araia-labelledby=\"toggle_a04bbdb41ce5f89f2\"><div class=\"panel-body toggle-content fusion-clearfix\">In den Biwakbereichen stehen Ihnen Toiletten, eine Erste-Hilfe-Station und Grillm\u00f6glichkeiten mit Holzkohle zur Verf\u00fcgung. Weitere Einzelheiten finden Sie auf dieser Seite.<\/div><\/div><\/div><div class=\"fusion-panel panel-default panel-5473c8fee3c04b44a fusion-toggle-no-divider fusion-toggle-boxed-mode\" style=\"--awb-title-color:var(--awb-color8);\"><div class=\"panel-heading\"><h4 class=\"panel-title toggle\" id=\"toggle_5473c8fee3c04b44a\"><a aria-expanded=\"false\" aria-controls=\"5473c8fee3c04b44a\" role=\"button\" data-toggle=\"collapse\" data-parent=\"#accordion-3323-4\" data-target=\"#5473c8fee3c04b44a\" href=\"#5473c8fee3c04b44a\"><span class=\"fusion-toggle-icon-wrapper\" aria-hidden=\"true\"><i class=\"fa-fusion-box active-icon awb-icon-minus\" aria-hidden=\"true\"><\/i><i class=\"fa-fusion-box inactive-icon awb-icon-plus\" aria-hidden=\"true\"><\/i><\/span><span class=\"fusion-toggle-heading\">K\u00f6nnen wir unseren Hund mitbringen?<\/span><\/a><\/h4><\/div><div id=\"5473c8fee3c04b44a\" class=\"panel-collapse collapse \" araia-labelledby=\"toggle_5473c8fee3c04b44a\"><div class=\"panel-body toggle-content fusion-clearfix\">Ja, es ist m\u00f6glich, Ihren Hund bergab mitzunehmen.<br \/>\nDer Hund muss schwimmen k\u00f6nnen, darf keine Angst vor Wasser haben und wir raten dringend davon ab, ihn im Boot anzubinden und alles wie eine Leine oder ein Halsband abzunehmen. Bei Ihren Aufenthalten am Wasser muss der Hund an der Leine gef\u00fchrt werden.<\/div><\/div><\/div><div class=\"fusion-panel panel-default panel-ed9b20b9e165cd563 fusion-toggle-no-divider fusion-toggle-boxed-mode\" style=\"--awb-title-color:var(--awb-color8);\"><div class=\"panel-heading\"><h4 class=\"panel-title toggle\" id=\"toggle_ed9b20b9e165cd563\"><a aria-expanded=\"false\" aria-controls=\"ed9b20b9e165cd563\" role=\"button\" data-toggle=\"collapse\" data-parent=\"#accordion-3323-4\" data-target=\"#ed9b20b9e165cd563\" href=\"#ed9b20b9e165cd563\"><span class=\"fusion-toggle-icon-wrapper\" aria-hidden=\"true\"><i class=\"fa-fusion-box active-icon awb-icon-minus\" aria-hidden=\"true\"><\/i><i class=\"fa-fusion-box inactive-icon awb-icon-plus\" aria-hidden=\"true\"><\/i><\/span><span class=\"fusion-toggle-heading\">Wir haben unseren Abstieg beendet, wie kommen wir zur\u00fcck zu unserem Auto?<\/span><\/a><\/h4><\/div><div id=\"ed9b20b9e165cd563\" class=\"panel-collapse collapse \" araia-labelledby=\"toggle_ed9b20b9e165cd563\"><div class=\"panel-body toggle-content fusion-clearfix\">\n<p>Nach dem Abstieg bringt Sie ein Shuttle zur\u00fcck zum Ausgangspunkt.<br \/>\nF\u00fcr halbt\u00e4gige Abfahrten gibt es mehrere Shuttle-Zeiten. Sie w\u00e4hlen Ihre R\u00fcckkehrzeit (vor Ihrer Abreise, je nach Verf\u00fcgbarkeit).<br \/>\nBei Tages- oder Mehrtagesabfahrten erfolgt die Ankunft zwischen 15:30 und 17:00 Uhr in Sauze. Unsere Busse fahren ab, sobald sie voll sind. N\u00e4here Informationen zu den Anreisetagen der Tagesabfahrten geben wir Ihnen vor Ihrer Abreise vor Ort bekannt.<\/p>\n<p><span style=\"color: #800000;\"><em>Die R\u00fcckgabezeiten sind Richtwerte und h\u00e4ngen von der Ankunft unserer Kunden, dem Verkehr auf der Stra\u00dfe und m\u00f6glichen unvorhergesehenen Situationen (z. B. einer Panne usw.) ab. An gesch\u00e4ftigen Tagen muss mit Wartezeiten gerechnet werden.<\/em><\/span><\/p>\n<\/div><\/div><\/div><div class=\"fusion-panel panel-default panel-2b2f64e5d4c208a44 fusion-toggle-no-divider fusion-toggle-boxed-mode\" style=\"--awb-title-color:var(--awb-color8);\"><div class=\"panel-heading\"><h4 class=\"panel-title toggle\" id=\"toggle_2b2f64e5d4c208a44\"><a aria-expanded=\"false\" aria-controls=\"2b2f64e5d4c208a44\" role=\"button\" data-toggle=\"collapse\" data-parent=\"#accordion-3323-4\" data-target=\"#2b2f64e5d4c208a44\" href=\"#2b2f64e5d4c208a44\"><span class=\"fusion-toggle-icon-wrapper\" aria-hidden=\"true\"><i class=\"fa-fusion-box active-icon awb-icon-minus\" aria-hidden=\"true\"><\/i><i class=\"fa-fusion-box inactive-icon awb-icon-plus\" aria-hidden=\"true\"><\/i><\/span><span class=\"fusion-toggle-heading\">Erinnerungsfotos<\/span><\/a><\/h4><\/div><div id=\"2b2f64e5d4c208a44\" class=\"panel-collapse collapse \" araia-labelledby=\"toggle_2b2f64e5d4c208a44\"><div class=\"panel-body toggle-content fusion-clearfix\">\n<p>W\u00e4hrend Ihres Abstiegs werden Fotos von mehreren Orten gemacht. Ihre Fotos finden Sie auf der Website unseres Partners GS-IMAGE.<\/p>\n<p><a href=\"http:\/\/www.gs-image.fr\" target=\"_blank\" rel=\"noopener\">www.gs-image.fr<\/a><\/p>\n<p>Mit dem Promo-Code BNPA2024 erhalten Sie 20% Rabatt auf Ihre Bestellung!<\/p>\n<\/div><\/div><\/div><\/div><\/div><div class=\"fusion-text fusion-text-1\" style=\"--awb-margin-top:30px;\"><p>Haben Sie Fragen, auf die Sie keine Antwort gefunden haben?<br \/>\nZ\u00f6gern Sie nicht, uns telefonisch unter <a href=\"tel:+33475371779\">0033 4 75 37 17 79<\/a>, per E-Mail contact@canoe-ardeche.com oder per WhatsApp (nur Nachricht) unter 0033 7 82 72 72 03 zu kontaktieren.<\/p>\n<\/div><div ><a class=\"fusion-button button-flat fusion-button-default-size button-default fusion-button-default button-1 fusion-button-default-span fusion-button-default-type\" target=\"_self\" href=\"https:\/\/www.canoe-ardeche.com\/reservation-en-ligne\/\"><span class=\"fusion-button-text\">Je r\u00e9serve ma descente en cano\u00eb ! <\/span><\/a><\/div><\/div><\/div><\/div><\/div>\n","protected":false},"excerpt":{"rendered":"","protected":false},"author":1,"featured_media":0,"parent":3329,"menu_order":0,"comment_status":"closed","ping_status":"closed","template":"100-width.php","meta":{"footnotes":""},"class_list":["post-3323","page","type-page","status-publish","hentry"],"_links":{"self":[{"href":"https:\/\/www.canoe-ardeche.com\/de\/wp-json\/wp\/v2\/pages\/3323","targetHints":{"allow":["GET"]}}],"collection":[{"href":"https:\/\/www.canoe-ardeche.com\/de\/wp-json\/wp\/v2\/pages"}],"about":[{"href":"https:\/\/www.canoe-ardeche.com\/de\/wp-json\/wp\/v2\/types\/page"}],"author":[{"embeddable":true,"href":"https:\/\/www.canoe-ardeche.com\/de\/wp-json\/wp\/v2\/users\/1"}],"replies":[{"embeddable":true,"href":"https:\/\/www.canoe-ardeche.com\/de\/wp-json\/wp\/v2\/comments?post=3323"}],"version-history":[{"count":6,"href":"https:\/\/www.canoe-ardeche.com\/de\/wp-json\/wp\/v2\/pages\/3323\/revisions"}],"predecessor-version":[{"id":4334,"href":"https:\/\/www.canoe-ardeche.com\/de\/wp-json\/wp\/v2\/pages\/3323\/revisions\/4334"}],"up":[{"embeddable":true,"href":"https:\/\/www.canoe-ardeche.com\/de\/wp-json\/wp\/v2\/pages\/3329"}],"wp:attachment":[{"href":"https:\/\/www.canoe-ardeche.com\/de\/wp-json\/wp\/v2\/media?parent=3323"}],"curies":[{"name":"wp","href":"https:\/\/api.w.org\/{rel}","templated":true}]}}