{"id":3296,"date":"2023-05-03T14:13:42","date_gmt":"2023-05-03T12:13:42","guid":{"rendered":"https:\/\/www.canoe-ardeche.com\/canoe-malin\/"},"modified":"2024-03-19T09:12:11","modified_gmt":"2024-03-19T08:12:11","slug":"canoe-malin","status":"publish","type":"page","link":"https:\/\/www.canoe-ardeche.com\/it\/informazioni-pratiche\/canoe-malin\/","title":{"rendered":"Cano\u00eb Malin"},"content":{"rendered":"<div class=\"fusion-fullwidth fullwidth-box fusion-builder-row-1 fusion-flex-container has-pattern-background has-mask-background nonhundred-percent-fullwidth non-hundred-percent-height-scrolling\" style=\"--awb-border-radius-top-left:0px;--awb-border-radius-top-right:0px;--awb-border-radius-bottom-right:0px;--awb-border-radius-bottom-left:0px;--awb-padding-top:50px;--awb-padding-bottom:80px;\" ><div class=\"fusion-builder-row fusion-row fusion-flex-align-items-flex-start fusion-flex-justify-content-center\" style=\"max-width:1456px;margin-left: calc(-4% \/ 2 );margin-right: calc(-4% \/ 2 );\"><div class=\"fusion-layout-column fusion_builder_column fusion-builder-column-0 fusion_builder_column_1_1 1_1 fusion-flex-column\" style=\"--awb-bg-size:cover;--awb-width-large:100%;--awb-spacing-right-large:1.92%;--awb-spacing-left-large:1.92%;--awb-width-medium:100%;--awb-order-medium:0;--awb-spacing-right-medium:1.92%;--awb-spacing-left-medium:1.92%;--awb-width-small:100%;--awb-order-small:0;--awb-spacing-right-small:1.92%;--awb-spacing-left-small:1.92%;\"><div class=\"fusion-column-wrapper fusion-column-has-shadow fusion-flex-justify-content-flex-start fusion-content-layout-column\"><div class=\"fusion-title title fusion-title-1 fusion-sep-none fusion-title-center fusion-title-text fusion-title-size-one\"><h1 class=\"title-heading-center\" style=\"margin:0;\">Cos&#8217;\u00e8 la Cano\u00eb Malin?<\/h1><\/div><div class=\"fusion-text fusion-text-1\" style=\"--awb-margin-top:15px;\"><p>Le migliori societ\u00e0 di noleggio di canoe a Vallon Pont d&#8217;Arc, in collaborazione con l&#8217;ufficio del turismo di Pont d&#8217;arc Ard\u00e8che e la riserva delle Gorges de l&#8217;Ard\u00e8che, hanno creato un&#8217;applicazione che permette ad ogni cliente di conoscere le previsioni di frequentazione del fiume. Questo lavoro collettivo mira a favorire una distribuzione dei flussi in canoa nell&#8217;arco della settimana, tra un corso e l&#8217;altro, ma anche nell&#8217;arco della giornata e consentire cos\u00ec a quante pi\u00f9 persone possibile di vivere un&#8217;esperienza di canoa pi\u00f9 soddisfacente. La soddisfazione del cliente \u00e8 una priorit\u00e0 per gli operatori turistici locali.<\/p>\n<p>Con Cano\u00eb Malin, un villeggiante presente a Vallon pont d&#8217;Arc potr\u00e0 scegliere, anche in alta stagione, le fasce orarie in cui teoricamente l&#8217;utilizzo del fiume \u00e8 inferiore.<\/p>\n<\/div><\/div><\/div><div class=\"fusion-layout-column fusion_builder_column fusion-builder-column-1 fusion_builder_column_3_5 3_5 fusion-flex-column\" style=\"--awb-bg-size:cover;--awb-width-large:60%;--awb-spacing-right-large:10px;--awb-spacing-left-large:10px;--awb-width-medium:100%;--awb-order-medium:0;--awb-spacing-right-medium:1.92%;--awb-spacing-left-medium:1.92%;--awb-width-small:100%;--awb-order-small:0;--awb-spacing-right-small:1.92%;--awb-spacing-left-small:1.92%;\"><div class=\"fusion-column-wrapper fusion-column-has-shadow fusion-flex-justify-content-flex-start fusion-content-layout-column\"><div class=\"fusion-text fusion-text-2\" style=\"--awb-margin-top:15px;\"><p>Cano\u00eb Malin \u00e8 un nuovo modo di pensare al turismo in uno spirito eco-responsabile.<br \/>\nCano\u00eb Malin \u00e8 presentata sotto forma di tabella.<\/p>\n<p>Come per Bison Fut\u00e9, per i giorni della settimana \u00e8 stato predisposto un codice di 3 colori:<\/p>\n<\/div><\/div><\/div><div class=\"fusion-layout-column fusion_builder_column fusion-builder-column-2 fusion_builder_column_1_4 1_4 fusion-flex-column\" style=\"--awb-bg-size:cover;--awb-width-large:25%;--awb-spacing-right-large:10px;--awb-spacing-left-large:10px;--awb-width-medium:100%;--awb-order-medium:0;--awb-spacing-right-medium:1.92%;--awb-spacing-left-medium:1.92%;--awb-width-small:100%;--awb-order-small:0;--awb-spacing-right-small:1.92%;--awb-spacing-left-small:1.92%;\"><div class=\"fusion-column-wrapper fusion-column-has-shadow fusion-flex-justify-content-flex-start fusion-content-layout-column\"><div class=\"fusion-text fusion-text-3\" style=\"--awb-margin-top:15px;\"><ul class=\"tricolor\">\n<li>Verde \u2013 Poco usato<\/li>\n<li>Giallo: abbastanza occupato<\/li>\n<li>Arancione \u2013 Frequentato<\/li>\n<li>Rosso: molto occupato<\/li>\n<\/ul>\n<\/div><\/div><\/div><div class=\"fusion-layout-column fusion_builder_column fusion-builder-column-3 fusion_builder_column_1_1 1_1 fusion-flex-column col-malin\" style=\"--awb-bg-size:cover;--awb-width-large:100%;--awb-spacing-right-large:1.92%;--awb-margin-bottom-large:40px;--awb-spacing-left-large:1.92%;--awb-width-medium:100%;--awb-order-medium:0;--awb-spacing-right-medium:1.92%;--awb-spacing-left-medium:1.92%;--awb-width-small:100%;--awb-order-small:0;--awb-spacing-right-small:1.92%;--awb-spacing-left-small:1.92%;\"><div class=\"fusion-column-wrapper fusion-column-has-shadow fusion-flex-justify-content-flex-start fusion-content-layout-column\"><\/div><\/div><div class=\"fusion-layout-column fusion_builder_column fusion-builder-column-4 fusion_builder_column_1_3 1_3 fusion-flex-column col-malin\" style=\"--awb-bg-size:cover;--awb-width-large:33.333333333333%;--awb-spacing-right-large:5.76%;--awb-spacing-left-large:5.76%;--awb-width-medium:100%;--awb-order-medium:0;--awb-spacing-right-medium:1.92%;--awb-spacing-left-medium:1.92%;--awb-width-small:100%;--awb-order-small:0;--awb-spacing-right-small:1.92%;--awb-spacing-left-small:1.92%;\"><div class=\"fusion-column-wrapper fusion-column-has-shadow fusion-flex-justify-content-flex-start fusion-content-layout-column\"><div class=\"fusion-text fusion-text-4\"><p style=\"text-align: center;\"><strong>La Mini Discesa &#8211; 7 Km<br \/>\n<\/strong>Vallon Pont d&#8217;Arc &#8211; Ch\u00e2mes<\/p>\n<\/div><div class=\"fusion-modal modal fade modal-1 canoemalin-3 modcm\" tabindex=\"-1\" role=\"dialog\" aria-labelledby=\"modal-heading-1\" aria-hidden=\"true\" style=\"--awb-border-color:var(--awb-color3);--awb-background:var(--awb-color1);\"><div class=\"modal-dialog modal-lg\" role=\"document\"><div class=\"modal-content fusion-modal-content\"><div class=\"modal-header\"><button class=\"close\" type=\"button\" data-dismiss=\"modal\" aria-hidden=\"true\" aria-label=\"Chiudi\">&times;<\/button><h3 class=\"modal-title\" id=\"modal-heading-1\" data-dismiss=\"modal\" aria-hidden=\"true\">Cano\u00eb malin - La Mini Discesa - 7 Km<\/h3><\/div><div class=\"modal-body fusion-clearfix\">\n        <div style=\"--color_primary: #C67446; --color_secondary: #141300; --level_frequentation_1: #00cd10; --level_frequentation_2: #ffd007; --level_frequentation_3: #ff6310; --level_frequentation_4: #d90000; --level_frequentation_default: #626356;\">\n        \t<div id=\"__app_frequentation_widget\" data-zone=\"3\" data-domain=\"https:\/\/www.gorges-ardeche-pontdarc.fr\"><\/div>\n        <\/div>\n        <script type='text\/javascript' src='https:\/\/www.gorges-ardeche-pontdarc.fr\/dist\/vue\/AltimaxFrequentationWidget.vue.js' id='altimax-frequentation-js'><\/script>\n\t\t\n<\/div><\/div><\/div><\/div><div style=\"text-align:center;\"><a class=\"fusion-button button-flat fusion-button-default-size button-default fusion-button-default button-1 fusion-button-default-span fusion-button-default-type\" target=\"_self\" href=\"#\" data-toggle=\"modal\" data-target=\".fusion-modal.canoemalin-3\"><span class=\"fusion-button-text\">Cano\u00eb malin dal vivo<\/span><\/a><\/div><\/div><\/div><div class=\"fusion-layout-column fusion_builder_column fusion-builder-column-5 fusion_builder_column_1_3 1_3 fusion-flex-column col-malin\" style=\"--awb-bg-size:cover;--awb-width-large:33.333333333333%;--awb-spacing-right-large:5.76%;--awb-spacing-left-large:5.76%;--awb-width-medium:100%;--awb-order-medium:0;--awb-spacing-right-medium:1.92%;--awb-spacing-left-medium:1.92%;--awb-width-small:100%;--awb-order-small:0;--awb-spacing-right-small:1.92%;--awb-spacing-left-small:1.92%;\"><div class=\"fusion-column-wrapper fusion-column-has-shadow fusion-flex-justify-content-flex-start fusion-content-layout-column\"><div class=\"fusion-text fusion-text-5\"><p style=\"text-align: center;\"><strong>Il Maxi dei Mini &#8211; 12 km<br \/>\n<\/strong>Sampzon &#8211; Ch\u00e2mes<\/p>\n<\/div><div class=\"fusion-modal modal fade modal-2 canoemalin-2 modcm\" tabindex=\"-1\" role=\"dialog\" aria-labelledby=\"modal-heading-2\" aria-hidden=\"true\" style=\"--awb-border-color:var(--awb-color3);--awb-background:var(--awb-color1);\"><div class=\"modal-dialog modal-lg\" role=\"document\"><div class=\"modal-content fusion-modal-content\"><div class=\"modal-header\"><button class=\"close\" type=\"button\" data-dismiss=\"modal\" aria-hidden=\"true\" aria-label=\"Chiudi\">&times;<\/button><h3 class=\"modal-title\" id=\"modal-heading-2\" data-dismiss=\"modal\" aria-hidden=\"true\">Cano\u00eb malin - Il Maxi dei Mini - 12 km<\/h3><\/div><div class=\"modal-body fusion-clearfix\">\n        <div style=\"--color_primary: #C67446; --color_secondary: #141300; --level_frequentation_1: #00cd10; --level_frequentation_2: #ffd007; --level_frequentation_3: #ff6310; --level_frequentation_4: #d90000; --level_frequentation_default: #626356;\">\n        \t<div id=\"__app_frequentation_widget\" data-zone=\"2\" data-domain=\"https:\/\/www.gorges-ardeche-pontdarc.fr\"><\/div>\n        <\/div>\n        <script type='text\/javascript' src='https:\/\/www.gorges-ardeche-pontdarc.fr\/dist\/vue\/AltimaxFrequentationWidget.vue.js' id='altimax-frequentation-js'><\/script>\n\t\t\n<\/div><\/div><\/div><\/div><div style=\"text-align:center;\"><a class=\"fusion-button button-flat fusion-button-default-size button-default fusion-button-default button-2 fusion-button-default-span fusion-button-default-type\" target=\"_self\" href=\"#\" data-toggle=\"modal\" data-target=\".fusion-modal.canoemalin-2\"><span class=\"fusion-button-text\">Cano\u00eb malin dal vivo<\/span><\/a><\/div><\/div><\/div><div class=\"fusion-layout-column fusion_builder_column fusion-builder-column-6 fusion_builder_column_1_3 1_3 fusion-flex-column col-malin\" style=\"--awb-bg-size:cover;--awb-width-large:33.333333333333%;--awb-spacing-right-large:5.76%;--awb-spacing-left-large:5.76%;--awb-width-medium:100%;--awb-order-medium:0;--awb-spacing-right-medium:1.92%;--awb-spacing-left-medium:1.92%;--awb-width-small:100%;--awb-order-small:0;--awb-spacing-right-small:1.92%;--awb-spacing-left-small:1.92%;\"><div class=\"fusion-column-wrapper fusion-column-has-shadow fusion-flex-justify-content-flex-start fusion-content-layout-column\"><div class=\"fusion-text fusion-text-6\"><p style=\"text-align: center;\"><strong>Le gole dell&#8217;Ard\u00e8che 2 &#8211; 24 km<br \/>\n<\/strong>Ch\u00e2mes &#8211; Saint Martin d&#8217;Ard\u00e8che<\/p>\n<\/div><div class=\"fusion-modal modal fade modal-3 canoemalin-4 modcm\" tabindex=\"-1\" role=\"dialog\" aria-labelledby=\"modal-heading-3\" aria-hidden=\"true\" style=\"--awb-border-color:var(--awb-color3);--awb-background:var(--awb-color1);\"><div class=\"modal-dialog modal-lg\" role=\"document\"><div class=\"modal-content fusion-modal-content\"><div class=\"modal-header\"><button class=\"close\" type=\"button\" data-dismiss=\"modal\" aria-hidden=\"true\" aria-label=\"Chiudi\">&times;<\/button><h3 class=\"modal-title\" id=\"modal-heading-3\" data-dismiss=\"modal\" aria-hidden=\"true\">Cano\u00eb malin - Le gole dell'Ard\u00e8che - 31 km<\/h3><\/div><div class=\"modal-body fusion-clearfix\">\n        <div style=\"--color_primary: #C67446; --color_secondary: #141300; --level_frequentation_1: #00cd10; --level_frequentation_2: #ffd007; --level_frequentation_3: #ff6310; --level_frequentation_4: #d90000; --level_frequentation_default: #626356;\">\n        \t<div id=\"__app_frequentation_widget\" data-zone=\"4\" data-domain=\"https:\/\/www.gorges-ardeche-pontdarc.fr\"><\/div>\n        <\/div>\n        <script type='text\/javascript' src='https:\/\/www.gorges-ardeche-pontdarc.fr\/dist\/vue\/AltimaxFrequentationWidget.vue.js' id='altimax-frequentation-js'><\/script>\n\t\t\n<\/div><\/div><\/div><\/div><div style=\"text-align:center;\"><a class=\"fusion-button button-flat fusion-button-default-size button-default fusion-button-default button-3 fusion-button-default-span fusion-button-default-type\" target=\"_self\" href=\"#\" data-toggle=\"modal\" data-target=\".fusion-modal.canoemalin-4\"><span class=\"fusion-button-text\">Cano\u00eb malin dal vivo<\/span><\/a><\/div><\/div><\/div><div class=\"fusion-layout-column fusion_builder_column fusion-builder-column-7 fusion_builder_column_1_1 1_1 fusion-flex-column\" style=\"--awb-bg-size:cover;--awb-width-large:100%;--awb-margin-top-large:40px;--awb-spacing-right-large:1.92%;--awb-spacing-left-large:1.92%;--awb-width-medium:100%;--awb-order-medium:0;--awb-spacing-right-medium:1.92%;--awb-spacing-left-medium:1.92%;--awb-width-small:100%;--awb-order-small:0;--awb-spacing-right-small:1.92%;--awb-spacing-left-small:1.92%;\"><div class=\"fusion-column-wrapper fusion-column-has-shadow fusion-flex-justify-content-flex-start fusion-content-layout-column\"><div class=\"fusion-text fusion-text-7\" style=\"--awb-margin-top:15px;\"><p>In ogni giornata sono state create fasce orarie di 1 ora tra le 7:00 e le 17:00 che utilizzano questo codice colore. Concretamente \u00e8 possibile avere una giornata classificata arancione, ma con ad esempio una fascia oraria tra le 8 e le 9 classificata verde e viceversa. Questa classificazione \u00e8 suddivisa in 3 sezioni a seconda del percorso scelto. Il primo tratto corrisponde alla parte a monte del percorso Maxi des Minis con gli scivoli della canoa; la seconda alla Mini Discesa di 7 km e la terza al percorso riserva Gorges de l\u2019Ard\u00e8che di 24 km.<\/p>\n<p>Con Cano\u00eb Malin, anche il 15 agosto, c&#8217;\u00e8 sempre tempo per sfuggire alla folla e scoprire in tutta tranquillit\u00e0 la fauna e la flora eccezionali delle Gorges de l&#8217;Ard\u00e8che.<\/p>\n<\/div><div style=\"text-align:center;\"><a class=\"fusion-button button-flat fusion-button-default-size button-default fusion-button-default button-4 fusion-button-default-span fusion-button-default-type\" target=\"_self\" href=\"https:\/\/www.canoe-ardeche.com\/it\/prenotazione-online\/\"><span class=\"fusion-button-text\">Sto prenotando la mia gita in canoa! <\/span><\/a><\/div><\/div><\/div><\/div><\/div>\n","protected":false},"excerpt":{"rendered":"","protected":false},"author":1,"featured_media":0,"parent":3330,"menu_order":0,"comment_status":"closed","ping_status":"closed","template":"","meta":{"footnotes":""},"class_list":["post-3296","page","type-page","status-publish","hentry"],"_links":{"self":[{"href":"https:\/\/www.canoe-ardeche.com\/it\/wp-json\/wp\/v2\/pages\/3296","targetHints":{"allow":["GET"]}}],"collection":[{"href":"https:\/\/www.canoe-ardeche.com\/it\/wp-json\/wp\/v2\/pages"}],"about":[{"href":"https:\/\/www.canoe-ardeche.com\/it\/wp-json\/wp\/v2\/types\/page"}],"author":[{"embeddable":true,"href":"https:\/\/www.canoe-ardeche.com\/it\/wp-json\/wp\/v2\/users\/1"}],"replies":[{"embeddable":true,"href":"https:\/\/www.canoe-ardeche.com\/it\/wp-json\/wp\/v2\/comments?post=3296"}],"version-history":[{"count":2,"href":"https:\/\/www.canoe-ardeche.com\/it\/wp-json\/wp\/v2\/pages\/3296\/revisions"}],"predecessor-version":[{"id":3749,"href":"https:\/\/www.canoe-ardeche.com\/it\/wp-json\/wp\/v2\/pages\/3296\/revisions\/3749"}],"up":[{"embeddable":true,"href":"https:\/\/www.canoe-ardeche.com\/it\/wp-json\/wp\/v2\/pages\/3330"}],"wp:attachment":[{"href":"https:\/\/www.canoe-ardeche.com\/it\/wp-json\/wp\/v2\/media?parent=3296"}],"curies":[{"name":"wp","href":"https:\/\/api.w.org\/{rel}","templated":true}]}}