{"id":2092,"date":"2023-04-12T10:18:01","date_gmt":"2023-04-12T08:18:01","guid":{"rendered":"https:\/\/www.canoe-ardeche.com\/veelgestelde-vragen-faq\/"},"modified":"2025-01-30T10:35:30","modified_gmt":"2025-01-30T09:35:30","slug":"veelgestelde-vragen-faq","status":"publish","type":"page","link":"https:\/\/www.canoe-ardeche.com\/nl\/praktische-informatie\/veelgestelde-vragen-faq\/","title":{"rendered":"Veelgestelde vragen &#8211; FAQ"},"content":{"rendered":"<div class=\"fusion-fullwidth fullwidth-box fusion-builder-row-1 fusion-flex-container has-pattern-background has-mask-background nonhundred-percent-fullwidth non-hundred-percent-height-scrolling\" style=\"--awb-border-radius-top-left:0px;--awb-border-radius-top-right:0px;--awb-border-radius-bottom-right:0px;--awb-border-radius-bottom-left:0px;--awb-padding-top:50px;--awb-padding-bottom:50px;\" ><div class=\"fusion-builder-row fusion-row fusion-flex-align-items-flex-start\" style=\"max-width:1456px;margin-left: calc(-4% \/ 2 );margin-right: calc(-4% \/ 2 );\"><div class=\"fusion-layout-column fusion_builder_column fusion-builder-column-0 fusion_builder_column_1_1 1_1 fusion-flex-column\" style=\"--awb-bg-size:cover;--awb-width-large:100%;--awb-spacing-right-large:1.92%;--awb-spacing-left-large:1.92%;--awb-width-medium:100%;--awb-order-medium:0;--awb-spacing-right-medium:1.92%;--awb-spacing-left-medium:1.92%;--awb-width-small:100%;--awb-order-small:0;--awb-spacing-right-small:1.92%;--awb-spacing-left-small:1.92%;\"><div class=\"fusion-column-wrapper fusion-column-has-shadow fusion-flex-justify-content-flex-start fusion-content-layout-column\"><div class=\"fusion-title title fusion-title-1 fusion-sep-none fusion-title-center fusion-title-text fusion-title-size-one\" style=\"--awb-margin-bottom:0px;\"><h1 class=\"title-heading-center\" style=\"margin:0;\">Veelgestelde vragen<\/h1><\/div><div class=\"fusion-title title fusion-title-2 fusion-sep-none fusion-title-center fusion-title-text fusion-title-size-two h2-stitle\"><h2 class=\"title-heading-center\" style=\"margin:0;\">Vind een antwoord op al uw vragen op deze pagina<\/h2><\/div><\/div><\/div><div class=\"fusion-layout-column fusion_builder_column fusion-builder-column-1 fusion_builder_column_1_1 1_1 fusion-flex-column\" style=\"--awb-bg-size:cover;--awb-width-large:100%;--awb-spacing-right-large:1.92%;--awb-spacing-left-large:1.92%;--awb-width-medium:100%;--awb-order-medium:0;--awb-spacing-right-medium:1.92%;--awb-spacing-left-medium:1.92%;--awb-width-small:100%;--awb-order-small:0;--awb-spacing-right-small:1.92%;--awb-spacing-left-small:1.92%;\"><div class=\"fusion-column-wrapper fusion-column-has-shadow fusion-flex-justify-content-flex-start fusion-content-layout-column\"><div class=\"fusion-title title fusion-title-3 sep-underline sep-dashed fusion-title-text fusion-title-size-three\"><h3 class=\"title-heading-left\" style=\"margin:0;\">De afdalingen<\/h3><\/div><div class=\"accordian fusion-accordian\" style=\"--awb-border-size:1px;--awb-icon-size:16px;--awb-content-font-size:var(--awb-typography4-font-size);--awb-icon-alignment:left;--awb-hover-color:var(--awb-color2);--awb-border-color:var(--awb-color3);--awb-background-color:var(--awb-color1);--awb-divider-color:var(--awb-color3);--awb-divider-hover-color:var(--awb-color3);--awb-icon-color:var(--awb-color1);--awb-title-color:var(--awb-custom12);--awb-content-color:var(--awb-custom10);--awb-icon-box-color:var(--awb-custom12);--awb-toggle-hover-accent-color:var(--awb-custom10);--awb-title-font-family:&quot;Poppins&quot;;--awb-title-font-weight:regular;--awb-title-font-style:normal;--awb-title-font-size:16px;--awb-title-line-height:1.5;--awb-content-font-family:&quot;Poppins&quot;;--awb-content-font-style:normal;--awb-content-font-weight:regular;\"><div class=\"panel-group fusion-toggle-icon-boxed\" id=\"accordion-2092-1\"><div class=\"fusion-panel panel-default panel-edc8a7c0a8c1f4822 fusion-toggle-no-divider fusion-toggle-boxed-mode\" style=\"--awb-title-color:var(--awb-color8);\"><div class=\"panel-heading\"><h4 class=\"panel-title toggle\" id=\"toggle_edc8a7c0a8c1f4822\"><a aria-expanded=\"false\" aria-controls=\"edc8a7c0a8c1f4822\" role=\"button\" data-toggle=\"collapse\" data-parent=\"#accordion-2092-1\" data-target=\"#edc8a7c0a8c1f4822\" href=\"#edc8a7c0a8c1f4822\"><span class=\"fusion-toggle-icon-wrapper\" aria-hidden=\"true\"><i class=\"fa-fusion-box active-icon awb-icon-minus\" aria-hidden=\"true\"><\/i><i class=\"fa-fusion-box inactive-icon awb-icon-plus\" aria-hidden=\"true\"><\/i><\/span><span class=\"fusion-toggle-heading\">Wat zijn de voorwaarden voor het maken van een kanotocht op de Ard\u00e8che?<\/span><\/a><\/h4><\/div><div id=\"edc8a7c0a8c1f4822\" class=\"panel-collapse collapse \" araia-labelledby=\"toggle_edc8a7c0a8c1f4822\"><div class=\"panel-body toggle-content fusion-clearfix\">\n<p>De minimale leeftijd op een vrij parcours is 7 jaar en u moet minstens 25 meter kunnen zwemmen en niet bang zijn onder water.<\/p>\n<\/div><\/div><\/div><div class=\"fusion-panel panel-default panel-9860a104e173f4635 fusion-toggle-no-divider fusion-toggle-boxed-mode\" style=\"--awb-title-color:var(--awb-color8);\"><div class=\"panel-heading\"><h4 class=\"panel-title toggle\" id=\"toggle_9860a104e173f4635\"><a aria-expanded=\"false\" aria-controls=\"9860a104e173f4635\" role=\"button\" data-toggle=\"collapse\" data-parent=\"#accordion-2092-1\" data-target=\"#9860a104e173f4635\" href=\"#9860a104e173f4635\"><span class=\"fusion-toggle-icon-wrapper\" aria-hidden=\"true\"><i class=\"fa-fusion-box active-icon awb-icon-minus\" aria-hidden=\"true\"><\/i><i class=\"fa-fusion-box inactive-icon awb-icon-plus\" aria-hidden=\"true\"><\/i><\/span><span class=\"fusion-toggle-heading\">Welke afstanden kunnen we doen?<\/span><\/a><\/h4><\/div><div id=\"9860a104e173f4635\" class=\"panel-collapse collapse \" araia-labelledby=\"toggle_9860a104e173f4635\"><div class=\"panel-body toggle-content fusion-clearfix\"><a href=\"\/les-descentes-en-canoe\/lestivale-5-km\/\">5 km \u2013 Ongeveer 1u15 peddelen<\/a><br \/>\n<a href=\"\/les-descentes-en-canoe\/mini-descente-7-km\/\">7 km \u2013 Ongeveer 1u15 peddelen<\/a><br \/>\n<a href=\"\/les-descentes-en-canoe\/maxi-des-minis-12km\/\">12 km \u2013 Ongeveer 2u30\/3u00 peddelen<\/a><br \/>\n<a href=\"\/les-descentes-en-canoe\/les-gorges-de-lardeche-24km\/\">24 km \u2013 Ongeveer 4u30\/5u00 peddelen<\/a><br \/>\n<a href=\"\/les-descentes-en-canoe\/descente-en-2-jours-31km-avec-bivouac\/\">31 km \u2013 Ongeveer 5u30\/6u30 peddelen in 1 dag of in 2 dagen met bivak<\/a><br \/>\n<a href=\"\/les-descentes-en-canoe\/laventure-36-km-bivouac\/\">36 km \u2013 Ongeveer 7u00\/8u00 peddelen in 2 dagen met bivak<\/a><br \/>\n<a href=\"\/les-descentes-en-canoe\/pack-eau-vive-7-24km\/\">7 + 24 km \u2013 1u00 \/ 1u30 + 4u30 \/ 5u00 peddelen (Pack Eau Vive 1) zonder bivak<\/a><br \/>\n<a href=\"\/les-descentes-en-canoe\/pack-eau-vive-2-12-24km\/\">12 + 24 km \u2013 2u30 \/ 3u00 + 4u30 \/ 5u00 peddelen (Pack Eau Vive 2) zonder bivak<\/a><\/div><\/div><\/div><div class=\"fusion-panel panel-default panel-92a2f1cd5bec262d8 fusion-toggle-no-divider fusion-toggle-boxed-mode\" style=\"--awb-title-color:var(--awb-color8);\"><div class=\"panel-heading\"><h4 class=\"panel-title toggle\" id=\"toggle_92a2f1cd5bec262d8\"><a aria-expanded=\"false\" aria-controls=\"92a2f1cd5bec262d8\" role=\"button\" data-toggle=\"collapse\" data-parent=\"#accordion-2092-1\" data-target=\"#92a2f1cd5bec262d8\" href=\"#92a2f1cd5bec262d8\"><span class=\"fusion-toggle-icon-wrapper\" aria-hidden=\"true\"><i class=\"fa-fusion-box active-icon awb-icon-minus\" aria-hidden=\"true\"><\/i><i class=\"fa-fusion-box inactive-icon awb-icon-plus\" aria-hidden=\"true\"><\/i><\/span><span class=\"fusion-toggle-heading\"> Wat zijn de hoogtepunten van mij afdaling? Wat ga ik zien?<\/span><\/a><\/h4><\/div><div id=\"92a2f1cd5bec262d8\" class=\"panel-collapse collapse \" araia-labelledby=\"toggle_92a2f1cd5bec262d8\"><div class=\"panel-body toggle-content fusion-clearfix\">\n<p>Wilt u door de kanoglijbanen? Kies de afdaling van 5 km, 12 km of 36 km in 2 dagen<br \/>\nWilt u de Pont d&#8217;Arc zien ? Kies de afdaling van 7 km, 12 km of 31 km<br \/>\nWilt u het natuurgebied ontdekken? Kies de afdaling van 24 km of 31 km<br \/>\nWilt u ALLES zien? Kies dan de afdaling van 36 km in 2 dagen (met bivak) of onze Pack Eau Vive 2 zonder bivak<\/p>\n<p><strong>Meer details over de hoogtepunten vindt u hieronder :<\/strong><\/p>\n<ul>\n<li>L\u2019Estivale : 5 km \u2013 1\/2 dag (glijbanen)<\/li>\n<li>Mini Afdaling : 7 km \u2013 1\/2 dag (stroomversnelling Charlemagne, Pont d\u2019Arc)<\/li>\n<li>Maxi des Minis : 12 km \u2013 1\/2 dag \/ 1 dag (glijbanen, stroomversnelling Charlemagne, Pont d\u2019Arc)<\/li>\n<li>Gorges de l\u2019Ard\u00e8che 1 : 24 km \u2013 1 dag (natuurgebied van de Gorges de l\u2019Ard\u00e8che)<\/li>\n<li>Gorges de l\u2019Ard\u00e8che 2 : 31 km \u2013 1 dag (stroomversnelling Charlemagne, Pont d\u2019Arc, natuurgebied van de Gorges de l\u2019Ard\u00e8che)<\/li>\n<li>Afdaling in 2 dagen : 31 km \u2013 2 dagen met bivak (stroomversnelling Charlemagne, Pont d\u2019Arc, natuurgebied Gorges de l\u2019Ard\u00e8che, nacht op de bivak)<\/li>\n<li>L\u2019Aventure in 2 dagen : 36 km \u2013 2 dagen met bivak (glijbanen, stroomversnelling Charlemagne, Pont d\u2019Arc, natuurgebied Gorges de l\u2019Ard\u00e8che, nacht op de bivak)<\/li>\n<li>Pack Eau Vive 1 : 7 + 24 km \u2013 2 dagen zonder bivak (stroomversnelling Charlemagne, Pont d\u2019Arc, natuurgebied Gorges de l\u2019Ard\u00e8che)<\/li>\n<li>Pack Eau Vive 2 : 12 + 24 km \u2013 2 dagen zonder bivak (glijbanen, stroomversnelling Charlemagne, Pont d\u2019Arc, natuurgebied Gorges de l\u2019Ard\u00e8che)<\/li>\n<\/ul>\n<\/div><\/div><\/div><\/div><\/div><div class=\"fusion-title title fusion-title-4 sep-underline sep-dashed fusion-title-text fusion-title-size-three\"><h3 class=\"title-heading-left\" style=\"margin:0;\">Reserveer uw afdaling<\/h3><\/div><div class=\"accordian fusion-accordian\" style=\"--awb-border-size:1px;--awb-icon-size:16px;--awb-content-font-size:var(--awb-typography4-font-size);--awb-icon-alignment:left;--awb-hover-color:var(--awb-color2);--awb-border-color:var(--awb-color3);--awb-background-color:var(--awb-color1);--awb-divider-color:var(--awb-color3);--awb-divider-hover-color:var(--awb-color3);--awb-icon-color:var(--awb-color1);--awb-title-color:var(--awb-custom12);--awb-content-color:var(--awb-custom10);--awb-icon-box-color:var(--awb-custom12);--awb-toggle-hover-accent-color:var(--awb-custom10);--awb-title-font-family:&quot;Poppins&quot;;--awb-title-font-weight:regular;--awb-title-font-style:normal;--awb-title-font-size:16px;--awb-title-line-height:1.5;--awb-content-font-family:&quot;Poppins&quot;;--awb-content-font-style:normal;--awb-content-font-weight:regular;\"><div class=\"panel-group fusion-toggle-icon-boxed\" id=\"accordion-2092-2\"><div class=\"fusion-panel panel-default panel-cc991f6b61c54acce fusion-toggle-no-divider fusion-toggle-boxed-mode\" style=\"--awb-title-color:var(--awb-color8);\"><div class=\"panel-heading\"><h4 class=\"panel-title toggle\" id=\"toggle_cc991f6b61c54acce\"><a aria-expanded=\"false\" aria-controls=\"cc991f6b61c54acce\" role=\"button\" data-toggle=\"collapse\" data-parent=\"#accordion-2092-2\" data-target=\"#cc991f6b61c54acce\" href=\"#cc991f6b61c54acce\"><span class=\"fusion-toggle-icon-wrapper\" aria-hidden=\"true\"><i class=\"fa-fusion-box active-icon awb-icon-minus\" aria-hidden=\"true\"><\/i><i class=\"fa-fusion-box inactive-icon awb-icon-plus\" aria-hidden=\"true\"><\/i><\/span><span class=\"fusion-toggle-heading\"> Moeten we van te voren reserveren ? Of kan dit ook ter plekke ?<\/span><\/a><\/h4><\/div><div id=\"cc991f6b61c54acce\" class=\"panel-collapse collapse \" araia-labelledby=\"toggle_cc991f6b61c54acce\"><div class=\"panel-body toggle-content fusion-clearfix\">\n<p>Wij adviseren u om van te voren te reserveren, zeker tijdens de drukke periodes (Hemelvaart, Pinksteren en in juli en augustus).<br \/>\nAls u van te voren online reserveert op onze website, profiteert u eveneens van speciale tarieven en wint u tijd op de dag van de activiteit.<br \/>\nU kunt ook zonder reservering komen, u betaalt dan het &#8220;Balie tarief&#8221; en op drukke dagen kan het zijn dat we u een ander moment moeten aanbieden omdat we vol zijn.<\/p>\n<\/div><\/div><\/div><div class=\"fusion-panel panel-default panel-89d11388ba6b1e93d fusion-toggle-no-divider fusion-toggle-boxed-mode\" style=\"--awb-title-color:var(--awb-color8);\"><div class=\"panel-heading\"><h4 class=\"panel-title toggle\" id=\"toggle_89d11388ba6b1e93d\"><a aria-expanded=\"false\" aria-controls=\"89d11388ba6b1e93d\" role=\"button\" data-toggle=\"collapse\" data-parent=\"#accordion-2092-2\" data-target=\"#89d11388ba6b1e93d\" href=\"#89d11388ba6b1e93d\"><span class=\"fusion-toggle-icon-wrapper\" aria-hidden=\"true\"><i class=\"fa-fusion-box active-icon awb-icon-minus\" aria-hidden=\"true\"><\/i><i class=\"fa-fusion-box inactive-icon awb-icon-plus\" aria-hidden=\"true\"><\/i><\/span><span class=\"fusion-toggle-heading\">Hoe kunnen we reserveren ?<\/span><\/a><\/h4><\/div><div id=\"89d11388ba6b1e93d\" class=\"panel-collapse collapse \" araia-labelledby=\"toggle_89d11388ba6b1e93d\"><div class=\"panel-body toggle-content fusion-clearfix\">\n<p>Wij raden u aan online te <a href=\"https:\/\/www.canoe-ardeche.com\/nl\/online-reserveren\/\">reserveren op onze website<\/a>, u profiteert dan van speciale tarieven.<br \/>\nU kunt ook telefonisch reserveren op <a href=\"tel:+33475371779\">0033 4 75 37 17 79<\/a>of per mail op contact@canoe-ardeche.com of direct naar \u00e9\u00e9n van onze vertrekpunten komen.<\/p>\n<\/div><\/div><\/div><div class=\"fusion-panel panel-default panel-9125bc7c8ff894a6b fusion-toggle-no-divider fusion-toggle-boxed-mode\" style=\"--awb-title-color:var(--awb-color8);\"><div class=\"panel-heading\"><h4 class=\"panel-title toggle\" id=\"toggle_9125bc7c8ff894a6b\"><a aria-expanded=\"false\" aria-controls=\"9125bc7c8ff894a6b\" role=\"button\" data-toggle=\"collapse\" data-parent=\"#accordion-2092-2\" data-target=\"#9125bc7c8ff894a6b\" href=\"#9125bc7c8ff894a6b\"><span class=\"fusion-toggle-icon-wrapper\" aria-hidden=\"true\"><i class=\"fa-fusion-box active-icon awb-icon-minus\" aria-hidden=\"true\"><\/i><i class=\"fa-fusion-box inactive-icon awb-icon-plus\" aria-hidden=\"true\"><\/i><\/span><span class=\"fusion-toggle-heading\">Welke betalingsmogelijkheden zijn er ?<\/span><\/a><\/h4><\/div><div id=\"9125bc7c8ff894a6b\" class=\"panel-collapse collapse \" araia-labelledby=\"toggle_9125bc7c8ff894a6b\"><div class=\"panel-body toggle-content fusion-clearfix\">Op beide vertrekpunten accepteren wij de volgende betalingsmogelijkheden :<\/p>\n<ul>\n<li>Ch\u00e8que (voor Frankrijk)<\/li>\n<li>Ch\u00e8que Vacances ANCV (voor Frankrijk)<\/li>\n<li>Pin\/Credit Card<\/li>\n<li>Contant<\/li>\n<\/ul>\n<p>Voor online reserveren is alleen betaling per credit card mogelijk. Indien u ter plekke contant wilt betalen, kunt u uw reservering per mail contact@canoe-ardeche.com naar ons opsturen of telefonisch contact opnemen op <a href=\"tel:+33475371779\">0033 4 75 37 17 79.<\/a><\/div><\/div><\/div><div class=\"fusion-panel panel-default panel-38c0b7d57b8bc991a fusion-toggle-no-divider fusion-toggle-boxed-mode\" style=\"--awb-title-color:var(--awb-color8);\"><div class=\"panel-heading\"><h4 class=\"panel-title toggle\" id=\"toggle_38c0b7d57b8bc991a\"><a aria-expanded=\"false\" aria-controls=\"38c0b7d57b8bc991a\" role=\"button\" data-toggle=\"collapse\" data-parent=\"#accordion-2092-2\" data-target=\"#38c0b7d57b8bc991a\" href=\"#38c0b7d57b8bc991a\"><span class=\"fusion-toggle-icon-wrapper\" aria-hidden=\"true\"><i class=\"fa-fusion-box active-icon awb-icon-minus\" aria-hidden=\"true\"><\/i><i class=\"fa-fusion-box inactive-icon awb-icon-plus\" aria-hidden=\"true\"><\/i><\/span><span class=\"fusion-toggle-heading\">Wij hebben een SMARTBOX, WONDERBOX, DAKOTABOX\u2026 Hoe kunnen we reserveren ?<\/span><\/a><\/h4><\/div><div id=\"38c0b7d57b8bc991a\" class=\"panel-collapse collapse \" araia-labelledby=\"toggle_38c0b7d57b8bc991a\"><div class=\"panel-body toggle-content fusion-clearfix\">Om te reserveren met een kadobox vragen wij u contact op te nemen per mail op contact@canoe-ardeche.com. Noteer in deze mail de gewenste datum en een foto of scan van de voucher (met barcode). Bij ontvangst van de mail, registreren wij uw reservering en sturen wij u een bevestiging per mail.<\/div><\/div><\/div><div class=\"fusion-panel panel-default panel-b9e5218da483a0cde fusion-toggle-no-divider fusion-toggle-boxed-mode\" style=\"--awb-title-color:var(--awb-color8);\"><div class=\"panel-heading\"><h4 class=\"panel-title toggle\" id=\"toggle_b9e5218da483a0cde\"><a aria-expanded=\"false\" aria-controls=\"b9e5218da483a0cde\" role=\"button\" data-toggle=\"collapse\" data-parent=\"#accordion-2092-2\" data-target=\"#b9e5218da483a0cde\" href=\"#b9e5218da483a0cde\"><span class=\"fusion-toggle-icon-wrapper\" aria-hidden=\"true\"><i class=\"fa-fusion-box active-icon awb-icon-minus\" aria-hidden=\"true\"><\/i><i class=\"fa-fusion-box inactive-icon awb-icon-plus\" aria-hidden=\"true\"><\/i><\/span><span class=\"fusion-toggle-heading\">wij hebben een Base Nautique du Pont d\u2019Arc kadobon. Hoe kunnen we reserveren ?<\/span><\/a><\/h4><\/div><div id=\"b9e5218da483a0cde\" class=\"panel-collapse collapse \" araia-labelledby=\"toggle_b9e5218da483a0cde\"><div class=\"panel-body toggle-content fusion-clearfix\">Om te reserveren met een Base Nautique du Pont d&#8217;Arc kadobon, gelieve telefonisch contact op te nemen op <a href=\"tel:+33475371779\">0033 4 75 37 17 79<\/a> of per mail op contact@canoe-ardeche.com<\/div><\/div><\/div><div class=\"fusion-panel panel-default panel-7e34ff8d5c31920e3 fusion-toggle-no-divider fusion-toggle-boxed-mode\" style=\"--awb-title-color:var(--awb-color8);\"><div class=\"panel-heading\"><h4 class=\"panel-title toggle\" id=\"toggle_7e34ff8d5c31920e3\"><a aria-expanded=\"false\" aria-controls=\"7e34ff8d5c31920e3\" role=\"button\" data-toggle=\"collapse\" data-parent=\"#accordion-2092-2\" data-target=\"#7e34ff8d5c31920e3\" href=\"#7e34ff8d5c31920e3\"><span class=\"fusion-toggle-icon-wrapper\" aria-hidden=\"true\"><i class=\"fa-fusion-box active-icon awb-icon-minus\" aria-hidden=\"true\"><\/i><i class=\"fa-fusion-box inactive-icon awb-icon-plus\" aria-hidden=\"true\"><\/i><\/span><span class=\"fusion-toggle-heading\">Wij zijn met een groep, zijn er speciale tarieven van toepassing ?<\/span><\/a><\/h4><\/div><div id=\"7e34ff8d5c31920e3\" class=\"panel-collapse collapse \" araia-labelledby=\"toggle_7e34ff8d5c31920e3\"><div class=\"panel-body toggle-content fusion-clearfix\">\n<p>Er zijn speciale tarieven voor groepen vanaf 10 personen. Het speciale tarief wordt automatisch berekend als u online reserveert.<br \/>\nU vindt onze groepstarieven op de pagina <a href=\"\/tarifs\/\">Tarieven<\/a>. Voor een offerte op maat, neem dan gerust contact met ons op per telefoon of per mail.<\/p>\n<\/div><\/div><\/div><div class=\"fusion-panel panel-default panel-705f778a0eec75c47 fusion-toggle-no-divider fusion-toggle-boxed-mode\" style=\"--awb-title-color:var(--awb-color8);\"><div class=\"panel-heading\"><h4 class=\"panel-title toggle\" id=\"toggle_705f778a0eec75c47\"><a aria-expanded=\"false\" aria-controls=\"705f778a0eec75c47\" role=\"button\" data-toggle=\"collapse\" data-parent=\"#accordion-2092-2\" data-target=\"#705f778a0eec75c47\" href=\"#705f778a0eec75c47\"><span class=\"fusion-toggle-icon-wrapper\" aria-hidden=\"true\"><i class=\"fa-fusion-box active-icon awb-icon-minus\" aria-hidden=\"true\"><\/i><i class=\"fa-fusion-box inactive-icon awb-icon-plus\" aria-hidden=\"true\"><\/i><\/span><span class=\"fusion-toggle-heading\">Wij willen een kanotocht maken met een kind jonger dan 7 jaar, kan dit ?<\/span><\/a><\/h4><\/div><div id=\"705f778a0eec75c47\" class=\"panel-collapse collapse \" araia-labelledby=\"toggle_705f778a0eec75c47\"><div class=\"panel-body toggle-content fusion-clearfix\">\n<p>Een afdaling (vrij parcours) maken met een kind jonger dan 7 jaar zonder gids is strikt verboden.<br \/>\nAls u een afdaling wilt maken met kinderen jonger dan 7 jaar, kunt u kiezen voor een afdaling onder begeleiding van een gediplomeerde gids. Voor meer informatie hierover kunt u ons bellen op <a href=\"tel:+33475371779\">0033 4 75 37 17 79<\/a>, een bericht sturen via WhatsApp op 0033 7 82 72 72 03 of per mail op contact@canoe-ardeche.com. U kunt ook alvast een kijkje nemen op <a href=\"\/les-descentes-en-canoe\/mini-descente-accompagnee-7km\/\">deze pagina<\/a>.<\/p>\n<\/div><\/div><\/div><\/div><\/div><div class=\"fusion-title title fusion-title-5 sep-underline sep-dashed fusion-title-text fusion-title-size-three\"><h3 class=\"title-heading-left\" style=\"margin:0;\">Een resevering annuleren<\/h3><\/div><div class=\"accordian fusion-accordian\" style=\"--awb-border-size:1px;--awb-icon-size:16px;--awb-content-font-size:var(--awb-typography4-font-size);--awb-icon-alignment:left;--awb-hover-color:var(--awb-color2);--awb-border-color:var(--awb-color3);--awb-background-color:var(--awb-color1);--awb-divider-color:var(--awb-color3);--awb-divider-hover-color:var(--awb-color3);--awb-icon-color:var(--awb-color1);--awb-title-color:var(--awb-custom12);--awb-content-color:var(--awb-custom10);--awb-icon-box-color:var(--awb-custom12);--awb-toggle-hover-accent-color:var(--awb-custom10);--awb-title-font-family:&quot;Poppins&quot;;--awb-title-font-weight:regular;--awb-title-font-style:normal;--awb-title-font-size:16px;--awb-title-line-height:1.5;--awb-content-font-family:&quot;Poppins&quot;;--awb-content-font-style:normal;--awb-content-font-weight:regular;\"><div class=\"panel-group fusion-toggle-icon-boxed\" id=\"accordion-2092-3\"><div class=\"fusion-panel panel-default panel-db09b6927a6d906ba fusion-toggle-no-divider fusion-toggle-boxed-mode\" style=\"--awb-title-color:var(--awb-color8);\"><div class=\"panel-heading\"><h4 class=\"panel-title toggle\" id=\"toggle_db09b6927a6d906ba\"><a aria-expanded=\"false\" aria-controls=\"db09b6927a6d906ba\" role=\"button\" data-toggle=\"collapse\" data-parent=\"#accordion-2092-3\" data-target=\"#db09b6927a6d906ba\" href=\"#db09b6927a6d906ba\"><span class=\"fusion-toggle-icon-wrapper\" aria-hidden=\"true\"><i class=\"fa-fusion-box active-icon awb-icon-minus\" aria-hidden=\"true\"><\/i><i class=\"fa-fusion-box inactive-icon awb-icon-plus\" aria-hidden=\"true\"><\/i><\/span><span class=\"fusion-toggle-heading\">Kunnen wij onze reservering annuleren ?<\/span><\/a><\/h4><\/div><div id=\"db09b6927a6d906ba\" class=\"panel-collapse collapse \" araia-labelledby=\"toggle_db09b6927a6d906ba\"><div class=\"panel-body toggle-content fusion-clearfix\">\n<p>Om een reservering te annuleren, vragen wij u contact met ons op te nemen per mail of per telefoon v\u00f3\u00f3r de geplande datum.<\/p>\n<p>In de volgende gevallen wordt het volledige bedrag terugbetaald:<br \/>\n&#8211; Overmacht: overlijden, ziekenhuisopname, ziekte, ongeval, enz. (op vertoon van bewijs)<br \/>\n&#8211; Verbod op het varen op de Ard\u00e8che: vanwege ongunstig weer (oranje of rode weercode aangekondigd door M\u00e9t\u00e9o France) of een overstroming van de Ard\u00e8che (afhankelijk van de geldende navigatiebeperkingen)<br \/>\n&#8211; Overheidsbeslissingen als gevolg van een pandemie<br \/>\n&#8211; Als de beslissing om de afdaling te annuleren van ons komt.<br \/>\nTerugbetalingen worden gedaan via bankoverschrijving binnen 21 dagen, na ontvangst van de bankgegevens van de klant.<\/p>\n<p>Er vindt geen restitutie plaats zonder bewijs of geldige reden.<br \/>\nEr vindt geen restitutie plaats na last-minute wijzigingen (aantal personen, boekingsfout, enz.)<br \/>\nEr vindt geen restitutie plaats als de geplande datum van de service is verstreken.<br \/>\nIn deze gevallen kunnen we de datum van de dienst uitstellen of een tegoedbon opstellen, die 2 jaar geldig is.<br \/>\nEr vindt geen restitutie plaats in geval van niet-naleving van de twee verplichte voorwaarden vermeld in onze algemene huurvoorwaarden: minimaal 7 jaar oud zijn en minimaal 25 meter kunnen zwemmen<\/p>\n<p>Als de weersvoorspelling &#8220;ongunstig&#8221; is (regen, wind, enz.) maar niet gevaarlijk (hevig onweer, oranje of rode weercode, enz.), worden de afdalingen gehandhaafd. Er wordt geen restitutie verleend.<br \/>\nIndien de klant zijn afdaling toch wenst te annuleren, bieden wij 2 mogelijkheden:<br \/>\n&#8211; Wij kunnen een tegoedbon maken, geldig voor 2 jaar, voor het bedrag van de geboekte dienst<br \/>\nof<br \/>\n&#8211; We kunnen de datum van de dienst uitstellen<\/p>\n<\/div><\/div><\/div><\/div><\/div><div class=\"fusion-title title fusion-title-6 sep-underline sep-dashed fusion-title-text fusion-title-size-three\"><h3 class=\"title-heading-left\" style=\"margin:0;\">Praktische informatie<\/h3><\/div><div class=\"accordian fusion-accordian\" style=\"--awb-border-size:1px;--awb-icon-size:16px;--awb-content-font-size:var(--awb-typography4-font-size);--awb-icon-alignment:left;--awb-hover-color:var(--awb-color2);--awb-border-color:var(--awb-color3);--awb-background-color:var(--awb-color1);--awb-divider-color:var(--awb-color3);--awb-divider-hover-color:var(--awb-color3);--awb-icon-color:var(--awb-color1);--awb-title-color:var(--awb-custom12);--awb-content-color:var(--awb-custom10);--awb-icon-box-color:var(--awb-custom12);--awb-toggle-hover-accent-color:var(--awb-custom10);--awb-title-font-family:&quot;Poppins&quot;;--awb-title-font-weight:regular;--awb-title-font-style:normal;--awb-title-font-size:16px;--awb-title-line-height:1.5;--awb-content-font-family:&quot;Poppins&quot;;--awb-content-font-style:normal;--awb-content-font-weight:regular;\"><div class=\"panel-group fusion-toggle-icon-boxed\" id=\"accordion-2092-4\"><div class=\"fusion-panel panel-default panel-aa024aac8232a9bdc fusion-toggle-no-divider fusion-toggle-boxed-mode\" style=\"--awb-title-color:var(--awb-color8);\"><div class=\"panel-heading\"><h4 class=\"panel-title toggle\" id=\"toggle_aa024aac8232a9bdc\"><a aria-expanded=\"false\" aria-controls=\"aa024aac8232a9bdc\" role=\"button\" data-toggle=\"collapse\" data-parent=\"#accordion-2092-4\" data-target=\"#aa024aac8232a9bdc\" href=\"#aa024aac8232a9bdc\"><span class=\"fusion-toggle-icon-wrapper\" aria-hidden=\"true\"><i class=\"fa-fusion-box active-icon awb-icon-minus\" aria-hidden=\"true\"><\/i><i class=\"fa-fusion-box inactive-icon awb-icon-plus\" aria-hidden=\"true\"><\/i><\/span><span class=\"fusion-toggle-heading\">Waar bevindt zich het vertrekpunt van mijn afdaling ?<\/span><\/a><\/h4><\/div><div id=\"aa024aac8232a9bdc\" class=\"panel-collapse collapse \" araia-labelledby=\"toggle_aa024aac8232a9bdc\"><div class=\"panel-body toggle-content fusion-clearfix\">\n<p>Om het goede vertrekpunt van uw afdaling te achterhalen, kunt u kijken op de pagina van de respectievelijke afdaling. Alle informatie staat hier beschreven. Let op, het vertrekpunt waar u heen moet hangt af van de periode.<br \/>\nWij hebben 2 vertrekpunten. U kunt een toegangskaart vinden op onze pagina <a href=\"\/acces\/\">Toegang<\/a>.<\/p>\n<p><strong>Vertrekpunt N\u00b01<\/strong> : Vertrek voor de afdaling van 7 km, 24 km en 31 km (in 1 of 2 dagen)<br \/>\n<strong>Base N\u00b0 2<\/strong> (open van 07\/05\/24 tot en met 14\/09\/24) : Vertrek van de 5 km, 12 km en 36 km in 2 dagen.<\/p>\n<p>Zolang het Vertrekpunt N\u00b02 nog gesloten is, moet u voor vertrek van de afdaling van 5 km, 12 km en 36 km in 2 dagen naar het Vertrekpunt N\u00b01 komen. U wordt dan per mini bus naar het startpunt van deze afdalingen gebracht. Meer details kunt op vinden op de pagina <a href=\"\/acces\/\">Toegang<\/a>.<\/p>\n<\/div><\/div><\/div><div class=\"fusion-panel panel-default panel-d018b3682cbdbbc71 fusion-toggle-no-divider fusion-toggle-boxed-mode\" style=\"--awb-title-color:var(--awb-color8);\"><div class=\"panel-heading\"><h4 class=\"panel-title toggle\" id=\"toggle_d018b3682cbdbbc71\"><a aria-expanded=\"false\" aria-controls=\"d018b3682cbdbbc71\" role=\"button\" data-toggle=\"collapse\" data-parent=\"#accordion-2092-4\" data-target=\"#d018b3682cbdbbc71\" href=\"#d018b3682cbdbbc71\"><span class=\"fusion-toggle-icon-wrapper\" aria-hidden=\"true\"><i class=\"fa-fusion-box active-icon awb-icon-minus\" aria-hidden=\"true\"><\/i><i class=\"fa-fusion-box inactive-icon awb-icon-plus\" aria-hidden=\"true\"><\/i><\/span><span class=\"fusion-toggle-heading\">Wij zijn beginners en hebben nog nooit gekano\u00ebd, kunnen wij evengoed de afdaling van de Ard\u00e8che doen ?<\/span><\/a><\/h4><\/div><div id=\"d018b3682cbdbbc71\" class=\"panel-collapse collapse \" araia-labelledby=\"toggle_d018b3682cbdbbc71\"><div class=\"panel-body toggle-content fusion-clearfix\">\n<p>De kanotocht op de Ard\u00e8che is een activiteit dat toegankelijk is voor iedereen (kinderen vanaf 7 jaar). U krijgt voor vertrek uitleg en technische aanwijzingen over het door u gekozen parcours. De Ard\u00e8che is een redelijk gemakkelijke rivier, u krijgt van ons uitleg over de verschillende stroomversnellingen voordat u vertrekt. U moet minstens 25 meter kunnen zwemmen en niet bang zijn onder water. De minimale leeftijd voor een (vrije) afdaling op de Ard\u00e8che is 7 jaar. Voor een afdaling met kinderen jonger dan 7 jaar, kunt u kijken op <a href=\"\/les-descentes-en-canoe\/mini-descente-accompagnee-7km\/\">deze pagina<\/a> .<\/p>\n<\/div><\/div><\/div><div class=\"fusion-panel panel-default panel-e395c456d1e4c64ad fusion-toggle-no-divider fusion-toggle-boxed-mode\" style=\"--awb-title-color:var(--awb-color8);\"><div class=\"panel-heading\"><h4 class=\"panel-title toggle\" id=\"toggle_e395c456d1e4c64ad\"><a aria-expanded=\"false\" aria-controls=\"e395c456d1e4c64ad\" role=\"button\" data-toggle=\"collapse\" data-parent=\"#accordion-2092-4\" data-target=\"#e395c456d1e4c64ad\" href=\"#e395c456d1e4c64ad\"><span class=\"fusion-toggle-icon-wrapper\" aria-hidden=\"true\"><i class=\"fa-fusion-box active-icon awb-icon-minus\" aria-hidden=\"true\"><\/i><i class=\"fa-fusion-box inactive-icon awb-icon-plus\" aria-hidden=\"true\"><\/i><\/span><span class=\"fusion-toggle-heading\">Wat moeten we meenemen op onze kanotocht ?<\/span><\/a><\/h4><\/div><div id=\"e395c456d1e4c64ad\" class=\"panel-collapse collapse \" araia-labelledby=\"toggle_e395c456d1e4c64ad\"><div class=\"panel-body toggle-content fusion-clearfix\">\n<ul>\n<li>Schoenen die goed aan de voeten blijven zitten (sandalen, sportschoenen, waterschoenen&#8230;)<\/li>\n<li>Eten en drinken (minimaal 1,5 liter per persoon)<\/li>\n<li>Bescherming tegen de zon : zonnebrand (bio), hoed, pet, t-shirt&#8230;<\/li>\n<li>Een plastic tas voor telefoon, camera, papieren&#8230;<\/li>\n<li>Brillentouwtjes<\/li>\n<li>Droge kleding voor na de afdaling<\/li>\n<li>Handdoek&#8230;<\/li>\n<\/ul>\n<\/div><\/div><\/div><div class=\"fusion-panel panel-default panel-053f7ffba2f184dc0 fusion-toggle-no-divider fusion-toggle-boxed-mode\" style=\"--awb-title-color:var(--awb-color8);\"><div class=\"panel-heading\"><h4 class=\"panel-title toggle\" id=\"toggle_053f7ffba2f184dc0\"><a aria-expanded=\"false\" aria-controls=\"053f7ffba2f184dc0\" role=\"button\" data-toggle=\"collapse\" data-parent=\"#accordion-2092-4\" data-target=\"#053f7ffba2f184dc0\" href=\"#053f7ffba2f184dc0\"><span class=\"fusion-toggle-icon-wrapper\" aria-hidden=\"true\"><i class=\"fa-fusion-box active-icon awb-icon-minus\" aria-hidden=\"true\"><\/i><i class=\"fa-fusion-box inactive-icon awb-icon-plus\" aria-hidden=\"true\"><\/i><\/span><span class=\"fusion-toggle-heading\">Welk materiaal krijgen we van u mee ?<\/span><\/a><\/h4><\/div><div id=\"053f7ffba2f184dc0\" class=\"panel-collapse collapse \" araia-labelledby=\"toggle_053f7ffba2f184dc0\"><div class=\"panel-body toggle-content fusion-clearfix\">\n<ul>\n<li>Kano\/kayak en peddels<\/li>\n<li>Zwemvest, verplicht te dragen gedurende de hele afdaling<\/li>\n<li>Tonnen om uw spullen in mee te nemen (wij kunnen de waterdichtheid van onze tonnen niet garanderen, dit hangt af van de manier waarop deze afgesloten wordt door zijn gebruiker).<\/li>\n<\/ul>\n<\/div><\/div><\/div><div class=\"fusion-panel panel-default panel-713bcbb15c7996925 fusion-toggle-no-divider fusion-toggle-boxed-mode\" style=\"--awb-title-color:var(--awb-color8);\"><div class=\"panel-heading\"><h4 class=\"panel-title toggle\" id=\"toggle_713bcbb15c7996925\"><a aria-expanded=\"false\" aria-controls=\"713bcbb15c7996925\" role=\"button\" data-toggle=\"collapse\" data-parent=\"#accordion-2092-4\" data-target=\"#713bcbb15c7996925\" href=\"#713bcbb15c7996925\"><span class=\"fusion-toggle-icon-wrapper\" aria-hidden=\"true\"><i class=\"fa-fusion-box active-icon awb-icon-minus\" aria-hidden=\"true\"><\/i><i class=\"fa-fusion-box inactive-icon awb-icon-plus\" aria-hidden=\"true\"><\/i><\/span><span class=\"fusion-toggle-heading\">Moeten we een helm dragen ?<\/span><\/a><\/h4><\/div><div id=\"713bcbb15c7996925\" class=\"panel-collapse collapse \" araia-labelledby=\"toggle_713bcbb15c7996925\"><div class=\"panel-body toggle-content fusion-clearfix\">Een helm is niet verplicht op de Ard\u00e8che. Indien gewenst kunnen wij deze wel aan u meegeven.<\/div><\/div><\/div><div class=\"fusion-panel panel-default panel-fd6a56e76d5c95e11 fusion-toggle-no-divider fusion-toggle-boxed-mode\" style=\"--awb-title-color:var(--awb-color8);\"><div class=\"panel-heading\"><h4 class=\"panel-title toggle\" id=\"toggle_fd6a56e76d5c95e11\"><a aria-expanded=\"false\" aria-controls=\"fd6a56e76d5c95e11\" role=\"button\" data-toggle=\"collapse\" data-parent=\"#accordion-2092-4\" data-target=\"#fd6a56e76d5c95e11\" href=\"#fd6a56e76d5c95e11\"><span class=\"fusion-toggle-icon-wrapper\" aria-hidden=\"true\"><i class=\"fa-fusion-box active-icon awb-icon-minus\" aria-hidden=\"true\"><\/i><i class=\"fa-fusion-box inactive-icon awb-icon-plus\" aria-hidden=\"true\"><\/i><\/span><span class=\"fusion-toggle-heading\">Legt u het parcours aan ons uit ? Hoe weten we waar we moeten stoppen ?<\/span><\/a><\/h4><\/div><div id=\"fd6a56e76d5c95e11\" class=\"panel-collapse collapse \" araia-labelledby=\"toggle_fd6a56e76d5c95e11\"><div class=\"panel-body toggle-content fusion-clearfix\">Voordat u vertrekt , krijgt u van ons uitleg en technische aanwijzingen over het door u gekozen parcours. Wij leggen u ook uit waar u weer van de rivier af moet en hoe de terugreis verloopt. Als u vragen heeft na het luisteren naar deze uitleg, aarzel dan niet om dit tegen ons te zeggen.<\/div><\/div><\/div><div class=\"fusion-panel panel-default panel-ad0cccd0c2160577d fusion-toggle-no-divider fusion-toggle-boxed-mode\" style=\"--awb-title-color:var(--awb-color8);\"><div class=\"panel-heading\"><h4 class=\"panel-title toggle\" id=\"toggle_ad0cccd0c2160577d\"><a aria-expanded=\"false\" aria-controls=\"ad0cccd0c2160577d\" role=\"button\" data-toggle=\"collapse\" data-parent=\"#accordion-2092-4\" data-target=\"#ad0cccd0c2160577d\" href=\"#ad0cccd0c2160577d\"><span class=\"fusion-toggle-icon-wrapper\" aria-hidden=\"true\"><i class=\"fa-fusion-box active-icon awb-icon-minus\" aria-hidden=\"true\"><\/i><i class=\"fa-fusion-box inactive-icon awb-icon-plus\" aria-hidden=\"true\"><\/i><\/span><span class=\"fusion-toggle-heading\">Wij willen de afdaling in 2 dagen doen, hoe kunnen wij onze plaatsen op de bivak reserveren ?<\/span><\/a><\/h4><\/div><div id=\"ad0cccd0c2160577d\" class=\"panel-collapse collapse \" araia-labelledby=\"toggle_ad0cccd0c2160577d\"><div class=\"panel-body toggle-content fusion-clearfix\">\n<p>Voor de afdalingen in 2 dagen, dient u van te voren uw plaatsen op de bivak te reserveren. Kijk op de pagina van de door u gekozen afdaling of op <a href=\"\/les-descentes-en-canoe\/descente-en-2-jours-31km-avec-bivouac\/\">deze pagina<\/a> om uw plaatsen te reserveren.<\/p>\n<\/div><\/div><\/div><div class=\"fusion-panel panel-default panel-f7fd50b95be5d5723 fusion-toggle-no-divider fusion-toggle-boxed-mode\" style=\"--awb-title-color:var(--awb-color8);\"><div class=\"panel-heading\"><h4 class=\"panel-title toggle\" id=\"toggle_f7fd50b95be5d5723\"><a aria-expanded=\"false\" aria-controls=\"f7fd50b95be5d5723\" role=\"button\" data-toggle=\"collapse\" data-parent=\"#accordion-2092-4\" data-target=\"#f7fd50b95be5d5723\" href=\"#f7fd50b95be5d5723\"><span class=\"fusion-toggle-icon-wrapper\" aria-hidden=\"true\"><i class=\"fa-fusion-box active-icon awb-icon-minus\" aria-hidden=\"true\"><\/i><i class=\"fa-fusion-box inactive-icon awb-icon-plus\" aria-hidden=\"true\"><\/i><\/span><span class=\"fusion-toggle-heading\">Wij gaan de afdaling in 2 dagen doen, hoe nemen we onze tent mee op de kano? Is er genoeg ruimte voor al onze spullen?<\/span><\/a><\/h4><\/div><div id=\"f7fd50b95be5d5723\" class=\"panel-collapse collapse \" araia-labelledby=\"toggle_f7fd50b95be5d5723\"><div class=\"panel-body toggle-content fusion-clearfix\">Tenten passen niet in onze tonnen. U kunt uw tent meenemen in een grote vuilniszak en deze vastbinden op uw kano (denk aan het meenemen van touw).<br \/>\nU krijgt van ons een ton met een inhoud van 55 liter mee om al uw spullen in te stoppen. Let op, als u een kind op de derde plek in de kano meeneemt, kan er maar 1 ton op de kano worden meegenomen.<\/div><\/div><\/div><div class=\"fusion-panel panel-default panel-68afa2ec3a8db2b75 fusion-toggle-no-divider fusion-toggle-boxed-mode\" style=\"--awb-title-color:var(--awb-color8);\"><div class=\"panel-heading\"><h4 class=\"panel-title toggle\" id=\"toggle_68afa2ec3a8db2b75\"><a aria-expanded=\"false\" aria-controls=\"68afa2ec3a8db2b75\" role=\"button\" data-toggle=\"collapse\" data-parent=\"#accordion-2092-4\" data-target=\"#68afa2ec3a8db2b75\" href=\"#68afa2ec3a8db2b75\"><span class=\"fusion-toggle-icon-wrapper\" aria-hidden=\"true\"><i class=\"fa-fusion-box active-icon awb-icon-minus\" aria-hidden=\"true\"><\/i><i class=\"fa-fusion-box inactive-icon awb-icon-plus\" aria-hidden=\"true\"><\/i><\/span><span class=\"fusion-toggle-heading\">Wij doen de afdaling in 2 dagen, wat is er te vinden op de bivak ?<\/span><\/a><\/h4><\/div><div id=\"68afa2ec3a8db2b75\" class=\"panel-collapse collapse \" araia-labelledby=\"toggle_68afa2ec3a8db2b75\"><div class=\"panel-body toggle-content fusion-clearfix\">Op de bivak vindt u toiletten en (koude) douches, een hulppost en barbecues met gril en houtskool. Voor meer informatie kunt u terecht op deze pagina.<\/div><\/div><\/div><div class=\"fusion-panel panel-default panel-1526d1787ff984961 fusion-toggle-no-divider fusion-toggle-boxed-mode\" style=\"--awb-title-color:var(--awb-color8);\"><div class=\"panel-heading\"><h4 class=\"panel-title toggle\" id=\"toggle_1526d1787ff984961\"><a aria-expanded=\"false\" aria-controls=\"1526d1787ff984961\" role=\"button\" data-toggle=\"collapse\" data-parent=\"#accordion-2092-4\" data-target=\"#1526d1787ff984961\" href=\"#1526d1787ff984961\"><span class=\"fusion-toggle-icon-wrapper\" aria-hidden=\"true\"><i class=\"fa-fusion-box active-icon awb-icon-minus\" aria-hidden=\"true\"><\/i><i class=\"fa-fusion-box inactive-icon awb-icon-plus\" aria-hidden=\"true\"><\/i><\/span><span class=\"fusion-toggle-heading\">Mogen wij onze hond meenemen ?<\/span><\/a><\/h4><\/div><div id=\"1526d1787ff984961\" class=\"panel-collapse collapse \" araia-labelledby=\"toggle_1526d1787ff984961\"><div class=\"panel-body toggle-content fusion-clearfix\">Ja, u mag uw hond meenemen op de afdaling.<br \/>\nUw hond moet kunnen zwemmen en niet bang zijn voor water. Wij adviseren u eveneens om de hond niet in de kano vast te binden en halsband of harnas af te doen tijdens de tocht. Tijdens uw stops langs de rivier moet uw hond aangelijnd zijn.<\/div><\/div><\/div><div class=\"fusion-panel panel-default panel-3101a42d081c5e58c fusion-toggle-no-divider fusion-toggle-boxed-mode\" style=\"--awb-title-color:var(--awb-color8);\"><div class=\"panel-heading\"><h4 class=\"panel-title toggle\" id=\"toggle_3101a42d081c5e58c\"><a aria-expanded=\"false\" aria-controls=\"3101a42d081c5e58c\" role=\"button\" data-toggle=\"collapse\" data-parent=\"#accordion-2092-4\" data-target=\"#3101a42d081c5e58c\" href=\"#3101a42d081c5e58c\"><span class=\"fusion-toggle-icon-wrapper\" aria-hidden=\"true\"><i class=\"fa-fusion-box active-icon awb-icon-minus\" aria-hidden=\"true\"><\/i><i class=\"fa-fusion-box inactive-icon awb-icon-plus\" aria-hidden=\"true\"><\/i><\/span><span class=\"fusion-toggle-heading\">Wij zijn klaar met onze afdaling, hoe komen we terug bij onze auto ?<\/span><\/a><\/h4><\/div><div id=\"3101a42d081c5e58c\" class=\"panel-collapse collapse \" araia-labelledby=\"toggle_3101a42d081c5e58c\"><div class=\"panel-body toggle-content fusion-clearfix\">\n<p>Na de afdaling wordt u per mini bus terug gebracht naar het vertrekpunt.<br \/>\nVoor de korte afdalingen zijn er verschillende retourtijden mogelijk. U kiest zelf uw retourtijd (voor vertrek en onder voorbehoud van beschikbaarheid).<br \/>\nVoor de lange afdalingen vragen wij u aan te komen in Sauze tussen 15u30 en 17u (afhankelijk van de periode). Onze bussen vertrekken als ze vol zijn of als iedereen is aangekomen. Wij geven u meer informatie over de aankomst van de lange afdalingen voordat u vertrekt.<\/p>\n<p><span style=\"color: #800000;\"><em>De opgegeven retourtijden zijn indicatief en hangen af van de aankomst van onze klanten, drukte in het verkeer en eventuele onvoorziene omstandigheden (pech, file&#8230;) Op drukke dagen dient u rekening te houden met extra wachttijd.<\/em><\/span><\/p>\n<\/div><\/div><\/div><div class=\"fusion-panel panel-default panel-10acfc46b8dd91286 fusion-toggle-no-divider fusion-toggle-boxed-mode\" style=\"--awb-title-color:var(--awb-color8);\"><div class=\"panel-heading\"><h4 class=\"panel-title toggle\" id=\"toggle_10acfc46b8dd91286\"><a aria-expanded=\"false\" aria-controls=\"10acfc46b8dd91286\" role=\"button\" data-toggle=\"collapse\" data-parent=\"#accordion-2092-4\" data-target=\"#10acfc46b8dd91286\" href=\"#10acfc46b8dd91286\"><span class=\"fusion-toggle-icon-wrapper\" aria-hidden=\"true\"><i class=\"fa-fusion-box active-icon awb-icon-minus\" aria-hidden=\"true\"><\/i><i class=\"fa-fusion-box inactive-icon awb-icon-plus\" aria-hidden=\"true\"><\/i><\/span><span class=\"fusion-toggle-heading\">Foto's souvenir<\/span><\/a><\/h4><\/div><div id=\"10acfc46b8dd91286\" class=\"panel-collapse collapse \" araia-labelledby=\"toggle_10acfc46b8dd91286\"><div class=\"panel-body toggle-content fusion-clearfix\">\n<p>Tijdens uw afdaling worden er op verschillende plekken foto&#8217;s genomen. VU kunt uw foto&#8217;s terugvinden op de website van GS-IMAGE.<\/p>\n<p><a href=\"http:\/\/www.gs-image.fr\" target=\"_blank\" rel=\"noopener\">www.gs-image.fr<\/a><\/p>\n<p>Met de kortingscode BNPA2024, profiteert u van een korting tot -20% op uw bestelling !<\/p>\n<\/div><\/div><\/div><\/div><\/div><div class=\"fusion-text fusion-text-1\" style=\"--awb-margin-top:30px;\"><p>Heeft u nog vragen waar u geen antwoord op heeft gevonden ?<br \/>\nNeem gerust contact met ons op per telefoon <a href=\"tel:+33475371779\">0033 4 75 37 17 79<\/a>, per mail contact@canoe-ardeche.com of via WhatsApp (enkel berichten) op 0033 7 82 72 72 03.<\/p>\n<\/div><div ><a class=\"fusion-button button-flat fusion-button-default-size button-default fusion-button-default button-1 fusion-button-default-span fusion-button-default-type\" target=\"_self\" href=\"https:\/\/www.canoe-ardeche.com\/reservation-en-ligne\/\"><span class=\"fusion-button-text\">Ik reserveer mijn kanotocht ! <\/span><\/a><\/div><\/div><\/div><\/div><\/div>\n","protected":false},"excerpt":{"rendered":"","protected":false},"author":1,"featured_media":0,"parent":2086,"menu_order":0,"comment_status":"closed","ping_status":"closed","template":"100-width.php","meta":{"footnotes":""},"class_list":["post-2092","page","type-page","status-publish","hentry"],"_links":{"self":[{"href":"https:\/\/www.canoe-ardeche.com\/nl\/wp-json\/wp\/v2\/pages\/2092","targetHints":{"allow":["GET"]}}],"collection":[{"href":"https:\/\/www.canoe-ardeche.com\/nl\/wp-json\/wp\/v2\/pages"}],"about":[{"href":"https:\/\/www.canoe-ardeche.com\/nl\/wp-json\/wp\/v2\/types\/page"}],"author":[{"embeddable":true,"href":"https:\/\/www.canoe-ardeche.com\/nl\/wp-json\/wp\/v2\/users\/1"}],"replies":[{"embeddable":true,"href":"https:\/\/www.canoe-ardeche.com\/nl\/wp-json\/wp\/v2\/comments?post=2092"}],"version-history":[{"count":7,"href":"https:\/\/www.canoe-ardeche.com\/nl\/wp-json\/wp\/v2\/pages\/2092\/revisions"}],"predecessor-version":[{"id":4332,"href":"https:\/\/www.canoe-ardeche.com\/nl\/wp-json\/wp\/v2\/pages\/2092\/revisions\/4332"}],"up":[{"embeddable":true,"href":"https:\/\/www.canoe-ardeche.com\/nl\/wp-json\/wp\/v2\/pages\/2086"}],"wp:attachment":[{"href":"https:\/\/www.canoe-ardeche.com\/nl\/wp-json\/wp\/v2\/media?parent=2092"}],"curies":[{"name":"wp","href":"https:\/\/api.w.org\/{rel}","templated":true}]}}