{"id":2278,"date":"2023-04-24T11:17:44","date_gmt":"2023-04-24T09:17:44","guid":{"rendered":"https:\/\/www.canoe-ardeche.com\/de-kanotochten\/mini-afdaling-met-gids-7-km\/"},"modified":"2026-04-28T14:46:52","modified_gmt":"2026-04-28T12:46:52","slug":"mini-afdaling-met-gids-7-km","status":"publish","type":"page","link":"https:\/\/www.canoe-ardeche.com\/nl\/de-kanotochten\/mini-afdaling-met-gids-7-km\/","title":{"rendered":"Mini Afdaling met gediplomeerde gids &#8211; 7 km"},"content":{"rendered":"<p><div class=\"fusion-fullwidth fullwidth-box fusion-builder-row-1 fusion-flex-container has-pattern-background has-mask-background page-descentes nonhundred-percent-fullwidth non-hundred-percent-height-scrolling\" style=\"--awb-border-radius-top-left:0px;--awb-border-radius-top-right:0px;--awb-border-radius-bottom-right:0px;--awb-border-radius-bottom-left:0px;--awb-padding-top:30px;--awb-padding-bottom:30px;--awb-margin-top:0px;--awb-margin-bottom:0px;\" ><div class=\"fusion-builder-row fusion-row fusion-flex-align-items-flex-start fusion-flex-justify-content-center\" style=\"max-width:1456px;margin-left: calc(-4% \/ 2 );margin-right: calc(-4% \/ 2 );\"><div class=\"fusion-layout-column fusion_builder_column fusion-builder-column-0 fusion_builder_column_1_1 1_1 fusion-flex-column\" style=\"--awb-bg-size:cover;--awb-width-large:100%;--awb-spacing-right-large:1.92%;--awb-spacing-left-large:1.92%;--awb-width-medium:100%;--awb-order-medium:0;--awb-spacing-right-medium:1.92%;--awb-spacing-left-medium:1.92%;--awb-width-small:100%;--awb-order-small:0;--awb-spacing-right-small:1.92%;--awb-spacing-left-small:1.92%;\"><div class=\"fusion-column-wrapper fusion-column-has-shadow fusion-flex-justify-content-flex-start fusion-content-layout-column\"><div class=\"fusion-title title fusion-title-1 fusion-sep-none fusion-title-center fusion-title-text fusion-title-size-one\" style=\"--awb-margin-top:30px;\"><h1 class=\"title-heading-center\" style=\"margin:0;\">De Mini Afdaling met gids<span class=\"nd\">7 km<span class=\"nd\">1\/2 dag \/ 1 dag<\/span><\/span><\/h1><\/div><div class=\"fusion-title title fusion-title-2 fusion-sep-none fusion-title-center fusion-title-text fusion-title-size-two h2-stitle\"><h2 class=\"title-heading-center\" style=\"margin:0;\">Ontdek de Mini Afdaling met kinderen vanaf 4,5 jaar onder begeleiding van een gediplomeerde gids.<\/h2><\/div><\/div><\/div><div class=\"fusion-layout-column fusion_builder_column fusion-builder-column-1 fusion_builder_column_1_3 1_3 fusion-flex-column visuel-descentes\" style=\"--awb-bg-size:cover;--awb-width-large:33.333333333333%;--awb-spacing-right-large:0;--awb-spacing-left-large:0;--awb-width-medium:100%;--awb-order-medium:0;--awb-spacing-right-medium:1.92%;--awb-spacing-left-medium:1.92%;--awb-width-small:100%;--awb-order-small:0;--awb-spacing-right-small:1.92%;--awb-spacing-left-small:1.92%;\"><div class=\"fusion-column-wrapper fusion-column-has-shadow fusion-flex-justify-content-flex-start fusion-content-layout-column\"><div class=\"liste-picto-detail\">\n\t<i class=\"picto-point-interet-5\"><\/i>\n<div class=\"lp-bases\">\n   <div>Vallon Pont d'Arc<\/div>\n   <div>Ch\u00e2mes<\/div>\n<\/div>\n<div class=\"lp-detail\">\n\t\t<div><span>7 km<\/span><\/div>\n\t\t<div><span>1\/2 journ\u00e9e \/ 1 journ\u00e9e<\/span><\/div>\n\t\t<div class=\"liste-parcours\"><span>Sur votre parcours<\/span>\n\t\t\t<ul>\n\t\t\t\t<li>Le rapide Charlemagne<\/li>\n<li>Site class\u00e9 du Pont d\u2019Arc<\/li><\/li>\n\t\t\t<\/ul>\n\t\t<\/div>\n\t<\/div>\n<\/div><div class=\"fusion-image-element \" style=\"text-align:center;\"><span class=\" fusion-imageframe imageframe-none imageframe-1 hover-type-none\"><img decoding=\"async\" width=\"1024\" height=\"683\" title=\"1000066568\" src=\"data:image\/svg+xml,%3Csvg%20xmlns%3D%27http%3A%2F%2Fwww.w3.org%2F2000%2Fsvg%27%20width%3D%271200%27%20height%3D%271600%27%20viewBox%3D%270%200%201200%201600%27%3E%3Crect%20width%3D%271200%27%20height%3D%271600%27%20fill-opacity%3D%220%22%2F%3E%3C%2Fsvg%3E\" data-orig-src=\"https:\/\/www.canoe-ardeche.com\/wp-content\/uploads\/1000066568-1-e1748243717594-1024x683.jpg\" alt class=\"lazyload img-responsive wp-image-4431\"\/><\/span><\/div><\/div><\/div><div class=\"fusion-layout-column fusion_builder_column fusion-builder-column-2 fusion_builder_column_2_3 2_3 fusion-flex-column details-descentes\" style=\"--awb-bg-size:cover;--awb-width-large:66.666666666667%;--awb-spacing-right-large:30px;--awb-spacing-left-large:30px;--awb-width-medium:100%;--awb-order-medium:0;--awb-spacing-right-medium:1.92%;--awb-spacing-left-medium:1.92%;--awb-width-small:100%;--awb-order-small:0;--awb-spacing-right-small:1.92%;--awb-spacing-left-small:1.92%;\"><div class=\"fusion-column-wrapper fusion-column-has-shadow fusion-flex-justify-content-flex-start fusion-content-layout-column\"><div class=\"fusion-text fusion-text-1\"><p><strong><i class=\"picto-parcours\"><\/i> De afdaling<\/strong><\/p>\n<ul>\n<li>Of u nu met een kind jonger dan 7 jaar reist of gewoon de Gorges de l&#8217;Ard\u00e8che wilt verkennen met een professionele gids, Base Nautique du Pont d&#8217;Arc biedt een mini-afdaling onder begeleiding van een gediplomeerde instructeur <strong>voor kinderen vanaf 4,5 jaar<\/strong>. Ga met familie of vrienden op pad om de Pont d&#8217;Arc en de eerste kliffen van het Nationaal Reservaat van de Gorges de l&#8217;Ard\u00e8che veilig te verkennen.<\/li>\n<\/ul>\n<p><strong><i class=\"picto-parcours\"><\/i> Parcours<\/strong><\/p>\n<ul>\n<li>Dit parcours van 7km en ongeveer 1u30 peddelen, biedt u kalme gedeeltes van de rivier en kleine stroomversnellingen en is de ideale afdaling voor een onvergetelijke eerste ervaring op onze prachtige rivier de Ard\u00e8che.<\/li>\n<li><\/li>\n<li>Onze gids zal zijn passie voor kano\u00ebn met u delen, maar u ook de opmerkelijke fauna en flora van de Gorges de l&#8217;Ard\u00e8che laten ontdekken.<\/li>\n<\/ul>\n<p><strong><i class=\"picto-etoile\"><\/i> Hoogtepunten van deze afdaling<\/strong><\/p>\n<ul>\n<li>Stroomversnelling Charlemagne en de Pont d\u2019Arc.<\/li>\n<\/ul>\n<p><strong><i class=\"picto-parcours\"><\/i> Vertrek \/ Retour<\/strong><\/p>\n<ul>\n<li>Vertrek is &#8217;s morgens om 8u30 met een retour rond 11u45 en &#8217;s middags rond 15u30 met een retour rond 18u45.<\/li>\n<\/ul>\n<p><strong><i class=\"picto-etoile2\"><\/i> De tarieven<\/strong><\/p>\n<\/div><div class=\"fusion-builder-row fusion-builder-row-inner fusion-row fusion-flex-align-items-flex-start fusion-flex-justify-content-center\" style=\"width:104% !important;max-width:104% !important;margin-left: calc(-4% \/ 2 );margin-right: calc(-4% \/ 2 );\"><div class=\"fusion-layout-column fusion_builder_column_inner fusion-builder-nested-column-0 fusion_builder_column_inner_1_2 1_2 fusion-flex-column fusion-flex-align-self-flex-start details-descentes\" style=\"--awb-bg-size:cover;--awb-width-large:50%;--awb-spacing-right-large:3.84%;--awb-spacing-left-large:3.84%;--awb-width-medium:100%;--awb-order-medium:0;--awb-spacing-right-medium:1.92%;--awb-spacing-left-medium:1.92%;--awb-width-small:100%;--awb-order-small:0;--awb-spacing-right-small:1.92%;--awb-spacing-left-small:1.92%;\"><div class=\"fusion-column-wrapper fusion-column-has-shadow fusion-flex-justify-content-flex-start fusion-content-layout-column\">\n<div class=\"table-2 tarifdescenteaccompagnee\">\n<table class=\"tarif-descente\">\n<thead>\n<tr>\n<th colspan=\"2\"><span class=\"tarif-title-descente\">Mini Afdaling met gids<\/span>1\/2 dag \u2013 7 km<\/th>\n<\/tr>\n<\/thead>\n<tbody>\n<tr>\n<td>Volwassene<\/td>\n<td class=\"tarifs-internet\">42 \u20ac<\/td>\n<\/tr>\n<tr>\n<td>Kind<\/td>\n<td class=\"tarifs-internet\">34 \u20ac<\/td>\n<\/tr>\n<\/tbody>\n<\/table>\n<\/div>\n<\/div><\/div><div class=\"fusion-layout-column fusion_builder_column_inner fusion-builder-nested-column-1 fusion_builder_column_inner_1_2 1_2 fusion-flex-column fusion-flex-align-self-flex-start\" style=\"--awb-bg-size:cover;--awb-width-large:50%;--awb-margin-top-large:0px;--awb-spacing-right-large:3.84%;--awb-spacing-left-large:3.84%;--awb-width-medium:100%;--awb-order-medium:0;--awb-spacing-right-medium:1.92%;--awb-spacing-left-medium:1.92%;--awb-width-small:100%;--awb-order-small:0;--awb-spacing-right-small:1.92%;--awb-spacing-left-small:1.92%;\"><div class=\"fusion-column-wrapper fusion-column-has-shadow fusion-flex-justify-content-flex-start fusion-content-layout-column\"><div class=\"fusion-text fusion-text-2 bloc-infos\"><p><i class=\"picto-attention\"><\/i>U kunt deze afdaling niet online boeken.<\/p>\n<p>Voor boekingen of meer informatie kunt u contact met ons opnemen via <a href=\"tel:+33475371779\">0033 4 75 37 17 79<\/a>.<\/p>\n<\/div><\/div><\/div><\/div><\/div><\/div><\/div><\/div><div class=\"fusion-fullwidth fullwidth-box fusion-builder-row-2 fusion-flex-container has-pattern-background has-mask-background page-descentes nonhundred-percent-fullwidth non-hundred-percent-height-scrolling\" style=\"--awb-border-radius-top-left:0px;--awb-border-radius-top-right:0px;--awb-border-radius-bottom-right:0px;--awb-border-radius-bottom-left:0px;--awb-padding-top:5px;--awb-padding-bottom:0px;--awb-margin-top:0px;--awb-margin-bottom:0px;\" ><div class=\"fusion-builder-row fusion-row fusion-flex-align-items-flex-start fusion-flex-justify-content-center\" style=\"max-width:1456px;margin-left: calc(-4% \/ 2 );margin-right: calc(-4% \/ 2 );\"><div class=\"fusion-layout-column fusion_builder_column fusion-builder-column-3 fusion_builder_column_2_5 2_5 fusion-flex-column bloc-cadre\" style=\"--awb-bg-size:cover;--awb-width-large:40%;--awb-margin-top-large:30px;--awb-spacing-right-large:4.8%;--awb-margin-bottom-large:30px;--awb-spacing-left-large:4.8%;--awb-width-medium:100%;--awb-order-medium:0;--awb-spacing-right-medium:1.92%;--awb-spacing-left-medium:1.92%;--awb-width-small:100%;--awb-order-small:0;--awb-spacing-right-small:1.92%;--awb-spacing-left-small:1.92%;\"><div class=\"fusion-column-wrapper fusion-column-has-shadow fusion-flex-justify-content-flex-start fusion-content-layout-column\"><div class=\"fusion-title title fusion-title-3 fusion-sep-none fusion-title-text fusion-title-size-three\"><h3 class=\"title-heading-left\" style=\"margin:0;\">Een afdaling met een groep<\/h3><\/div><div class=\"fusion-text fusion-text-3 txt-match\"><p>Een afdaling onder begeleiding van een gids, ook voor <strong>seminaries<\/strong>, <strong>bedrijfsuitjes<\/strong>, <strong>team-building<\/strong>, <strong>schooluitjes<\/strong>, <strong>enz<\/strong>\u2026 :<\/p>\n<p>Base Nautique du Pont d\u2019Arc biedt u een activiteit aangepast aan uw wensen, begeleid door \u00e9\u00e9n of meerdere gidsen. Met onze ervaring van meer dan 40 jaar in de organisatie van groepsuitjes, zullen we u een onvergetelijke ervaring laten beleven in het hart van een wilde en bewaard gebleven natuur.<\/p>\n<p>Aarzel niet contact met ons op te nemen voor een <strong>offerte op maat<\/strong>.<\/p>\n<\/div><\/div><\/div><div class=\"fusion-layout-column fusion_builder_column fusion-builder-column-4 fusion_builder_column_2_5 2_5 fusion-flex-column bloc-cadre\" style=\"--awb-bg-size:cover;--awb-width-large:40%;--awb-margin-top-large:30px;--awb-spacing-right-large:4.8%;--awb-margin-bottom-large:30px;--awb-spacing-left-large:4.8%;--awb-width-medium:100%;--awb-order-medium:0;--awb-spacing-right-medium:1.92%;--awb-spacing-left-medium:1.92%;--awb-width-small:100%;--awb-order-small:0;--awb-spacing-right-small:1.92%;--awb-spacing-left-small:1.92%;\"><div class=\"fusion-column-wrapper fusion-column-has-shadow fusion-flex-justify-content-flex-start fusion-content-layout-column\"><div class=\"fusion-title title fusion-title-4 fusion-sep-none fusion-title-text fusion-title-size-three\"><h3 class=\"title-heading-left\" style=\"margin:0;\">Wat moet u meenemen<\/h3><\/div><div class=\"fusion-text fusion-text-4 txt-match\"><p>Neem water, een picknick, zonnebrandcr\u00e8me, schoenen die goed blijven zitten (waterschoenen, sneakers, sandalen, enz.), touwtjes om je bril vast te maken en een plastic zak of waterdichte hoes om alles te beschermen mee. <a href=\"https:\/\/www.canoe-ardeche.com\/nl\/praktische-informatie\/\">Klik hier voor meer praktische informatie<\/a>.<\/p>\n<p>Onze containers zijn waterdicht; we kunnen de waterdichtheid echter niet garanderen, omdat dit afhankelijk is van hoe de container door de gebruiker wordt gesloten.<\/p>\n<p>Voor al uw vragen kunt u terecht op de pagina met <a href=\"\/questions-frequentes-faq\/\">veelgestelde vragen<\/a>.<\/p>\n<\/div><\/div><\/div><div class=\"fusion-layout-column fusion_builder_column fusion-builder-column-5 fusion_builder_column_1_1 1_1 fusion-flex-column\" style=\"--awb-bg-size:cover;--awb-width-large:100%;--awb-margin-top-large:30px;--awb-spacing-right-large:1.92%;--awb-spacing-left-large:1.92%;--awb-width-medium:100%;--awb-order-medium:0;--awb-spacing-right-medium:1.92%;--awb-spacing-left-medium:1.92%;--awb-width-small:100%;--awb-order-small:0;--awb-spacing-right-small:1.92%;--awb-spacing-left-small:1.92%;\"><div class=\"fusion-column-wrapper fusion-column-has-shadow fusion-flex-justify-content-flex-start fusion-content-layout-column\"><div class=\"fusion-title title fusion-title-5 fusion-sep-none fusion-title-text fusion-title-size-three\" style=\"--awb-margin-bottom:0px;\"><h3 class=\"title-heading-left\" style=\"margin:0;text-transform:uppercase;\">Onze top 5 redenen om voor een kanogids te kiezen<\/h3><\/div><div class=\"fusion-text fusion-text-5 txt-match color-bleu\"><p>Waarom met een gids kano\u00ebn in de Ard\u00e8che?<\/p>\n<\/div><\/div><\/div><div class=\"fusion-layout-column fusion_builder_column fusion-builder-column-6 fusion_builder_column_1_3 1_3 fusion-flex-column col-number col-number-1\" style=\"--awb-bg-size:cover;--awb-width-large:33.333333333333%;--awb-spacing-right-large:5.76%;--awb-spacing-left-large:5.76%;--awb-width-medium:100%;--awb-order-medium:0;--awb-spacing-right-medium:1.92%;--awb-spacing-left-medium:1.92%;--awb-width-small:100%;--awb-order-small:0;--awb-spacing-right-small:1.92%;--awb-spacing-left-small:1.92%;\"><div class=\"fusion-column-wrapper fusion-column-has-shadow fusion-flex-justify-content-flex-start fusion-content-layout-column\"><div class=\"fusion-text fusion-text-6 txt-match\"><p>Uw kind is jonger dan 7 jaar en u wilt kennismaken met kano\u00ebn op de Ard\u00e8che. Onze ervaren gidsen begeleiden u op routes van 7 km of 12 km. De jongste kinderen zitten goed in de echte kano van de gids en u kunt in alle rust genieten van de schoonheid van de Gorges de l&#8217;Ard\u00e8che. De ervaring van een begeleide afdaling met kinderen jonger dan 7 jaar is onmisbaar tijdens uw verblijf in de Ard\u00e8che.<\/p>\n<\/div><\/div><\/div><div class=\"fusion-layout-column fusion_builder_column fusion-builder-column-7 fusion_builder_column_1_3 1_3 fusion-flex-column col-number col-number-2\" style=\"--awb-bg-size:cover;--awb-width-large:33.333333333333%;--awb-spacing-right-large:5.76%;--awb-spacing-left-large:5.76%;--awb-width-medium:100%;--awb-order-medium:0;--awb-spacing-right-medium:1.92%;--awb-spacing-left-medium:1.92%;--awb-width-small:100%;--awb-order-small:0;--awb-spacing-right-small:1.92%;--awb-spacing-left-small:1.92%;\"><div class=\"fusion-column-wrapper fusion-column-has-shadow fusion-flex-justify-content-flex-start fusion-content-layout-column\"><div class=\"fusion-text fusion-text-7 txt-match\"><p>U bent een vereniging, een MJC, een ondernemingsraad, een school, een middelbare school, een middelbare school, een sociaal centrum, een gemeentehuis of een bedrijf, kiest de afdaling onder begeleiding van \u00e9\u00e9n of meerdere kano-instructeurs en gaat in alle rust op pad van de geest. Ontdekking van de Gorges de l\u2019Ard\u00e8che. Wij kunnen u uitjes op maat aanbieden volgens uw wensen en tegen de beste prijs.<\/p>\n<\/div><\/div><\/div><div class=\"fusion-layout-column fusion_builder_column fusion-builder-column-8 fusion_builder_column_1_3 1_3 fusion-flex-column col-number col-number-3\" style=\"--awb-bg-size:cover;--awb-width-large:33.333333333333%;--awb-spacing-right-large:5.76%;--awb-spacing-left-large:5.76%;--awb-width-medium:100%;--awb-order-medium:0;--awb-spacing-right-medium:1.92%;--awb-spacing-left-medium:1.92%;--awb-width-small:100%;--awb-order-small:0;--awb-spacing-right-small:1.92%;--awb-spacing-left-small:1.92%;\"><div class=\"fusion-column-wrapper fusion-column-has-shadow fusion-flex-justify-content-flex-start fusion-content-layout-column\"><div class=\"fusion-text fusion-text-8 txt-match\"><p>Onze kanogidsen zijn gepassioneerd, die als geen ander de geschiedenis, de geheimen van de Ard\u00e8che, de fauna en flora van de Gorges de l&#8217;Ard\u00e8che kennen. Zij delen graag hun kennis van deze unieke omgeving met u. Dus dankzij onze instructeurs zullen de vorming van de Pont d&#8217;Arc of de kloof van de Gorges de l&#8217;Ard\u00e8che, de verschillende soorten vogels of reptielen die op de kliffen en de oevers van de rivier aanwezig zijn, geen geheimen meer hebben voor jou.<\/p>\n<\/div><\/div><\/div><div class=\"fusion-layout-column fusion_builder_column fusion-builder-column-9 fusion_builder_column_1_3 1_3 fusion-flex-column col-number col-number-4\" style=\"--awb-bg-size:cover;--awb-width-large:33.333333333333%;--awb-spacing-right-large:5.76%;--awb-spacing-left-large:5.76%;--awb-width-medium:100%;--awb-order-medium:0;--awb-spacing-right-medium:1.92%;--awb-spacing-left-medium:1.92%;--awb-width-small:100%;--awb-order-small:0;--awb-spacing-right-small:1.92%;--awb-spacing-left-small:1.92%;\"><div class=\"fusion-column-wrapper fusion-column-has-shadow fusion-flex-justify-content-flex-start fusion-content-layout-column\"><div class=\"fusion-text fusion-text-9 txt-match\"><p>Wil je je vaardigheden verbeteren?<br \/>\nOnze kanogidsen leggen je alle technieken voor het besturen van een kano of kajak uit. Je leert de stroomversnellingen, de stromingen lezen, de gevaren en verrassingen van verschillende cursussen herkennen en wie weet kun je ooit een Eskimo uitvoeren.<\/p>\n<\/div><\/div><\/div><div class=\"fusion-layout-column fusion_builder_column fusion-builder-column-10 fusion_builder_column_1_3 1_3 fusion-flex-column col-number col-number-5\" style=\"--awb-bg-size:cover;--awb-width-large:33.333333333333%;--awb-spacing-right-large:5.76%;--awb-spacing-left-large:5.76%;--awb-width-medium:100%;--awb-order-medium:0;--awb-spacing-right-medium:1.92%;--awb-spacing-left-medium:1.92%;--awb-width-small:100%;--awb-order-small:0;--awb-spacing-right-small:1.92%;--awb-spacing-left-small:1.92%;\"><div class=\"fusion-column-wrapper fusion-column-has-shadow fusion-flex-justify-content-flex-start fusion-content-layout-column\"><div class=\"fusion-text fusion-text-10 txt-match\"><p>Omdat ze leuk zijn en dit zeker het belangrijkste is, is een afdaling met gids de garantie voor een magisch en onvergetelijk moment in een kano of kajak.<\/p>\n<\/div><\/div><\/div><div class=\"fusion-layout-column fusion_builder_column fusion-builder-column-11 fusion_builder_column_1_1 1_1 fusion-flex-column\" style=\"--awb-bg-size:cover;--awb-width-large:100%;--awb-margin-top-large:15px;--awb-spacing-right-large:1.92%;--awb-spacing-left-large:1.92%;--awb-width-medium:100%;--awb-order-medium:0;--awb-spacing-right-medium:1.92%;--awb-spacing-left-medium:1.92%;--awb-width-small:100%;--awb-order-small:0;--awb-spacing-right-small:1.92%;--awb-spacing-left-small:1.92%;\"><div class=\"fusion-column-wrapper fusion-column-has-shadow fusion-flex-justify-content-flex-start fusion-content-layout-column\"><div class=\"fusion-text fusion-text-11\"><p style=\"text-align: center;\"><strong>Dus wat de reden ook is, aarzel niet langer en ga samen met een gids het kano\u00ebn in de Ard\u00e8che ontdekken!!!<\/strong><\/p>\n<\/div><\/div><\/div><div class=\"fusion-layout-column fusion_builder_column fusion-builder-column-12 fusion_builder_column_1_1 1_1 fusion-flex-column\" style=\"--awb-padding-bottom:0px;--awb-bg-size:cover;--awb-width-large:100%;--awb-spacing-right-large:1.92%;--awb-margin-bottom-large:0px;--awb-spacing-left-large:1.92%;--awb-width-medium:100%;--awb-order-medium:0;--awb-spacing-right-medium:1.92%;--awb-spacing-left-medium:1.92%;--awb-width-small:100%;--awb-order-small:0;--awb-spacing-right-small:1.92%;--awb-spacing-left-small:1.92%;\"><div class=\"fusion-column-wrapper fusion-column-has-shadow fusion-flex-justify-content-flex-start fusion-content-layout-column\"><div class=\"fusion-section-separator section-separator slant fusion-section-separator-1\" style=\"--awb-spacer-height:99px;--awb-svg-margin-left:1.92%;--awb-svg-margin-right:1.92%;--awb-svg-margin-left-medium:1.92%;--awb-svg-margin-right-medium:1.92%;--awb-svg-margin-left-small:1.92%;--awb-svg-margin-right-small:1.92%;--awb-divider-height:99px;--awb-spacer-padding-top:inherit;--awb-sep-padding:0;--awb-svg-padding:0;--awb-svg-tag-margin-bottom:-3px;--awb-sep-svg-display:block;\"><div class=\"fusion-section-separator-svg\"><svg class=\"fusion-slant-candy\" xmlns=\"http:\/\/www.w3.org\/2000\/svg\" version=\"1.1\" width=\"100%\" height=\"100\" viewBox=\"0 0 100 100\" preserveAspectRatio=\"none\" fill=\"rgba(50,99,189,1)\"><path d=\"M0 0 L0 100 L100 100 Z\"><\/path><\/svg><\/div><div class=\"fusion-section-separator-spacer\"><div class=\"fusion-section-separator-spacer-height\"><\/div><\/div><\/div><\/div><\/div><div class=\"fusion-layout-column fusion_builder_column fusion-builder-column-13 fusion_builder_column_4_5 4_5 fusion-flex-column FAQ\" style=\"--awb-padding-bottom:0px;--awb-bg-size:cover;--awb-width-large:80%;--awb-spacing-right-large:2.4%;--awb-margin-bottom-large:0px;--awb-spacing-left-large:2.4%;--awb-width-medium:100%;--awb-order-medium:0;--awb-spacing-right-medium:1.92%;--awb-spacing-left-medium:1.92%;--awb-width-small:100%;--awb-order-small:0;--awb-spacing-right-small:1.92%;--awb-spacing-left-small:1.92%;\"><div class=\"fusion-column-wrapper fusion-column-has-shadow fusion-flex-justify-content-flex-start fusion-content-layout-column\"><div class=\"fusion-title title fusion-title-6 fusion-sep-none fusion-title-text fusion-title-size-three\"><h3 class=\"title-heading-left\" style=\"margin:0;\">Mini Afdaling met gids : Veelgestelde vragen<\/h3><\/div><div class=\"accordian fusion-accordian\" style=\"--awb-border-size:1px;--awb-icon-size:16px;--awb-content-font-size:var(--awb-typography4-font-size);--awb-icon-alignment:left;--awb-hover-color:var(--awb-color2);--awb-border-color:var(--awb-color3);--awb-background-color:var(--awb-color1);--awb-divider-color:var(--awb-color3);--awb-divider-hover-color:var(--awb-color3);--awb-icon-color:var(--awb-color1);--awb-title-color:var(--awb-color8);--awb-content-color:var(--awb-color8);--awb-icon-box-color:var(--awb-custom10);--awb-toggle-hover-accent-color:var(--awb-custom11);--awb-title-font-family:&quot;Poppins&quot;;--awb-title-font-weight:regular;--awb-title-font-style:normal;--awb-title-font-size:16px;--awb-title-line-height:1.5;--awb-content-font-family:&quot;Poppins&quot;;--awb-content-font-style:normal;--awb-content-font-weight:regular;\"><div class=\"panel-group fusion-toggle-icon-boxed\" id=\"accordion-2278-1\"><div class=\"fusion-panel panel-default panel-3dedbbe3b83bc4336 fusion-toggle-no-divider fusion-toggle-boxed-mode\" style=\"--awb-title-color:var(--awb-color8);\"><div class=\"panel-heading\"><h4 class=\"panel-title toggle\" id=\"toggle_3dedbbe3b83bc4336\"><a aria-expanded=\"false\" aria-controls=\"3dedbbe3b83bc4336\" role=\"button\" data-toggle=\"collapse\" data-parent=\"#accordion-2278-1\" data-target=\"#3dedbbe3b83bc4336\" href=\"#3dedbbe3b83bc4336\"><span class=\"fusion-toggle-icon-wrapper\" aria-hidden=\"true\"><i class=\"fa-fusion-box active-icon awb-icon-minus\" aria-hidden=\"true\"><\/i><i class=\"fa-fusion-box inactive-icon awb-icon-plus\" aria-hidden=\"true\"><\/i><\/span><span class=\"fusion-toggle-heading\">Hoe lang duurt de afdaling van 7 km met gids?<\/span><\/a><\/h4><\/div><div id=\"3dedbbe3b83bc4336\" class=\"panel-collapse collapse \" araia-labelledby=\"toggle_3dedbbe3b83bc4336\"><div class=\"panel-body toggle-content fusion-clearfix\">\n<p>Dit is een afdaling van 7 km die ongeveer 1 uur 30 minuten peddelen vertegenwoordigt. Met de pauzes onder begeleiding van de gids moet u rekenen op ongeveer 3 uur activiteit in totaal<\/p>\n<\/div><\/div><\/div><div class=\"fusion-panel panel-default panel-6e1b9a2d0376016e3 fusion-toggle-no-divider fusion-toggle-boxed-mode\" style=\"--awb-title-color:var(--awb-custom10);\"><div class=\"panel-heading\"><h4 class=\"panel-title toggle\" id=\"toggle_6e1b9a2d0376016e3\"><a aria-expanded=\"false\" aria-controls=\"6e1b9a2d0376016e3\" role=\"button\" data-toggle=\"collapse\" data-parent=\"#accordion-2278-1\" data-target=\"#6e1b9a2d0376016e3\" href=\"#6e1b9a2d0376016e3\"><span class=\"fusion-toggle-icon-wrapper\" aria-hidden=\"true\"><i class=\"fa-fusion-box active-icon awb-icon-minus\" aria-hidden=\"true\"><\/i><i class=\"fa-fusion-box inactive-icon awb-icon-plus\" aria-hidden=\"true\"><\/i><\/span><span class=\"fusion-toggle-heading\">Waarom is de afdaling van de Ard\u00e8che verboden voor kinderen onder de 7 jaar?<\/span><\/a><\/h4><\/div><div id=\"6e1b9a2d0376016e3\" class=\"panel-collapse collapse \" araia-labelledby=\"toggle_6e1b9a2d0376016e3\"><div class=\"panel-body toggle-content fusion-clearfix\">\n<p>De leeftijdsgrens is vastgesteld bij prefecturaal besluit om de veiligheid van de deelnemers te garanderen en ervoor te zorgen dat de omstandigheden zijn aangepast aan de capaciteiten van kinderen<\/p>\n<\/div><\/div><\/div><div class=\"fusion-panel panel-default panel-1038ee7e05807ac4b fusion-toggle-no-divider fusion-toggle-boxed-mode\" style=\"--awb-title-color:var(--awb-custom10);\"><div class=\"panel-heading\"><h4 class=\"panel-title toggle\" id=\"toggle_1038ee7e05807ac4b\"><a aria-expanded=\"false\" aria-controls=\"1038ee7e05807ac4b\" role=\"button\" data-toggle=\"collapse\" data-parent=\"#accordion-2278-1\" data-target=\"#1038ee7e05807ac4b\" href=\"#1038ee7e05807ac4b\"><span class=\"fusion-toggle-icon-wrapper\" aria-hidden=\"true\"><i class=\"fa-fusion-box active-icon awb-icon-minus\" aria-hidden=\"true\"><\/i><i class=\"fa-fusion-box inactive-icon awb-icon-plus\" aria-hidden=\"true\"><\/i><\/span><span class=\"fusion-toggle-heading\">Wat brengt begeleiding van een staatsdiplomeerde gids (BE)?<\/span><\/a><\/h4><\/div><div id=\"1038ee7e05807ac4b\" class=\"panel-collapse collapse \" araia-labelledby=\"toggle_1038ee7e05807ac4b\"><div class=\"panel-body toggle-content fusion-clearfix\">\n<p>Een staatsdiplomeerde gids biedt u professionele begeleiding, technisch advies en optimale veiligheid tijdens de afdaling. Hij neemt ook de tijd om u de fauna en flora van de Ard\u00e8che te laten ontdekken<\/p>\n<\/div><\/div><\/div><div class=\"fusion-panel panel-default panel-8cfcc307ab841cda9 fusion-toggle-no-divider fusion-toggle-boxed-mode\" style=\"--awb-title-color:var(--awb-custom10);\"><div class=\"panel-heading\"><h4 class=\"panel-title toggle\" id=\"toggle_8cfcc307ab841cda9\"><a aria-expanded=\"false\" aria-controls=\"8cfcc307ab841cda9\" role=\"button\" data-toggle=\"collapse\" data-parent=\"#accordion-2278-1\" data-target=\"#8cfcc307ab841cda9\" href=\"#8cfcc307ab841cda9\"><span class=\"fusion-toggle-icon-wrapper\" aria-hidden=\"true\"><i class=\"fa-fusion-box active-icon awb-icon-minus\" aria-hidden=\"true\"><\/i><i class=\"fa-fusion-box inactive-icon awb-icon-plus\" aria-hidden=\"true\"><\/i><\/span><span class=\"fusion-toggle-heading\">Worden begeleide tochten elke dag aangeboden?<\/span><\/a><\/h4><\/div><div id=\"8cfcc307ab841cda9\" class=\"panel-collapse collapse \" araia-labelledby=\"toggle_8cfcc307ab841cda9\"><div class=\"panel-body toggle-content fusion-clearfix\">\n<p>Ja, begeleide tochten worden elke dag aangeboden, &#8217;s ochtends en &#8217;s middags, alleen op reservering<\/p>\n<\/div><\/div><\/div><div class=\"fusion-panel panel-default panel-b768c3efdb902d542 fusion-toggle-no-divider fusion-toggle-boxed-mode\" style=\"--awb-title-color:var(--awb-custom10);\"><div class=\"panel-heading\"><h4 class=\"panel-title toggle\" id=\"toggle_b768c3efdb902d542\"><a aria-expanded=\"false\" aria-controls=\"b768c3efdb902d542\" role=\"button\" data-toggle=\"collapse\" data-parent=\"#accordion-2278-1\" data-target=\"#b768c3efdb902d542\" href=\"#b768c3efdb902d542\"><span class=\"fusion-toggle-icon-wrapper\" aria-hidden=\"true\"><i class=\"fa-fusion-box active-icon awb-icon-minus\" aria-hidden=\"true\"><\/i><i class=\"fa-fusion-box inactive-icon awb-icon-plus\" aria-hidden=\"true\"><\/i><\/span><span class=\"fusion-toggle-heading\">Vanaf welke leeftijd kan men een begeleide afdaling doen?<\/span><\/a><\/h4><\/div><div id=\"b768c3efdb902d542\" class=\"panel-collapse collapse \" araia-labelledby=\"toggle_b768c3efdb902d542\"><div class=\"panel-body toggle-content fusion-clearfix\">\n<p>Begeleide afdaling is mogelijk vanaf 4,5 jaar<\/p>\n<\/div><\/div><\/div><div class=\"fusion-panel panel-default panel-2af2a61870a999e40 fusion-toggle-no-divider fusion-toggle-boxed-mode\" style=\"--awb-title-color:var(--awb-custom10);\"><div class=\"panel-heading\"><h4 class=\"panel-title toggle\" id=\"toggle_2af2a61870a999e40\"><a aria-expanded=\"false\" aria-controls=\"2af2a61870a999e40\" role=\"button\" data-toggle=\"collapse\" data-parent=\"#accordion-2278-1\" data-target=\"#2af2a61870a999e40\" href=\"#2af2a61870a999e40\"><span class=\"fusion-toggle-icon-wrapper\" aria-hidden=\"true\"><i class=\"fa-fusion-box active-icon awb-icon-minus\" aria-hidden=\"true\"><\/i><i class=\"fa-fusion-box inactive-icon awb-icon-plus\" aria-hidden=\"true\"><\/i><\/span><span class=\"fusion-toggle-heading\">Gaat men onder de Pont d'Arc door bij de begeleide afdaling van 7 km?<\/span><\/a><\/h4><\/div><div id=\"2af2a61870a999e40\" class=\"panel-collapse collapse \" araia-labelledby=\"toggle_2af2a61870a999e40\"><div class=\"panel-body toggle-content fusion-clearfix\">\n<p>Ja, tijdens de afdaling van 7 km passeert u onder de majestueuze <span class=\"hover:entity-accent entity-underline inline cursor-pointer align-baseline\"><span class=\"whitespace-normal\">Pont d&#8217;Arc<\/span><\/span><\/p>\n<\/div><\/div><\/div><div class=\"fusion-panel panel-default panel-12ce7dbe0fb552555 fusion-toggle-no-divider fusion-toggle-boxed-mode\" style=\"--awb-title-color:var(--awb-custom10);\"><div class=\"panel-heading\"><h4 class=\"panel-title toggle\" id=\"toggle_12ce7dbe0fb552555\"><a aria-expanded=\"false\" aria-controls=\"12ce7dbe0fb552555\" role=\"button\" data-toggle=\"collapse\" data-parent=\"#accordion-2278-1\" data-target=\"#12ce7dbe0fb552555\" href=\"#12ce7dbe0fb552555\"><span class=\"fusion-toggle-icon-wrapper\" aria-hidden=\"true\"><i class=\"fa-fusion-box active-icon awb-icon-minus\" aria-hidden=\"true\"><\/i><i class=\"fa-fusion-box inactive-icon awb-icon-plus\" aria-hidden=\"true\"><\/i><\/span><span class=\"fusion-toggle-heading\">Moet men reserveren?<\/span><\/a><\/h4><\/div><div id=\"12ce7dbe0fb552555\" class=\"panel-collapse collapse \" araia-labelledby=\"toggle_12ce7dbe0fb552555\"><div class=\"panel-body toggle-content fusion-clearfix\">\n<p>Ja, het wordt sterk aanbevolen uw begeleide afdaling van tevoren te reserveren, want de groepen zijn snel vol<\/p>\n<\/div><\/div><\/div><\/div><\/div><\/div><\/div>\n<\/div><\/div><div class=\"fusion-fullwidth fullwidth-box fusion-builder-row-3 fusion-flex-container has-pattern-background has-mask-background bg-bleu-fonce nonhundred-percent-fullwidth non-hundred-percent-height-scrolling\" style=\"--awb-border-radius-top-left:0px;--awb-border-radius-top-right:0px;--awb-border-radius-bottom-right:0px;--awb-border-radius-bottom-left:0px;\" ><div class=\"fusion-builder-row fusion-row fusion-flex-align-items-flex-start\" style=\"max-width:1456px;margin-left: calc(-4% \/ 2 );margin-right: calc(-4% \/ 2 );\"><div class=\"fusion-layout-column fusion_builder_column fusion-builder-column-14 fusion_builder_column_1_1 1_1 fusion-flex-column\" style=\"--awb-bg-size:cover;--awb-width-large:100%;--awb-spacing-right-large:1.92%;--awb-spacing-left-large:1.92%;--awb-width-medium:100%;--awb-order-medium:0;--awb-spacing-right-medium:1.92%;--awb-spacing-left-medium:1.92%;--awb-width-small:100%;--awb-order-small:0;--awb-spacing-right-small:1.92%;--awb-spacing-left-small:1.92%;\"><div class=\"fusion-column-wrapper fusion-column-has-shadow fusion-flex-justify-content-flex-start fusion-content-layout-column\"><div class=\"fusion-title title fusion-title-7 fusion-sep-none fusion-title-center fusion-title-text fusion-title-size-two\"><h2 class=\"title-heading-center\" style=\"margin:0;\">De <span class=\"txtup\">Mini Afdaling<\/span><\/h2><\/div><\/div><\/div><div class=\"fusion-layout-column fusion_builder_column fusion-builder-column-15 fusion_builder_column_1_1 1_1 fusion-flex-column les-descentes-selection\" style=\"--awb-bg-size:cover;--awb-width-large:100%;--awb-spacing-right-large:1.92%;--awb-spacing-left-large:1.92%;--awb-width-medium:100%;--awb-order-medium:0;--awb-spacing-right-medium:1.92%;--awb-spacing-left-medium:1.92%;--awb-width-small:100%;--awb-order-small:0;--awb-spacing-right-small:1.92%;--awb-spacing-left-small:1.92%;\"><div class=\"fusion-column-wrapper fusion-column-has-shadow fusion-flex-justify-content-flex-start fusion-content-layout-column\"><div class=\"fusion-image-element \"><span class=\" fusion-imageframe imageframe-none imageframe-2 hover-type-none\"><img decoding=\"async\" width=\"1374\" height=\"594\" title=\"La descente des Gorges de l&#8217;Ard\u00e8che\" src=\"https:\/\/www.canoe-ardeche.com\/wp-content\/uploads\/carte-descente-bnpa.png\" data-orig-src=\"https:\/\/www.canoe-ardeche.com\/wp-content\/uploads\/carte-descente-bnpa.png\" alt class=\"lazyload img-responsive wp-image-2216\" srcset=\"data:image\/svg+xml,%3Csvg%20xmlns%3D%27http%3A%2F%2Fwww.w3.org%2F2000%2Fsvg%27%20width%3D%271374%27%20height%3D%27594%27%20viewBox%3D%270%200%201374%20594%27%3E%3Crect%20width%3D%271374%27%20height%3D%27594%27%20fill-opacity%3D%220%22%2F%3E%3C%2Fsvg%3E\" data-srcset=\"https:\/\/www.canoe-ardeche.com\/wp-content\/uploads\/carte-descente-bnpa-200x86.png 200w, https:\/\/www.canoe-ardeche.com\/wp-content\/uploads\/carte-descente-bnpa-400x173.png 400w, https:\/\/www.canoe-ardeche.com\/wp-content\/uploads\/carte-descente-bnpa-600x259.png 600w, https:\/\/www.canoe-ardeche.com\/wp-content\/uploads\/carte-descente-bnpa-800x346.png 800w, https:\/\/www.canoe-ardeche.com\/wp-content\/uploads\/carte-descente-bnpa-1200x519.png 1200w, https:\/\/www.canoe-ardeche.com\/wp-content\/uploads\/carte-descente-bnpa.png 1374w\" data-sizes=\"auto\" data-orig-sizes=\"(max-width: 1024px) 100vw, (max-width: 640px) 100vw, 1374px\" \/><\/span><\/div><div class=\"fusion-image-element \"><span class=\" fusion-imageframe imageframe-none imageframe-3 hover-type-none descente-selection\"><img decoding=\"async\" width=\"1374\" height=\"594\" src=\"https:\/\/www.canoe-ardeche.com\/wp-content\/uploads\/carte-descente-7km.png\" data-orig-src=\"https:\/\/www.canoe-ardeche.com\/wp-content\/uploads\/carte-descente-7km.png\" alt class=\"lazyload img-responsive wp-image-2196\" srcset=\"data:image\/svg+xml,%3Csvg%20xmlns%3D%27http%3A%2F%2Fwww.w3.org%2F2000%2Fsvg%27%20width%3D%271374%27%20height%3D%27594%27%20viewBox%3D%270%200%201374%20594%27%3E%3Crect%20width%3D%271374%27%20height%3D%27594%27%20fill-opacity%3D%220%22%2F%3E%3C%2Fsvg%3E\" data-srcset=\"https:\/\/www.canoe-ardeche.com\/wp-content\/uploads\/carte-descente-7km-200x86.png 200w, https:\/\/www.canoe-ardeche.com\/wp-content\/uploads\/carte-descente-7km-400x173.png 400w, https:\/\/www.canoe-ardeche.com\/wp-content\/uploads\/carte-descente-7km-600x259.png 600w, https:\/\/www.canoe-ardeche.com\/wp-content\/uploads\/carte-descente-7km-800x346.png 800w, https:\/\/www.canoe-ardeche.com\/wp-content\/uploads\/carte-descente-7km-1200x519.png 1200w, https:\/\/www.canoe-ardeche.com\/wp-content\/uploads\/carte-descente-7km.png 1374w\" data-sizes=\"auto\" data-orig-sizes=\"(max-width: 1024px) 100vw, (max-width: 640px) 100vw, 1374px\" \/><\/span><\/div><div class=\"legende-descente\">\n<div><img class=\"lazyload\" decoding=\"async\" src=\"data:image\/gif;base64,R0lGODlhAQABAAAAACH5BAEKAAEALAAAAAABAAEAAAICTAEAOw==\" data-orig-src=\"\/wp-content\/uploads\/icon-toboggans.png\"\/> Les toboggans<\/div>\n<div><img class=\"lazyload\" decoding=\"async\" src=\"data:image\/gif;base64,R0lGODlhAQABAAAAACH5BAEKAAEALAAAAAABAAEAAAICTAEAOw==\" data-orig-src=\"\/wp-content\/uploads\/icon-rapides.png\"\/> Les rapides<\/div>\n<\/div><\/div><\/div><\/div><\/div><div class=\"fusion-fullwidth fullwidth-box fusion-builder-row-4 fusion-flex-container has-pattern-background has-mask-background bg-bleu hundred-percent-fullwidth non-hundred-percent-height-scrolling\" style=\"--awb-border-radius-top-left:0px;--awb-border-radius-top-right:0px;--awb-border-radius-bottom-right:0px;--awb-border-radius-bottom-left:0px;--awb-padding-bottom:100px;--awb-background-color:#719137;\" ><div class=\"fusion-builder-row fusion-row fusion-flex-align-items-flex-start fusion-flex-justify-content-center\" style=\"width:104% !important;max-width:104% !important;margin-left: calc(-4% \/ 2 );margin-right: calc(-4% \/ 2 );\"><div class=\"fusion-layout-column fusion_builder_column fusion-builder-column-16 fusion_builder_column_1_1 1_1 fusion-flex-column\" style=\"--awb-bg-size:cover;--awb-width-large:100%;--awb-margin-top-large:30px;--awb-spacing-right-large:1.92%;--awb-spacing-left-large:1.92%;--awb-width-medium:100%;--awb-order-medium:0;--awb-spacing-right-medium:1.92%;--awb-spacing-left-medium:1.92%;--awb-width-small:100%;--awb-order-small:0;--awb-spacing-right-small:1.92%;--awb-spacing-left-small:1.92%;\"><div class=\"fusion-column-wrapper fusion-column-has-shadow fusion-flex-justify-content-flex-start fusion-content-layout-column\"><div class=\"fusion-title title fusion-title-8 fusion-sep-none fusion-title-center fusion-title-text fusion-title-size-two\"><h2 class=\"title-heading-center\" style=\"margin:0;\">Onze andere afdalingen<\/h2><\/div><div class=\"fusion-separator fusion-full-width-sep\" style=\"align-self: center;margin-left: auto;margin-right: auto;margin-top:30px;width:100%;\"><\/div> \n        <style>\t\t\n\t\t\t#childs { display:flex !important; flex-wrap: wrap; justify-content: center; text-align:center }\n\t\t\t#childs article { margin:10px; float:none; position:relative }\n\t\t\t#childs a img { transition:0.3s opacity }\n\t\t\t#childs .fusion-image-element { -webkit-mask-image:url(\/wp-content\/uploads\/disque.svg); mask-image:url(\/wp-content\/uploads\/disque.svg); mask-repeat: no-repeat; -webkit-mask-repeat: no-repeat; mask-size: 67%; -webkit-mask-size: 67%; mask-position: center; -webkit-mask-position: center }\t\t\t\n\t\t\t#childs article:after { content:\"\"; width:200px; height:200px; background:url(\/wp-content\/uploads\/disque-portion.svg); position:absolute; top:-9px; left:41px; background-size:cover; z-index:-1 }\n\t\t\t#childs a:hover img { opacity:0.8 }\n\t\t\t#childs h3.title-extrait a { display:block; color:#fff !important }\n\t\t\t#childs i { font-size:25px; margin-bottom:6px }\t\n\t\t\t\n\t\t\t\/* menu bas de page *\/\n\t\t\t#childs.menubdp h3.title-extrait a { font-size: 15px !important; font-weight:normal }\n\t\t\t#childs.menubdp h3.title-extrait  { padding:5px; margin:5px 0px 5px 0px !important }\n\t\t\t#childs.menubdp article.fusion-post-grid { width:310px !important; min-width:0 !important }\t\t\t\n\t\t\t\/* liste page *\/\n\t\t\t\/*\n\t\t\t#childs.liste h3.title-extrait { padding:12px; margin:0px 15px !important; font-family:\"Lato\";  border-bottom:1px solid rgba(0,0,0,0.3) }\n\t\t\t#childs.liste { flex-wrap: wrap !important } \n\t\t\t#childs.liste ul { padding:0px !important }\n\t\t\t#childs.liste h2.title-extrait a { font-size: 18px !important }\n\t\t\t@media (max-width: 1000px) {\n\t\t\t\t#childs.liste { flex-wrap: wrap }\n\t\t\t\t#childs.liste article { max-width:350px !important }\n\t\t\t}\n\t\t\t*\/\n\t\t\t.loc-extrait { text-align:center; display:flex; justify-content: center }\n\t\t\t.loc-extrait li { list-style:none !important; line-height:1.2em; color:#747474; display: flex; flex-direction: column; align-items: center; padding: 6px; font-size:14px; width:33.33% }\n\t\t\t.loc-extrait li > span { color:#be3223 !important; font-weight:normal; font-size:26px; min-height:28px }\n\t\t\t.loc-extrait li > span > span { font-size:13px }\t\t\n\t\t\t.title-liste { font-size:25px; color:#974292 }\n\t\t\t\n\t\t\t.extrait-liste { color:#fff; padding:15px;  text-align:left }\n\t\t\t.extrait-liste span:first-of-type { border-top:1px dashed #fff; padding-top:12px; margin-top:10px }\n\t\t\t.extrait-liste span { display:block; width:100% }\n\t\t\t.extrait-liste span i { display:block; margin-right:10px; position:relative; top:3px; float:left; font-size:14px !important }\n\t\t\t\t\t\n\t\t\t.pages-les-descentes .title-extrait a { font-weight:bold !important; font-size:18px; margin-top:10px !important }\n\t\t\t.pages-les-descentes #childs.menubdp article.fusion-post-grid { width: 397px !important }\n\t\t\t.pages-les-descentes #childs article { margin-bottom:30px !important }\n\t\t\t.pages-les-descentes #childs article:after { content:\"\"; width:233px; height:260px; background:url(\/wp-content\/uploads\/disque-portion.svg); position:absolute; top:-14px; left:53px; background-size:cover; z-index:-1 }\n\t\t\t@media screen and (max-width: 768px) { #childs article:after { display:none !important }}\n\t\t\t\t\n        <\/style>\n        <div id=\"childs\" class=\"fusion-posts-container fusion-posts-container-no menubdp\">    \n    \n\t\t\t\t\t\t\t<article id=\"post-2087\" class=\"fusion-post-grid post-2087 \">\n                    <a href=\"https:\/\/www.canoe-ardeche.com\/nl\/de-kanotochten\/lestivale-5-km\/\" title=\"L&#8217;Estivale &#8211; 5 km\"><div class=\"fusion-image-element\"><img class=\"lazyload\" decoding=\"async\" src=\"data:image\/svg+xml,%3Csvg%20xmlns%3D%27http%3A%2F%2Fwww.w3.org%2F2000%2Fsvg%27%20width%3D%27400%27%20height%3D%27267%27%20viewBox%3D%270%200%20400%20267%27%3E%3Crect%20width%3D%27400%27%20height%3D%27267%27%20fill-opacity%3D%220%22%2F%3E%3C%2Fsvg%3E\" data-orig-src=\"https:\/\/www.canoe-ardeche.com\/wp-content\/uploads\/descente-13tb-400x267.jpg\" alt=\"\" title=\"Toboggan \" \/><\/div><\/a>                                                 \n                    <h3 class=\"title-extrait\"><a href=\"https:\/\/www.canoe-ardeche.com\/nl\/de-kanotochten\/lestivale-5-km\/\" title=\"L&#8217;Estivale &#8211; 5 km\">L&#8217;Estivale &#8211; 5 km<\/a><\/h3>\n\t\t\t\t\t                        \n                    <div class=\"fusion-clearfix\"><\/div>\n\t\t\t\t<\/article>\n\t\t\t\t\t\t\t\t<article id=\"post-2096\" class=\"fusion-post-grid post-2096 \">\n                    <a href=\"https:\/\/www.canoe-ardeche.com\/nl\/de-kanotochten\/mini-afdaling-7-km\/\" title=\"Mini Afdaling &#8211; 7 km\"><div class=\"fusion-image-element\"><img class=\"lazyload\" decoding=\"async\" src=\"data:image\/svg+xml,%3Csvg%20xmlns%3D%27http%3A%2F%2Fwww.w3.org%2F2000%2Fsvg%27%20width%3D%27400%27%20height%3D%27267%27%20viewBox%3D%270%200%20400%20267%27%3E%3Crect%20width%3D%27400%27%20height%3D%27267%27%20fill-opacity%3D%220%22%2F%3E%3C%2Fsvg%3E\" data-orig-src=\"https:\/\/www.canoe-ardeche.com\/wp-content\/uploads\/descente-11-400x267.jpg\" alt=\"\" title=\"\" \/><\/div><\/a>                                                 \n                    <h3 class=\"title-extrait\"><a href=\"https:\/\/www.canoe-ardeche.com\/nl\/de-kanotochten\/mini-afdaling-7-km\/\" title=\"Mini Afdaling &#8211; 7 km\">Mini Afdaling &#8211; 7 km<\/a><\/h3>\n\t\t\t\t\t                        \n                    <div class=\"fusion-clearfix\"><\/div>\n\t\t\t\t<\/article>\n\t\t\t\t\t\t\t\t<article id=\"post-2097\" class=\"fusion-post-grid post-2097 \">\n                    <a href=\"https:\/\/www.canoe-ardeche.com\/nl\/de-kanotochten\/maxi-des-minis-12-km\/\" title=\"Maxi des Minis &#8211; 12 km\"><div class=\"fusion-image-element\"><img class=\"lazyload\" decoding=\"async\" src=\"data:image\/svg+xml,%3Csvg%20xmlns%3D%27http%3A%2F%2Fwww.w3.org%2F2000%2Fsvg%27%20width%3D%27400%27%20height%3D%27267%27%20viewBox%3D%270%200%20400%20267%27%3E%3Crect%20width%3D%27400%27%20height%3D%27267%27%20fill-opacity%3D%220%22%2F%3E%3C%2Fsvg%3E\" data-orig-src=\"https:\/\/www.canoe-ardeche.com\/wp-content\/uploads\/descente-10tb-400x267.jpg\" alt=\"\" title=\"\" \/><\/div><\/a>                                                 \n                    <h3 class=\"title-extrait\"><a href=\"https:\/\/www.canoe-ardeche.com\/nl\/de-kanotochten\/maxi-des-minis-12-km\/\" title=\"Maxi des Minis &#8211; 12 km\">Maxi des Minis &#8211; 12 km<\/a><\/h3>\n\t\t\t\t\t                        \n                    <div class=\"fusion-clearfix\"><\/div>\n\t\t\t\t<\/article>\n\t\t\t\t\t\t\t\t<article id=\"post-2098\" class=\"fusion-post-grid post-2098 \">\n                    <a href=\"https:\/\/www.canoe-ardeche.com\/nl\/de-kanotochten\/gorges-de-lardeche-1-24-km\/\" title=\"Gorges de l&#8217;Ard\u00e8che 1 &#8211; 24 km\"><div class=\"fusion-image-element\"><img class=\"lazyload\" decoding=\"async\" src=\"data:image\/svg+xml,%3Csvg%20xmlns%3D%27http%3A%2F%2Fwww.w3.org%2F2000%2Fsvg%27%20width%3D%27400%27%20height%3D%27267%27%20viewBox%3D%270%200%20400%20267%27%3E%3Crect%20width%3D%27400%27%20height%3D%27267%27%20fill-opacity%3D%220%22%2F%3E%3C%2Fsvg%3E\" data-orig-src=\"https:\/\/www.canoe-ardeche.com\/wp-content\/uploads\/descente-14-400x267.jpg\" alt=\"\" title=\"\" \/><\/div><\/a>                                                 \n                    <h3 class=\"title-extrait\"><a href=\"https:\/\/www.canoe-ardeche.com\/nl\/de-kanotochten\/gorges-de-lardeche-1-24-km\/\" title=\"Gorges de l&#8217;Ard\u00e8che 1 &#8211; 24 km\">Gorges de l&#8217;Ard\u00e8che 1 &#8211; 24 km<\/a><\/h3>\n\t\t\t\t\t                        \n                    <div class=\"fusion-clearfix\"><\/div>\n\t\t\t\t<\/article>\n\t\t\t\t\t\t\t\t<article id=\"post-2099\" class=\"fusion-post-grid post-2099 \">\n                    <a href=\"https:\/\/www.canoe-ardeche.com\/nl\/de-kanotochten\/gorges-de-lardeche-2-31-km\/\" title=\"Gorges de l&#8217;Ard\u00e8che 2 &#8211; 31 km\"><div class=\"fusion-image-element\"><img class=\"lazyload\" decoding=\"async\" src=\"data:image\/svg+xml,%3Csvg%20xmlns%3D%27http%3A%2F%2Fwww.w3.org%2F2000%2Fsvg%27%20width%3D%27400%27%20height%3D%27267%27%20viewBox%3D%270%200%20400%20267%27%3E%3Crect%20width%3D%27400%27%20height%3D%27267%27%20fill-opacity%3D%220%22%2F%3E%3C%2Fsvg%3E\" data-orig-src=\"https:\/\/www.canoe-ardeche.com\/wp-content\/uploads\/descente-18-400x267.jpg\" alt=\"\" title=\"\" \/><\/div><\/a>                                                 \n                    <h3 class=\"title-extrait\"><a href=\"https:\/\/www.canoe-ardeche.com\/nl\/de-kanotochten\/gorges-de-lardeche-2-31-km\/\" title=\"Gorges de l&#8217;Ard\u00e8che 2 &#8211; 31 km\">Gorges de l&#8217;Ard\u00e8che 2 &#8211; 31 km<\/a><\/h3>\n\t\t\t\t\t                        \n                    <div class=\"fusion-clearfix\"><\/div>\n\t\t\t\t<\/article>\n\t\t\t\t\t\t\t\t<article id=\"post-2100\" class=\"fusion-post-grid post-2100 \">\n                    <a href=\"https:\/\/www.canoe-ardeche.com\/nl\/de-kanotochten\/afdaling-in-2-dagen-31-km-met-bivak\/\" title=\"Afdaling in 2 dagen &#8211; 31 km &#8211; Met bivak\"><div class=\"fusion-image-element\"><img class=\"lazyload\" decoding=\"async\" src=\"data:image\/svg+xml,%3Csvg%20xmlns%3D%27http%3A%2F%2Fwww.w3.org%2F2000%2Fsvg%27%20width%3D%27400%27%20height%3D%27267%27%20viewBox%3D%270%200%20400%20267%27%3E%3Crect%20width%3D%27400%27%20height%3D%27267%27%20fill-opacity%3D%220%22%2F%3E%3C%2Fsvg%3E\" data-orig-src=\"https:\/\/www.canoe-ardeche.com\/wp-content\/uploads\/descente-16-400x267.jpg\" alt=\"\" title=\"Descente en cano\u00eb de l'Ard\u00e8che\" \/><\/div><\/a>                                                 \n                    <h3 class=\"title-extrait\"><a href=\"https:\/\/www.canoe-ardeche.com\/nl\/de-kanotochten\/afdaling-in-2-dagen-31-km-met-bivak\/\" title=\"Afdaling in 2 dagen &#8211; 31 km &#8211; Met bivak\">Afdaling in 2 dagen &#8211; 31 km &#8211; Met bivak<\/a><\/h3>\n\t\t\t\t\t                        \n                    <div class=\"fusion-clearfix\"><\/div>\n\t\t\t\t<\/article>\n\t\t\t\t\t\t\t\t<article id=\"post-2101\" class=\"fusion-post-grid post-2101 \">\n                    <a href=\"https:\/\/www.canoe-ardeche.com\/nl\/de-kanotochten\/laventure-36-km-bivak\/\" title=\"L&#8217;Aventure in 2 dagen &#8211; 36 km &#8211; Bivak\"><div class=\"fusion-image-element\"><img class=\"lazyload\" decoding=\"async\" src=\"data:image\/svg+xml,%3Csvg%20xmlns%3D%27http%3A%2F%2Fwww.w3.org%2F2000%2Fsvg%27%20width%3D%27400%27%20height%3D%27267%27%20viewBox%3D%270%200%20400%20267%27%3E%3Crect%20width%3D%27400%27%20height%3D%27267%27%20fill-opacity%3D%220%22%2F%3E%3C%2Fsvg%3E\" data-orig-src=\"https:\/\/www.canoe-ardeche.com\/wp-content\/uploads\/descente-19-400x267.jpg\" alt=\"\" title=\"La descente en cano\u00eb de l'Ard\u00e8che\" \/><\/div><\/a>                                                 \n                    <h3 class=\"title-extrait\"><a href=\"https:\/\/www.canoe-ardeche.com\/nl\/de-kanotochten\/laventure-36-km-bivak\/\" title=\"L&#8217;Aventure in 2 dagen &#8211; 36 km &#8211; Bivak\">L&#8217;Aventure in 2 dagen &#8211; 36 km &#8211; Bivak<\/a><\/h3>\n\t\t\t\t\t                        \n                    <div class=\"fusion-clearfix\"><\/div>\n\t\t\t\t<\/article>\n\t\t\t\t\t\t\t\t<article id=\"post-2279\" class=\"fusion-post-grid post-2279 \">\n                    <a href=\"https:\/\/www.canoe-ardeche.com\/nl\/de-kanotochten\/pack-eau-vive-1-7-24-km\/\" title=\"Pack Eau Vive 1 &#8211; 7 + 24 km\"><div class=\"fusion-image-element\"><img class=\"lazyload\" decoding=\"async\" src=\"data:image\/svg+xml,%3Csvg%20xmlns%3D%27http%3A%2F%2Fwww.w3.org%2F2000%2Fsvg%27%20width%3D%27400%27%20height%3D%27267%27%20viewBox%3D%270%200%20400%20267%27%3E%3Crect%20width%3D%27400%27%20height%3D%27267%27%20fill-opacity%3D%220%22%2F%3E%3C%2Fsvg%3E\" data-orig-src=\"https:\/\/www.canoe-ardeche.com\/wp-content\/uploads\/descente-15-400x267.jpg\" alt=\"\" title=\"\" \/><\/div><\/a>                                                 \n                    <h3 class=\"title-extrait\"><a href=\"https:\/\/www.canoe-ardeche.com\/nl\/de-kanotochten\/pack-eau-vive-1-7-24-km\/\" title=\"Pack Eau Vive 1 &#8211; 7 + 24 km\">Pack Eau Vive 1 &#8211; 7 + 24 km<\/a><\/h3>\n\t\t\t\t\t                        \n                    <div class=\"fusion-clearfix\"><\/div>\n\t\t\t\t<\/article>\n\t\t\t\t\t\t\t\t<article id=\"post-2303\" class=\"fusion-post-grid post-2303 \">\n                    <a href=\"https:\/\/www.canoe-ardeche.com\/nl\/de-kanotochten\/pack-eau-vive-2-12-24-km\/\" title=\"Pack Eau Vive 2 &#8211; 12 + 24 km\"><div class=\"fusion-image-element\"><img class=\"lazyload\" decoding=\"async\" src=\"data:image\/svg+xml,%3Csvg%20xmlns%3D%27http%3A%2F%2Fwww.w3.org%2F2000%2Fsvg%27%20width%3D%27400%27%20height%3D%27267%27%20viewBox%3D%270%200%20400%20267%27%3E%3Crect%20width%3D%27400%27%20height%3D%27267%27%20fill-opacity%3D%220%22%2F%3E%3C%2Fsvg%3E\" data-orig-src=\"https:\/\/www.canoe-ardeche.com\/wp-content\/uploads\/descente-17-400x267.jpg\" alt=\"\" title=\"Descente en cano\u00eb de l'Ard\u00e8che\" \/><\/div><\/a>                                                 \n                    <h3 class=\"title-extrait\"><a href=\"https:\/\/www.canoe-ardeche.com\/nl\/de-kanotochten\/pack-eau-vive-2-12-24-km\/\" title=\"Pack Eau Vive 2 &#8211; 12 + 24 km\">Pack Eau Vive 2 &#8211; 12 + 24 km<\/a><\/h3>\n\t\t\t\t\t                        \n                    <div class=\"fusion-clearfix\"><\/div>\n\t\t\t\t<\/article>\n\t\t\t\t        <\/div>\n\t\t<\/div><\/div><\/div><\/div><\/p>\n","protected":false},"excerpt":{"rendered":"<div class=\"extrait-liste\">De 7 km lange Mini Afdaling met instructeur is een andere manier om deze legendarische kano-afdaling in de Ard\u00e8che te ontdekken. Onze ervaren gidsen zullen hun liefde voor kano\u00ebn en onze prachtige rivier de Ard\u00e8che met u delen, terwijl ze uw veiligheid garanderen. De enige afdaling toegankelijk voor kinderen vanaf 4 \u00bd jaar op de Ard\u00e8che, deze kano-afdaling is de oplossing voor gezinnen met jonge kinderen. De begeleide afdaling van 7 km is de onvergetelijke ervaring van uw familievakantie met jonge kinderen.<br \/>\n<span class=\"nd\"><i class=\"fa-star fas\" data-name=\"star\" aria-hidden=\"true\"><\/i>Stroomversnelling Charlemagne<\/span><br \/>\n<span class=\"nd\"><i class=\"fa-star fas\" data-name=\"star\" aria-hidden=\"true\"><\/i>Pont d\u2019Arc<\/span><\/div>\n","protected":false},"author":1,"featured_media":4431,"parent":2084,"menu_order":30,"comment_status":"closed","ping_status":"closed","template":"100-width.php","meta":{"footnotes":""},"class_list":["post-2278","page","type-page","status-publish","has-post-thumbnail","hentry"],"_links":{"self":[{"href":"https:\/\/www.canoe-ardeche.com\/nl\/wp-json\/wp\/v2\/pages\/2278","targetHints":{"allow":["GET"]}}],"collection":[{"href":"https:\/\/www.canoe-ardeche.com\/nl\/wp-json\/wp\/v2\/pages"}],"about":[{"href":"https:\/\/www.canoe-ardeche.com\/nl\/wp-json\/wp\/v2\/types\/page"}],"author":[{"embeddable":true,"href":"https:\/\/www.canoe-ardeche.com\/nl\/wp-json\/wp\/v2\/users\/1"}],"replies":[{"embeddable":true,"href":"https:\/\/www.canoe-ardeche.com\/nl\/wp-json\/wp\/v2\/comments?post=2278"}],"version-history":[{"count":10,"href":"https:\/\/www.canoe-ardeche.com\/nl\/wp-json\/wp\/v2\/pages\/2278\/revisions"}],"predecessor-version":[{"id":4725,"href":"https:\/\/www.canoe-ardeche.com\/nl\/wp-json\/wp\/v2\/pages\/2278\/revisions\/4725"}],"up":[{"embeddable":true,"href":"https:\/\/www.canoe-ardeche.com\/nl\/wp-json\/wp\/v2\/pages\/2084"}],"wp:featuredmedia":[{"embeddable":true,"href":"https:\/\/www.canoe-ardeche.com\/nl\/wp-json\/wp\/v2\/media\/4431"}],"wp:attachment":[{"href":"https:\/\/www.canoe-ardeche.com\/nl\/wp-json\/wp\/v2\/media?parent=2278"}],"curies":[{"name":"wp","href":"https:\/\/api.w.org\/{rel}","templated":true}]}}